{"id":12199,"date":"2018-12-05T12:44:22","date_gmt":"2018-12-05T12:44:22","guid":{"rendered":"https:\/\/www.architecture.bf\/startseite\/"},"modified":"2023-01-26T12:24:46","modified_gmt":"2023-01-26T12:24:46","slug":"startseite","status":"publish","type":"page","link":"https:\/\/www.architecture.bf\/de\/","title":{"rendered":"Startseite"},"content":{"rendered":"\t\t<div data-elementor-type=\"wp-page\" data-elementor-id=\"12199\" class=\"elementor elementor-12199 elementor-25\" data-elementor-post-type=\"page\">\n\t\t\t\t\t\t<section class=\"elementor-section elementor-top-section elementor-element elementor-element-338d00cc mkdf-elementor-row-grid-section elementor-section-boxed elementor-section-height-default elementor-section-height-default mkdf-parallax-row-no mkdf-content-aligment-left mkdf-disabled-bg-image-bellow-no mkdf-row-btt-light\" data-id=\"338d00cc\" data-element_type=\"section\" data-e-type=\"section\">\n\t\t\t\t\t\t<div class=\"elementor-container elementor-column-gap-default\">\n\t\t\t\t\t<div class=\"elementor-column elementor-col-100 elementor-top-column elementor-element elementor-element-d5acc66\" data-id=\"d5acc66\" data-element_type=\"column\" data-e-type=\"column\">\n\t\t\t<div class=\"elementor-widget-wrap elementor-element-populated\">\n\t\t\t\t<div class=\"mkdf-elementor-row mkdf-row-with-bg-pattern\" style=\"\">\t\t<section class=\"elementor-section elementor-inner-section elementor-element elementor-element-584e799b elementor-section-full_width elementor-section-height-default elementor-section-height-default mkdf-parallax-row-no mkdf-content-aligment-left mkdf-elementor-row-grid-no mkdf-disabled-bg-image-bellow-no mkdf-row-btt-light\" data-id=\"584e799b\" data-element_type=\"section\" data-e-type=\"section\">\n\t\t\t\t\t\t<div class=\"elementor-container elementor-column-gap-default\">\n\t\t\t\t\t<div class=\"elementor-column elementor-col-50 elementor-inner-column elementor-element elementor-element-6cd90b69\" data-id=\"6cd90b69\" data-element_type=\"column\" data-e-type=\"column\">\n\t\t\t<div class=\"elementor-widget-wrap elementor-element-populated\">\n\t\t\t\t\t\t<div class=\"elementor-element elementor-element-78dbe8ab mkdf-appearing-section mkdf-eh-item-project elementor-widget elementor-widget-image\" data-id=\"78dbe8ab\" data-element_type=\"widget\" data-e-type=\"widget\" data-widget_type=\"image.default\">\n\t\t\t\t<div class=\"elementor-widget-container\">\n\t\t\t\t\t\t\t\t\t\t\t\t\t\t\t<img fetchpriority=\"high\" decoding=\"async\" width=\"1024\" height=\"683\" src=\"https:\/\/www.architecture.bf\/wp-content\/uploads\/PHOTOS-457-1024x683.jpg\" class=\"attachment-large size-large wp-image-11987\" alt=\"\" srcset=\"https:\/\/www.architecture.bf\/wp-content\/uploads\/PHOTOS-457-1024x683.jpg 1024w, https:\/\/www.architecture.bf\/wp-content\/uploads\/PHOTOS-457-300x200.jpg 300w, https:\/\/www.architecture.bf\/wp-content\/uploads\/PHOTOS-457-150x100.jpg 150w, https:\/\/www.architecture.bf\/wp-content\/uploads\/PHOTOS-457-768x512.jpg 768w, https:\/\/www.architecture.bf\/wp-content\/uploads\/PHOTOS-457-1536x1024.jpg 1536w\" sizes=\"(max-width: 1024px) 100vw, 1024px\" \/>\t\t\t\t\t\t\t\t\t\t\t\t\t\t\t<\/div>\n\t\t\t\t<\/div>\n\t\t\t\t\t<\/div>\n\t\t<\/div>\n\t\t\t\t<div class=\"elementor-column elementor-col-50 elementor-inner-column elementor-element elementor-element-68cc1502\" data-id=\"68cc1502\" data-element_type=\"column\" data-e-type=\"column\">\n\t\t\t<div class=\"elementor-widget-wrap elementor-element-populated\">\n\t\t\t\t\t\t<div class=\"elementor-element elementor-element-3528709 elementor-widget elementor-widget-mkdf_section_title\" data-id=\"3528709\" data-element_type=\"widget\" data-e-type=\"widget\" data-widget_type=\"mkdf_section_title.default\">\n\t\t\t\t<div class=\"elementor-widget-container\">\n\t\t\t\t\t<div class=\"mkdf-section-title-holder  mkdf-st-standard   \" >\n\t<div class=\"mkdf-st-inner\">\n                    <h6 class=\"mkdf-st-intro-title\" style=\"color: #D48B28\">\n                UNSERE GESCHICHTE KENNEN             <\/h6>\n        \t\t\t\t\t<h2 class=\"mkdf-st-title\" style=\"color: #7A271E\">\n\t\t\t\tWer sind wir ?\t\t\t<\/h2>\n\t\t\t\t\t\t\t<p class=\"mkdf-st-text\" style=\"color: #7A271E;margin-top: 20px\">\n\t\t\t\tWir sind ein Architekturb\u00fcro, das seit \u00fcber drei\u00dfig Jahren alle leistungsphasen der Bauausf\u00fchrung durchf\u00fchrt. Wir stellen Ihnen unser Fachwissen zur Verf\u00fcgung, unabh\u00e4ngig von der Gr\u00f6\u00dfe Ihres Projekts.\t\t\t<\/p>\n\t\t\t<\/div>\n<\/div>\t\t\t\t<\/div>\n\t\t\t\t<\/div>\n\t\t\t\t<div class=\"elementor-element elementor-element-f65e35a elementor-widget elementor-widget-mkdf_button\" data-id=\"f65e35a\" data-element_type=\"widget\" data-e-type=\"widget\" data-widget_type=\"mkdf_button.default\">\n\t\t\t\t<div class=\"elementor-widget-container\">\n\t\t\t\t\t<a itemprop=\"url\" href=\"\/de\/ueber\/\" target=\"_self\"  class=\"mkdf-btn mkdf-btn-medium mkdf-btn-solid\"  >\n    <span class=\"mkdf-btn-text\">Mehr erfahren<\/span>\n    <\/a>\t\t\t\t<\/div>\n\t\t\t\t<\/div>\n\t\t\t\t\t<\/div>\n\t\t<\/div>\n\t\t\t\t\t<\/div>\n\t\t<\/section>\n\t\t<div class=\"mkdf-row-background-pattern-holder\"><div class=\"mkdf-row-background-pattern-left\"><\/div><div class=\"mkdf-row-background-pattern-right\"><\/div><\/div><\/div>\t\t\t<\/div>\n\t\t<\/div>\n\t\t\t\t\t<\/div>\n\t\t<\/section>\n\t\t\t\t<section class=\"elementor-section elementor-top-section elementor-element elementor-element-f069698 elementor-section-full_width elementor-section-height-default elementor-section-height-default mkdf-parallax-row-no mkdf-content-aligment-left mkdf-elementor-row-grid-no mkdf-disabled-bg-image-bellow-no mkdf-row-btt-light\" data-id=\"f069698\" data-element_type=\"section\" data-e-type=\"section\" data-settings=\"{&quot;background_background&quot;:&quot;classic&quot;}\">\n\t\t\t\t\t\t<div class=\"elementor-container elementor-column-gap-default\">\n\t\t\t\t\t<div class=\"elementor-column elementor-col-100 elementor-top-column elementor-element elementor-element-3603d01\" data-id=\"3603d01\" data-element_type=\"column\" data-e-type=\"column\">\n\t\t\t<div class=\"elementor-widget-wrap elementor-element-populated\">\n\t\t\t\t<div class=\"mkdf-elementor-row\" style=\"\">\t\t<section class=\"elementor-section elementor-inner-section elementor-element elementor-element-0896a5a mkdf-elementor-row-grid-section elementor-section-boxed elementor-section-height-default elementor-section-height-default mkdf-parallax-row-no mkdf-content-aligment-left mkdf-disabled-bg-image-bellow-no mkdf-row-btt-light\" data-id=\"0896a5a\" data-element_type=\"section\" data-e-type=\"section\">\n\t\t\t\t\t\t<div class=\"elementor-container elementor-column-gap-default\">\n\t\t\t\t\t<div class=\"elementor-column elementor-col-100 elementor-inner-column elementor-element elementor-element-d839f1d\" data-id=\"d839f1d\" data-element_type=\"column\" data-e-type=\"column\">\n\t\t\t<div class=\"elementor-widget-wrap elementor-element-populated\">\n\t\t\t\t\t\t<div class=\"elementor-element elementor-element-59093ac elementor-widget elementor-widget-text-editor\" data-id=\"59093ac\" data-element_type=\"widget\" data-e-type=\"widget\" data-widget_type=\"text-editor.default\">\n\t\t\t\t<div class=\"elementor-widget-container\">\n\t\t\t\t\t\t\t\t\t<h2 style=\"color: #fff;\">Unsere Projekte<\/h2>\t\t\t\t\t\t\t\t<\/div>\n\t\t\t\t<\/div>\n\t\t\t\t\t<\/div>\n\t\t<\/div>\n\t\t\t\t\t<\/div>\n\t\t<\/section>\n\t\t<div class=\"mkdf-row-background-text-holder mkdf-row-background-text-front\"><div class=\"mkdf-row-background-text-wrapper mkdf-row-background-text-animation mkdf-row-background-text-align-left\"><div class=\"mkdf-row-background-text-wrapper-inner\" style=\"font-size:120px;color:#D48B285C;-webkit-text-stroke-color:#D48B285C;text-align:left;vertical-align:middle;padding-left:220px\" data-font-size-1440=120px data-font-size-1280=120px data-padding-left-size-1440=4.3% data-padding-left-size-1280=4.3%><div class=\"mkdf-row-background-text-1\">Unsere Projekte<\/div><\/div><\/div><\/div><\/div>\t\t\t<\/div>\n\t\t<\/div>\n\t\t\t\t\t<\/div>\n\t\t<\/section>\n\t\t\t\t<section class=\"elementor-section elementor-top-section elementor-element elementor-element-d515761 elementor-section-full_width elementor-section-height-default elementor-section-height-default mkdf-parallax-row-no mkdf-content-aligment-left mkdf-elementor-row-grid-no mkdf-disabled-bg-image-bellow-no mkdf-row-btt-light\" data-id=\"d515761\" data-element_type=\"section\" data-e-type=\"section\" data-settings=\"{&quot;background_background&quot;:&quot;classic&quot;}\">\n\t\t\t\t\t\t<div class=\"elementor-container elementor-column-gap-default\">\n\t\t\t\t\t<div class=\"elementor-column elementor-col-100 elementor-top-column elementor-element elementor-element-2f26a0c\" data-id=\"2f26a0c\" data-element_type=\"column\" data-e-type=\"column\">\n\t\t\t<div class=\"elementor-widget-wrap elementor-element-populated\">\n\t\t\t\t\t\t<div class=\"elementor-element elementor-element-d5ff5e5 elementor-widget elementor-widget-mkdf_portfolio_slider\" data-id=\"d5ff5e5\" data-element_type=\"widget\" data-e-type=\"widget\" data-widget_type=\"mkdf_portfolio_slider.default\">\n\t\t\t\t<div class=\"elementor-widget-container\">\n\t\t\t\t\t<div class=\"mkdf-portfolio-slider-holder mkdf-portfolio-slider-navigation-left-from-slider mkdf-ps-light-skin\"><div class=\"mkdf-portfolio-list-holder mkdf-grid-list mkdf-disable-bottom-space mkdf-pl-gallery mkdf-three-columns mkdf-normal-space mkdf-pl-standard-shader    mkdf-pl-pag-no-pagination      mkdf-pl-default-skin\"  data-type=gallery data-skin=default-skin data-number-of-columns= data-space-between-items=normal data-number-of-items=-1 data-image-proportions=full data-enable-fixed-proportions=no data-enable-image-shadow=no data-orderby=date data-order=ASC data-item-style=standard-shader data-enable-title=yes data-title-tag=h4 data-enable-category=yes data-enable-count-images= data-enable-excerpt=no data-excerpt-length= data-readmore=no data-pagination-type=no-pagination data-filter=no data-filter-order-by=name data-enable-article-animation=no data-portfolio-slider-on=yes data-enable-loop=yes data-enable-autoplay=yes data-enable-navigation=yes data-enable-pagination=no data-pagination-skin= data-pagination-position= data-enable-auto-width=yes data-max-num-pages=0 data-next-page=2>\n\t\t<div class=\"mkdf-pl-inner mkdf-outer-space mkdf-owl-slider mkdf-list-is-slider clearfix\">\n\t\t<article class=\"mkdf-pl-item mkdf-item-space  post-12313 portfolio-item type-portfolio-item status-publish has-post-thumbnail hentry portfolio-category-verwaltungsgebaude portfolio-tag-ouagadougou\">\n\t<div class=\"mkdf-pl-item-inner\">\n\t\t<a href=\"https:\/\/www.architecture.bf\/de\/projekt\/ppi\/\">\n<div class=\"mkdf-pli-image\">\n\t<img decoding=\"async\" width=\"2048\" height=\"1536\" src=\"https:\/\/www.architecture.bf\/wp-content\/uploads\/PIC_0023-scaled.jpg\" class=\"attachment-full size-full wp-post-image\" alt=\"\" srcset=\"https:\/\/www.architecture.bf\/wp-content\/uploads\/PIC_0023-scaled.jpg 2048w, https:\/\/www.architecture.bf\/wp-content\/uploads\/PIC_0023-300x225.jpg 300w, https:\/\/www.architecture.bf\/wp-content\/uploads\/PIC_0023-1024x768.jpg 1024w, https:\/\/www.architecture.bf\/wp-content\/uploads\/PIC_0023-150x113.jpg 150w, https:\/\/www.architecture.bf\/wp-content\/uploads\/PIC_0023-768x576.jpg 768w, https:\/\/www.architecture.bf\/wp-content\/uploads\/PIC_0023-1536x1152.jpg 1536w\" sizes=\"(max-width: 2048px) 100vw, 2048px\" \/><\/div>\n<\/a>\n<div class=\"mkdf-pli-text-holder\" >\n\t<div class=\"mkdf-pli-text-wrapper\">\n\t\t<div class=\"mkdf-pli-text\">\n\n            \t\t<h6 class=\"mkdf-pli-category-holder\">\n\t\t\t\t\t\t\t<a itemprop=\"url\" class=\"mkdf-pli-category\" href=\"https:\/\/www.architecture.bf\/de\/portfolio-category\/verwaltungsgebaude\/\">Verwaltungsgeb\u00e4ude<\/a>\n\t\t\t\t\t<\/h6>\n\t\n\t\t\t    <a href=\"https:\/\/www.architecture.bf\/de\/projekt\/ppi\/\">\n\t<h4 itemprop=\"name\" class=\"mkdf-pli-title entry-title\" >\n\t\tPPI\t<\/h4>\n    <\/a>\n\n\t\t\t\n\t\t\t\n            \n\t\t<\/div>\n\t<\/div>\n<\/div>\n\t\t<a itemprop=\"url\" class=\"mkdf-pli-link mkdf-block-drag-link\" href=\"https:\/\/www.architecture.bf\/de\/projekt\/ppi\/\" target=\"_self\"><\/a>\n\t<\/div>\n<\/article><article class=\"mkdf-pl-item mkdf-item-space  post-12320 portfolio-item type-portfolio-item status-publish has-post-thumbnail hentry portfolio-category-verwaltungsgebaude\">\n\t<div class=\"mkdf-pl-item-inner\">\n\t\t<a href=\"https:\/\/www.architecture.bf\/de\/projekt\/hauptsitz-der-crepa\/\">\n<div class=\"mkdf-pli-image\">\n\t<img decoding=\"async\" width=\"2048\" height=\"1536\" src=\"https:\/\/www.architecture.bf\/wp-content\/uploads\/IMAG0027.jpg\" class=\"attachment-full size-full wp-post-image\" alt=\"\" srcset=\"https:\/\/www.architecture.bf\/wp-content\/uploads\/IMAG0027.jpg 2048w, https:\/\/www.architecture.bf\/wp-content\/uploads\/IMAG0027-300x225.jpg 300w, https:\/\/www.architecture.bf\/wp-content\/uploads\/IMAG0027-1024x768.jpg 1024w, https:\/\/www.architecture.bf\/wp-content\/uploads\/IMAG0027-150x113.jpg 150w, https:\/\/www.architecture.bf\/wp-content\/uploads\/IMAG0027-768x576.jpg 768w, https:\/\/www.architecture.bf\/wp-content\/uploads\/IMAG0027-1536x1152.jpg 1536w\" sizes=\"(max-width: 2048px) 100vw, 2048px\" \/><\/div>\n<\/a>\n<div class=\"mkdf-pli-text-holder\" >\n\t<div class=\"mkdf-pli-text-wrapper\">\n\t\t<div class=\"mkdf-pli-text\">\n\n            \t\t<h6 class=\"mkdf-pli-category-holder\">\n\t\t\t\t\t\t\t<a itemprop=\"url\" class=\"mkdf-pli-category\" href=\"https:\/\/www.architecture.bf\/de\/portfolio-category\/verwaltungsgebaude\/\">Verwaltungsgeb\u00e4ude<\/a>\n\t\t\t\t\t<\/h6>\n\t\n\t\t\t    <a href=\"https:\/\/www.architecture.bf\/de\/projekt\/hauptsitz-der-crepa\/\">\n\t<h4 itemprop=\"name\" class=\"mkdf-pli-title entry-title\" >\n\t\tHauptsitz der CREPA\t<\/h4>\n    <\/a>\n\n\t\t\t\n\t\t\t\n            \n\t\t<\/div>\n\t<\/div>\n<\/div>\n\t\t<a itemprop=\"url\" class=\"mkdf-pli-link mkdf-block-drag-link\" href=\"https:\/\/www.architecture.bf\/de\/projekt\/hauptsitz-der-crepa\/\" target=\"_self\"><\/a>\n\t<\/div>\n<\/article><article class=\"mkdf-pl-item mkdf-item-space  post-12183 portfolio-item type-portfolio-item status-publish has-post-thumbnail hentry portfolio-category-verwaltungsgebaude\">\n\t<div class=\"mkdf-pl-item-inner\">\n\t\t<a href=\"https:\/\/www.architecture.bf\/de\/projekt\/amvs\/\">\n<div class=\"mkdf-pli-image\">\n\t<img loading=\"lazy\" decoding=\"async\" width=\"1352\" height=\"990\" src=\"https:\/\/www.architecture.bf\/wp-content\/uploads\/facade1entree-principale.jpg\" class=\"attachment-full size-full wp-post-image\" alt=\"\" srcset=\"https:\/\/www.architecture.bf\/wp-content\/uploads\/facade1entree-principale.jpg 1352w, https:\/\/www.architecture.bf\/wp-content\/uploads\/facade1entree-principale-300x220.jpg 300w, https:\/\/www.architecture.bf\/wp-content\/uploads\/facade1entree-principale-1024x750.jpg 1024w, https:\/\/www.architecture.bf\/wp-content\/uploads\/facade1entree-principale-150x110.jpg 150w, https:\/\/www.architecture.bf\/wp-content\/uploads\/facade1entree-principale-768x562.jpg 768w\" sizes=\"(max-width: 1352px) 100vw, 1352px\" \/><\/div>\n<\/a>\n<div class=\"mkdf-pli-text-holder\" >\n\t<div class=\"mkdf-pli-text-wrapper\">\n\t\t<div class=\"mkdf-pli-text\">\n\n            \t\t<h6 class=\"mkdf-pli-category-holder\">\n\t\t\t\t\t\t\t<a itemprop=\"url\" class=\"mkdf-pli-category\" href=\"https:\/\/www.architecture.bf\/de\/portfolio-category\/verwaltungsgebaude\/\">Verwaltungsgeb\u00e4ude<\/a>\n\t\t\t\t\t<\/h6>\n\t\n\t\t\t    <a href=\"https:\/\/www.architecture.bf\/de\/projekt\/amvs\/\">\n\t<h4 itemprop=\"name\" class=\"mkdf-pli-title entry-title\" >\n\t\tAMVS\t<\/h4>\n    <\/a>\n\n\t\t\t\n\t\t\t\n            \n\t\t<\/div>\n\t<\/div>\n<\/div>\n\t\t<a itemprop=\"url\" class=\"mkdf-pli-link mkdf-block-drag-link\" href=\"https:\/\/www.architecture.bf\/de\/projekt\/amvs\/\" target=\"_self\"><\/a>\n\t<\/div>\n<\/article><article class=\"mkdf-pl-item mkdf-item-space  post-12308 portfolio-item type-portfolio-item status-publish has-post-thumbnail hentry portfolio-category-verwaltungsgebaude portfolio-tag-ouagadougou\">\n\t<div class=\"mkdf-pl-item-inner\">\n\t\t<a href=\"https:\/\/www.architecture.bf\/de\/projekt\/sprachlabor\/\">\n<div class=\"mkdf-pli-image\">\n\t<img loading=\"lazy\" decoding=\"async\" width=\"2048\" height=\"1536\" src=\"https:\/\/www.architecture.bf\/wp-content\/uploads\/PIC_0064-scaled.jpg\" class=\"attachment-full size-full wp-post-image\" alt=\"\" srcset=\"https:\/\/www.architecture.bf\/wp-content\/uploads\/PIC_0064-scaled.jpg 2048w, https:\/\/www.architecture.bf\/wp-content\/uploads\/PIC_0064-300x225.jpg 300w, https:\/\/www.architecture.bf\/wp-content\/uploads\/PIC_0064-1024x768.jpg 1024w, https:\/\/www.architecture.bf\/wp-content\/uploads\/PIC_0064-150x113.jpg 150w, https:\/\/www.architecture.bf\/wp-content\/uploads\/PIC_0064-768x576.jpg 768w, https:\/\/www.architecture.bf\/wp-content\/uploads\/PIC_0064-1536x1152.jpg 1536w\" sizes=\"(max-width: 2048px) 100vw, 2048px\" \/><\/div>\n<\/a>\n<div class=\"mkdf-pli-text-holder\" >\n\t<div class=\"mkdf-pli-text-wrapper\">\n\t\t<div class=\"mkdf-pli-text\">\n\n            \t\t<h6 class=\"mkdf-pli-category-holder\">\n\t\t\t\t\t\t\t<a itemprop=\"url\" class=\"mkdf-pli-category\" href=\"https:\/\/www.architecture.bf\/de\/portfolio-category\/verwaltungsgebaude\/\">Verwaltungsgeb\u00e4ude<\/a>\n\t\t\t\t\t<\/h6>\n\t\n\t\t\t    <a href=\"https:\/\/www.architecture.bf\/de\/projekt\/sprachlabor\/\">\n\t<h4 itemprop=\"name\" class=\"mkdf-pli-title entry-title\" >\n\t\tSprachlabor\t<\/h4>\n    <\/a>\n\n\t\t\t\n\t\t\t\n            \n\t\t<\/div>\n\t<\/div>\n<\/div>\n\t\t<a itemprop=\"url\" class=\"mkdf-pli-link mkdf-block-drag-link\" href=\"https:\/\/www.architecture.bf\/de\/projekt\/sprachlabor\/\" target=\"_self\"><\/a>\n\t<\/div>\n<\/article><article class=\"mkdf-pl-item mkdf-item-space  post-12295 portfolio-item type-portfolio-item status-publish has-post-thumbnail hentry portfolio-category-forschungszentrum portfolio-tag-dano\">\n\t<div class=\"mkdf-pl-item-inner\">\n\t\t<a href=\"https:\/\/www.architecture.bf\/de\/projekt\/dreyer-stiftung-zentrum-fuer-forschung-und-wissenschaftliche-fortbildung\/\">\n<div class=\"mkdf-pli-image\">\n\t<img loading=\"lazy\" decoding=\"async\" width=\"1333\" height=\"2000\" src=\"https:\/\/www.architecture.bf\/wp-content\/uploads\/Centre-18.jpg\" class=\"attachment-full size-full wp-post-image\" alt=\"\" srcset=\"https:\/\/www.architecture.bf\/wp-content\/uploads\/Centre-18.jpg 1333w, https:\/\/www.architecture.bf\/wp-content\/uploads\/Centre-18-200x300.jpg 200w, https:\/\/www.architecture.bf\/wp-content\/uploads\/Centre-18-682x1024.jpg 682w, https:\/\/www.architecture.bf\/wp-content\/uploads\/Centre-18-100x150.jpg 100w, https:\/\/www.architecture.bf\/wp-content\/uploads\/Centre-18-768x1152.jpg 768w, https:\/\/www.architecture.bf\/wp-content\/uploads\/Centre-18-1024x1536.jpg 1024w\" sizes=\"(max-width: 1333px) 100vw, 1333px\" \/><\/div>\n<\/a>\n<div class=\"mkdf-pli-text-holder\" >\n\t<div class=\"mkdf-pli-text-wrapper\">\n\t\t<div class=\"mkdf-pli-text\">\n\n            \t\t<h6 class=\"mkdf-pli-category-holder\">\n\t\t\t\t\t\t\t<a itemprop=\"url\" class=\"mkdf-pli-category\" href=\"https:\/\/www.architecture.bf\/de\/portfolio-category\/forschungszentrum\/\">Forschungszentrum<\/a>\n\t\t\t\t\t<\/h6>\n\t\n\t\t\t    <a href=\"https:\/\/www.architecture.bf\/de\/projekt\/dreyer-stiftung-zentrum-fuer-forschung-und-wissenschaftliche-fortbildung\/\">\n\t<h4 itemprop=\"name\" class=\"mkdf-pli-title entry-title\" >\n\t\tDreyer Stiftung \u2013 Zentrum f\u00fcr Forschung und wissenschaftliche Fortbildung\t<\/h4>\n    <\/a>\n\n\t\t\t\n\t\t\t\n            \n\t\t<\/div>\n\t<\/div>\n<\/div>\n\t\t<a itemprop=\"url\" class=\"mkdf-pli-link mkdf-block-drag-link\" href=\"https:\/\/www.architecture.bf\/de\/projekt\/dreyer-stiftung-zentrum-fuer-forschung-und-wissenschaftliche-fortbildung\/\" target=\"_self\"><\/a>\n\t<\/div>\n<\/article><article class=\"mkdf-pl-item mkdf-item-space  post-12175 portfolio-item type-portfolio-item status-publish has-post-thumbnail hentry portfolio-category-bildung\">\n\t<div class=\"mkdf-pl-item-inner\">\n\t\t<a href=\"https:\/\/www.architecture.bf\/de\/projekt\/2ie\/\">\n<div class=\"mkdf-pli-image\">\n\t<img loading=\"lazy\" decoding=\"async\" width=\"1600\" height=\"1200\" src=\"https:\/\/www.architecture.bf\/wp-content\/uploads\/site-de-kamboinsin-049.jpg\" class=\"attachment-full size-full wp-post-image\" alt=\"\" srcset=\"https:\/\/www.architecture.bf\/wp-content\/uploads\/site-de-kamboinsin-049.jpg 1600w, https:\/\/www.architecture.bf\/wp-content\/uploads\/site-de-kamboinsin-049-300x225.jpg 300w, https:\/\/www.architecture.bf\/wp-content\/uploads\/site-de-kamboinsin-049-1024x768.jpg 1024w, https:\/\/www.architecture.bf\/wp-content\/uploads\/site-de-kamboinsin-049-150x113.jpg 150w, https:\/\/www.architecture.bf\/wp-content\/uploads\/site-de-kamboinsin-049-768x576.jpg 768w, https:\/\/www.architecture.bf\/wp-content\/uploads\/site-de-kamboinsin-049-1536x1152.jpg 1536w\" sizes=\"(max-width: 1600px) 100vw, 1600px\" \/><\/div>\n<\/a>\n<div class=\"mkdf-pli-text-holder\" >\n\t<div class=\"mkdf-pli-text-wrapper\">\n\t\t<div class=\"mkdf-pli-text\">\n\n            \t\t<h6 class=\"mkdf-pli-category-holder\">\n\t\t\t\t\t\t\t<a itemprop=\"url\" class=\"mkdf-pli-category\" href=\"https:\/\/www.architecture.bf\/de\/portfolio-category\/bildung\/\">Bildung<\/a>\n\t\t\t\t\t<\/h6>\n\t\n\t\t\t    <a href=\"https:\/\/www.architecture.bf\/de\/projekt\/2ie\/\">\n\t<h4 itemprop=\"name\" class=\"mkdf-pli-title entry-title\" >\n\t\t2ie\t<\/h4>\n    <\/a>\n\n\t\t\t\n\t\t\t\n            \n\t\t<\/div>\n\t<\/div>\n<\/div>\n\t\t<a itemprop=\"url\" class=\"mkdf-pli-link mkdf-block-drag-link\" href=\"https:\/\/www.architecture.bf\/de\/projekt\/2ie\/\" target=\"_self\"><\/a>\n\t<\/div>\n<\/article><article class=\"mkdf-pl-item mkdf-item-space  post-12297 portfolio-item type-portfolio-item status-publish has-post-thumbnail hentry portfolio-category-bildung portfolio-tag-dano\">\n\t<div class=\"mkdf-pl-item-inner\">\n\t\t<a href=\"https:\/\/www.architecture.bf\/de\/projekt\/dreyer-stiftung-regina-schuh-kindergarten\/\">\n<div class=\"mkdf-pli-image\">\n\t<img loading=\"lazy\" decoding=\"async\" width=\"2000\" height=\"1333\" src=\"https:\/\/www.architecture.bf\/wp-content\/uploads\/IMG_1563.jpg\" class=\"attachment-full size-full wp-post-image\" alt=\"\" srcset=\"https:\/\/www.architecture.bf\/wp-content\/uploads\/IMG_1563.jpg 2000w, https:\/\/www.architecture.bf\/wp-content\/uploads\/IMG_1563-300x200.jpg 300w, https:\/\/www.architecture.bf\/wp-content\/uploads\/IMG_1563-1024x682.jpg 1024w, https:\/\/www.architecture.bf\/wp-content\/uploads\/IMG_1563-150x100.jpg 150w, https:\/\/www.architecture.bf\/wp-content\/uploads\/IMG_1563-768x512.jpg 768w, https:\/\/www.architecture.bf\/wp-content\/uploads\/IMG_1563-1536x1024.jpg 1536w\" sizes=\"(max-width: 2000px) 100vw, 2000px\" \/><\/div>\n<\/a>\n<div class=\"mkdf-pli-text-holder\" >\n\t<div class=\"mkdf-pli-text-wrapper\">\n\t\t<div class=\"mkdf-pli-text\">\n\n            \t\t<h6 class=\"mkdf-pli-category-holder\">\n\t\t\t\t\t\t\t<a itemprop=\"url\" class=\"mkdf-pli-category\" href=\"https:\/\/www.architecture.bf\/de\/portfolio-category\/bildung\/\">Bildung<\/a>\n\t\t\t\t\t<\/h6>\n\t\n\t\t\t    <a href=\"https:\/\/www.architecture.bf\/de\/projekt\/dreyer-stiftung-regina-schuh-kindergarten\/\">\n\t<h4 itemprop=\"name\" class=\"mkdf-pli-title entry-title\" >\n\t\tDreyer-Stiftung \u2013 Regina-Schuh-Kindergarten\t<\/h4>\n    <\/a>\n\n\t\t\t\n\t\t\t\n            \n\t\t<\/div>\n\t<\/div>\n<\/div>\n\t\t<a itemprop=\"url\" class=\"mkdf-pli-link mkdf-block-drag-link\" href=\"https:\/\/www.architecture.bf\/de\/projekt\/dreyer-stiftung-regina-schuh-kindergarten\/\" target=\"_self\"><\/a>\n\t<\/div>\n<\/article><article class=\"mkdf-pl-item mkdf-item-space  post-12298 portfolio-item type-portfolio-item status-publish has-post-thumbnail hentry portfolio-category-fabriken portfolio-category-forschungszentrum portfolio-tag-dano\">\n\t<div class=\"mkdf-pl-item-inner\">\n\t\t<a href=\"https:\/\/www.architecture.bf\/de\/projekt\/dreyer-foundation-reisverarbeitungsanlage-in-dano\/\">\n<div class=\"mkdf-pli-image\">\n\t<img loading=\"lazy\" decoding=\"async\" width=\"2048\" height=\"1536\" src=\"https:\/\/www.architecture.bf\/wp-content\/uploads\/20180105_110038-scaled.jpg\" class=\"attachment-full size-full wp-post-image\" alt=\"\" srcset=\"https:\/\/www.architecture.bf\/wp-content\/uploads\/20180105_110038-scaled.jpg 2048w, https:\/\/www.architecture.bf\/wp-content\/uploads\/20180105_110038-300x225.jpg 300w, https:\/\/www.architecture.bf\/wp-content\/uploads\/20180105_110038-1024x768.jpg 1024w, https:\/\/www.architecture.bf\/wp-content\/uploads\/20180105_110038-150x113.jpg 150w, https:\/\/www.architecture.bf\/wp-content\/uploads\/20180105_110038-768x576.jpg 768w, https:\/\/www.architecture.bf\/wp-content\/uploads\/20180105_110038-1536x1152.jpg 1536w\" sizes=\"(max-width: 2048px) 100vw, 2048px\" \/><\/div>\n<\/a>\n<div class=\"mkdf-pli-text-holder\" >\n\t<div class=\"mkdf-pli-text-wrapper\">\n\t\t<div class=\"mkdf-pli-text\">\n\n            \t\t<h6 class=\"mkdf-pli-category-holder\">\n\t\t\t\t\t\t\t<a itemprop=\"url\" class=\"mkdf-pli-category\" href=\"https:\/\/www.architecture.bf\/de\/portfolio-category\/fabriken\/\">Fabriken<\/a>\n\t\t\t\t\t\t\t<a itemprop=\"url\" class=\"mkdf-pli-category\" href=\"https:\/\/www.architecture.bf\/de\/portfolio-category\/forschungszentrum\/\">Forschungszentrum<\/a>\n\t\t\t\t\t<\/h6>\n\t\n\t\t\t    <a href=\"https:\/\/www.architecture.bf\/de\/projekt\/dreyer-foundation-reisverarbeitungsanlage-in-dano\/\">\n\t<h4 itemprop=\"name\" class=\"mkdf-pli-title entry-title\" >\n\t\tDreyer Foundation \u2013 Reisverarbeitungsanlage in Dano\t<\/h4>\n    <\/a>\n\n\t\t\t\n\t\t\t\n            \n\t\t<\/div>\n\t<\/div>\n<\/div>\n\t\t<a itemprop=\"url\" class=\"mkdf-pli-link mkdf-block-drag-link\" href=\"https:\/\/www.architecture.bf\/de\/projekt\/dreyer-foundation-reisverarbeitungsanlage-in-dano\/\" target=\"_self\"><\/a>\n\t<\/div>\n<\/article><article class=\"mkdf-pl-item mkdf-item-space  post-12315 portfolio-item type-portfolio-item status-publish has-post-thumbnail hentry portfolio-category-hochgebaeude portfolio-tag-ouaga-2000\">\n\t<div class=\"mkdf-pl-item-inner\">\n\t\t<a href=\"https:\/\/www.architecture.bf\/de\/projekt\/privat-2\/\">\n<div class=\"mkdf-pli-image\">\n\t<img loading=\"lazy\" decoding=\"async\" width=\"2048\" height=\"1651\" src=\"https:\/\/www.architecture.bf\/wp-content\/uploads\/View-13-1-scaled.jpg\" class=\"attachment-full size-full wp-post-image\" alt=\"\" srcset=\"https:\/\/www.architecture.bf\/wp-content\/uploads\/View-13-1-scaled.jpg 2048w, https:\/\/www.architecture.bf\/wp-content\/uploads\/View-13-1-300x242.jpg 300w, https:\/\/www.architecture.bf\/wp-content\/uploads\/View-13-1-1024x826.jpg 1024w, https:\/\/www.architecture.bf\/wp-content\/uploads\/View-13-1-150x121.jpg 150w, https:\/\/www.architecture.bf\/wp-content\/uploads\/View-13-1-768x619.jpg 768w, https:\/\/www.architecture.bf\/wp-content\/uploads\/View-13-1-1536x1239.jpg 1536w\" sizes=\"(max-width: 2048px) 100vw, 2048px\" \/><\/div>\n<\/a>\n<div class=\"mkdf-pli-text-holder\" >\n\t<div class=\"mkdf-pli-text-wrapper\">\n\t\t<div class=\"mkdf-pli-text\">\n\n            \t\t<h6 class=\"mkdf-pli-category-holder\">\n\t\t\t\t\t\t\t<a itemprop=\"url\" class=\"mkdf-pli-category\" href=\"https:\/\/www.architecture.bf\/de\/portfolio-category\/hochgebaeude\/\">Hochgeb\u00e4ude<\/a>\n\t\t\t\t\t<\/h6>\n\t\n\t\t\t    <a href=\"https:\/\/www.architecture.bf\/de\/projekt\/privat-2\/\">\n\t<h4 itemprop=\"name\" class=\"mkdf-pli-title entry-title\" >\n\t\tPrivat\t<\/h4>\n    <\/a>\n\n\t\t\t\n\t\t\t\n            \n\t\t<\/div>\n\t<\/div>\n<\/div>\n\t\t<a itemprop=\"url\" class=\"mkdf-pli-link mkdf-block-drag-link\" href=\"https:\/\/www.architecture.bf\/de\/projekt\/privat-2\/\" target=\"_self\"><\/a>\n\t<\/div>\n<\/article><article class=\"mkdf-pl-item mkdf-item-space  post-12299 portfolio-item type-portfolio-item status-publish has-post-thumbnail hentry portfolio-category-sanierung portfolio-tag-matourkou-bobo\">\n\t<div class=\"mkdf-pl-item-inner\">\n\t\t<a href=\"https:\/\/www.architecture.bf\/de\/projekt\/buerohangar-im-auftrag-des-green-innovation-center\/\">\n<div class=\"mkdf-pli-image\">\n\t<img loading=\"lazy\" decoding=\"async\" width=\"2048\" height=\"1536\" src=\"https:\/\/www.architecture.bf\/wp-content\/uploads\/20160205_150142-scaled.jpg\" class=\"attachment-full size-full wp-post-image\" alt=\"\" srcset=\"https:\/\/www.architecture.bf\/wp-content\/uploads\/20160205_150142-scaled.jpg 2048w, https:\/\/www.architecture.bf\/wp-content\/uploads\/20160205_150142-300x225.jpg 300w, https:\/\/www.architecture.bf\/wp-content\/uploads\/20160205_150142-1024x768.jpg 1024w, https:\/\/www.architecture.bf\/wp-content\/uploads\/20160205_150142-150x113.jpg 150w, https:\/\/www.architecture.bf\/wp-content\/uploads\/20160205_150142-768x576.jpg 768w, https:\/\/www.architecture.bf\/wp-content\/uploads\/20160205_150142-1536x1152.jpg 1536w\" sizes=\"(max-width: 2048px) 100vw, 2048px\" \/><\/div>\n<\/a>\n<div class=\"mkdf-pli-text-holder\" >\n\t<div class=\"mkdf-pli-text-wrapper\">\n\t\t<div class=\"mkdf-pli-text\">\n\n            \t\t<h6 class=\"mkdf-pli-category-holder\">\n\t\t\t\t\t\t\t<a itemprop=\"url\" class=\"mkdf-pli-category\" href=\"https:\/\/www.architecture.bf\/de\/portfolio-category\/sanierung\/\">Sanierung<\/a>\n\t\t\t\t\t<\/h6>\n\t\n\t\t\t    <a href=\"https:\/\/www.architecture.bf\/de\/projekt\/buerohangar-im-auftrag-des-green-innovation-center\/\">\n\t<h4 itemprop=\"name\" class=\"mkdf-pli-title entry-title\" >\n\t\tB\u00fcrohangar im Auftrag des Green Innovation Center\t<\/h4>\n    <\/a>\n\n\t\t\t\n\t\t\t\n            \n\t\t<\/div>\n\t<\/div>\n<\/div>\n\t\t<a itemprop=\"url\" class=\"mkdf-pli-link mkdf-block-drag-link\" href=\"https:\/\/www.architecture.bf\/de\/projekt\/buerohangar-im-auftrag-des-green-innovation-center\/\" target=\"_self\"><\/a>\n\t<\/div>\n<\/article><article class=\"mkdf-pl-item mkdf-item-space  post-12303 portfolio-item type-portfolio-item status-publish has-post-thumbnail hentry portfolio-category-verwaltungsgebaude portfolio-tag-ouagadougou portfolio-tag-zaca\">\n\t<div class=\"mkdf-pl-item-inner\">\n\t\t<a href=\"https:\/\/www.architecture.bf\/de\/projekt\/verwaltungshotel-der-zentralregion-ouagadougou\/\">\n<div class=\"mkdf-pli-image\">\n\t<img loading=\"lazy\" decoding=\"async\" width=\"320\" height=\"240\" src=\"https:\/\/www.architecture.bf\/wp-content\/uploads\/Bureau-administratif-5.jpg\" class=\"attachment-full size-full wp-post-image\" alt=\"\" srcset=\"https:\/\/www.architecture.bf\/wp-content\/uploads\/Bureau-administratif-5.jpg 320w, https:\/\/www.architecture.bf\/wp-content\/uploads\/Bureau-administratif-5-300x225.jpg 300w, https:\/\/www.architecture.bf\/wp-content\/uploads\/Bureau-administratif-5-150x113.jpg 150w\" sizes=\"(max-width: 320px) 100vw, 320px\" \/><\/div>\n<\/a>\n<div class=\"mkdf-pli-text-holder\" >\n\t<div class=\"mkdf-pli-text-wrapper\">\n\t\t<div class=\"mkdf-pli-text\">\n\n            \t\t<h6 class=\"mkdf-pli-category-holder\">\n\t\t\t\t\t\t\t<a itemprop=\"url\" class=\"mkdf-pli-category\" href=\"https:\/\/www.architecture.bf\/de\/portfolio-category\/verwaltungsgebaude\/\">Verwaltungsgeb\u00e4ude<\/a>\n\t\t\t\t\t<\/h6>\n\t\n\t\t\t    <a href=\"https:\/\/www.architecture.bf\/de\/projekt\/verwaltungshotel-der-zentralregion-ouagadougou\/\">\n\t<h4 itemprop=\"name\" class=\"mkdf-pli-title entry-title\" >\n\t\tVerwaltungshotel der Zentralregion (Ouagadougou)\t<\/h4>\n    <\/a>\n\n\t\t\t\n\t\t\t\n            \n\t\t<\/div>\n\t<\/div>\n<\/div>\n\t\t<a itemprop=\"url\" class=\"mkdf-pli-link mkdf-block-drag-link\" href=\"https:\/\/www.architecture.bf\/de\/projekt\/verwaltungshotel-der-zentralregion-ouagadougou\/\" target=\"_self\"><\/a>\n\t<\/div>\n<\/article><article class=\"mkdf-pl-item mkdf-item-space  post-12325 portfolio-item type-portfolio-item status-publish has-post-thumbnail hentry portfolio-category-wohnhaeuser portfolio-tag-ouagadougou\">\n\t<div class=\"mkdf-pl-item-inner\">\n\t\t<a href=\"https:\/\/www.architecture.bf\/de\/projekt\/einfamilienhaus\/\">\n<div class=\"mkdf-pli-image\">\n\t<img loading=\"lazy\" decoding=\"async\" width=\"2048\" height=\"1148\" src=\"https:\/\/www.architecture.bf\/wp-content\/uploads\/FACADE-PRINCIPALE.3-scaled.jpg\" class=\"attachment-full size-full wp-post-image\" alt=\"\" srcset=\"https:\/\/www.architecture.bf\/wp-content\/uploads\/FACADE-PRINCIPALE.3-scaled.jpg 2048w, https:\/\/www.architecture.bf\/wp-content\/uploads\/FACADE-PRINCIPALE.3-300x168.jpg 300w, https:\/\/www.architecture.bf\/wp-content\/uploads\/FACADE-PRINCIPALE.3-1024x574.jpg 1024w, https:\/\/www.architecture.bf\/wp-content\/uploads\/FACADE-PRINCIPALE.3-150x84.jpg 150w, https:\/\/www.architecture.bf\/wp-content\/uploads\/FACADE-PRINCIPALE.3-768x430.jpg 768w, https:\/\/www.architecture.bf\/wp-content\/uploads\/FACADE-PRINCIPALE.3-1536x861.jpg 1536w\" sizes=\"(max-width: 2048px) 100vw, 2048px\" \/><\/div>\n<\/a>\n<div class=\"mkdf-pli-text-holder\" >\n\t<div class=\"mkdf-pli-text-wrapper\">\n\t\t<div class=\"mkdf-pli-text\">\n\n            \t\t<h6 class=\"mkdf-pli-category-holder\">\n\t\t\t\t\t\t\t<a itemprop=\"url\" class=\"mkdf-pli-category\" href=\"https:\/\/www.architecture.bf\/de\/portfolio-category\/wohnhaeuser\/\">Wohnh\u00e4user<\/a>\n\t\t\t\t\t<\/h6>\n\t\n\t\t\t    <a href=\"https:\/\/www.architecture.bf\/de\/projekt\/einfamilienhaus\/\">\n\t<h4 itemprop=\"name\" class=\"mkdf-pli-title entry-title\" >\n\t\tEinfamilienhaus\t<\/h4>\n    <\/a>\n\n\t\t\t\n\t\t\t\n            \n\t\t<\/div>\n\t<\/div>\n<\/div>\n\t\t<a itemprop=\"url\" class=\"mkdf-pli-link mkdf-block-drag-link\" href=\"https:\/\/www.architecture.bf\/de\/projekt\/einfamilienhaus\/\" target=\"_self\"><\/a>\n\t<\/div>\n<\/article><article class=\"mkdf-pl-item mkdf-item-space  post-12296 portfolio-item type-portfolio-item status-publish has-post-thumbnail hentry portfolio-category-fabriken portfolio-category-forschungszentrum portfolio-tag-dano\">\n\t<div class=\"mkdf-pl-item-inner\">\n\t\t<a href=\"https:\/\/www.architecture.bf\/de\/projekt\/dreyer-foundation-batterieraum-fuer-die-reisverarbeitungsanlage\/\">\n<div class=\"mkdf-pli-image\">\n\t<img loading=\"lazy\" decoding=\"async\" width=\"2048\" height=\"1536\" src=\"https:\/\/www.architecture.bf\/wp-content\/uploads\/IMG_3397-scaled.jpg\" class=\"attachment-full size-full wp-post-image\" alt=\"\" srcset=\"https:\/\/www.architecture.bf\/wp-content\/uploads\/IMG_3397-scaled.jpg 2048w, https:\/\/www.architecture.bf\/wp-content\/uploads\/IMG_3397-300x225.jpg 300w, https:\/\/www.architecture.bf\/wp-content\/uploads\/IMG_3397-1024x768.jpg 1024w, https:\/\/www.architecture.bf\/wp-content\/uploads\/IMG_3397-150x113.jpg 150w, https:\/\/www.architecture.bf\/wp-content\/uploads\/IMG_3397-768x576.jpg 768w, https:\/\/www.architecture.bf\/wp-content\/uploads\/IMG_3397-1536x1152.jpg 1536w\" sizes=\"(max-width: 2048px) 100vw, 2048px\" \/><\/div>\n<\/a>\n<div class=\"mkdf-pli-text-holder\" >\n\t<div class=\"mkdf-pli-text-wrapper\">\n\t\t<div class=\"mkdf-pli-text\">\n\n            \t\t<h6 class=\"mkdf-pli-category-holder\">\n\t\t\t\t\t\t\t<a itemprop=\"url\" class=\"mkdf-pli-category\" href=\"https:\/\/www.architecture.bf\/de\/portfolio-category\/fabriken\/\">Fabriken<\/a>\n\t\t\t\t\t\t\t<a itemprop=\"url\" class=\"mkdf-pli-category\" href=\"https:\/\/www.architecture.bf\/de\/portfolio-category\/forschungszentrum\/\">Forschungszentrum<\/a>\n\t\t\t\t\t<\/h6>\n\t\n\t\t\t    <a href=\"https:\/\/www.architecture.bf\/de\/projekt\/dreyer-foundation-batterieraum-fuer-die-reisverarbeitungsanlage\/\">\n\t<h4 itemprop=\"name\" class=\"mkdf-pli-title entry-title\" >\n\t\tDreyer Foundation \u2013 Batterieraum f\u00fcr die Reisverarbeitungsanlage\t<\/h4>\n    <\/a>\n\n\t\t\t\n\t\t\t\n            \n\t\t<\/div>\n\t<\/div>\n<\/div>\n\t\t<a itemprop=\"url\" class=\"mkdf-pli-link mkdf-block-drag-link\" href=\"https:\/\/www.architecture.bf\/de\/projekt\/dreyer-foundation-batterieraum-fuer-die-reisverarbeitungsanlage\/\" target=\"_self\"><\/a>\n\t<\/div>\n<\/article><article class=\"mkdf-pl-item mkdf-item-space  post-12291 portfolio-item type-portfolio-item status-publish has-post-thumbnail hentry portfolio-category-bildung portfolio-tag-pissy\">\n\t<div class=\"mkdf-pl-item-inner\">\n\t\t<a href=\"https:\/\/www.architecture.bf\/de\/projekt\/ecole-superieure-des-travaux-publics-de-ouagadougou-hochschule-fuer-oeffentliche-bauarbeiten\/\">\n<div class=\"mkdf-pli-image\">\n\t<img loading=\"lazy\" decoding=\"async\" width=\"955\" height=\"500\" src=\"https:\/\/www.architecture.bf\/wp-content\/uploads\/Logo-BAD-references.jpg\" class=\"attachment-full size-full wp-post-image default-featured-img\" alt=\"\" srcset=\"https:\/\/www.architecture.bf\/wp-content\/uploads\/Logo-BAD-references.jpg 955w, https:\/\/www.architecture.bf\/wp-content\/uploads\/Logo-BAD-references-300x157.jpg 300w, https:\/\/www.architecture.bf\/wp-content\/uploads\/Logo-BAD-references-150x79.jpg 150w, https:\/\/www.architecture.bf\/wp-content\/uploads\/Logo-BAD-references-768x402.jpg 768w\" sizes=\"(max-width: 955px) 100vw, 955px\" \/><\/div>\n<\/a>\n<div class=\"mkdf-pli-text-holder\" >\n\t<div class=\"mkdf-pli-text-wrapper\">\n\t\t<div class=\"mkdf-pli-text\">\n\n            \t\t<h6 class=\"mkdf-pli-category-holder\">\n\t\t\t\t\t\t\t<a itemprop=\"url\" class=\"mkdf-pli-category\" href=\"https:\/\/www.architecture.bf\/de\/portfolio-category\/bildung\/\">Bildung<\/a>\n\t\t\t\t\t<\/h6>\n\t\n\t\t\t    <a href=\"https:\/\/www.architecture.bf\/de\/projekt\/ecole-superieure-des-travaux-publics-de-ouagadougou-hochschule-fuer-oeffentliche-bauarbeiten\/\">\n\t<h4 itemprop=\"name\" class=\"mkdf-pli-title entry-title\" >\n\t\tEcole Sup\u00e9rieure des Travaux Publics de Ouagadougou (Hochschule f\u00fcr \u00f6ffentliche Bauarbeiten)\t<\/h4>\n    <\/a>\n\n\t\t\t\n\t\t\t\n            \n\t\t<\/div>\n\t<\/div>\n<\/div>\n\t\t<a itemprop=\"url\" class=\"mkdf-pli-link mkdf-block-drag-link\" href=\"https:\/\/www.architecture.bf\/de\/projekt\/ecole-superieure-des-travaux-publics-de-ouagadougou-hochschule-fuer-oeffentliche-bauarbeiten\/\" target=\"_self\"><\/a>\n\t<\/div>\n<\/article><article class=\"mkdf-pl-item mkdf-item-space  post-12314 portfolio-item type-portfolio-item status-publish has-post-thumbnail hentry portfolio-category-bildung portfolio-tag-zone-1\">\n\t<div class=\"mkdf-pl-item-inner\">\n\t\t<a href=\"https:\/\/www.architecture.bf\/de\/projekt\/privat\/\">\n<div class=\"mkdf-pli-image\">\n\t<img loading=\"lazy\" decoding=\"async\" width=\"955\" height=\"500\" src=\"https:\/\/www.architecture.bf\/wp-content\/uploads\/Logo-BAD-references.jpg\" class=\"attachment-full size-full wp-post-image default-featured-img\" alt=\"\" srcset=\"https:\/\/www.architecture.bf\/wp-content\/uploads\/Logo-BAD-references.jpg 955w, https:\/\/www.architecture.bf\/wp-content\/uploads\/Logo-BAD-references-300x157.jpg 300w, https:\/\/www.architecture.bf\/wp-content\/uploads\/Logo-BAD-references-150x79.jpg 150w, https:\/\/www.architecture.bf\/wp-content\/uploads\/Logo-BAD-references-768x402.jpg 768w\" sizes=\"(max-width: 955px) 100vw, 955px\" \/><\/div>\n<\/a>\n<div class=\"mkdf-pli-text-holder\" >\n\t<div class=\"mkdf-pli-text-wrapper\">\n\t\t<div class=\"mkdf-pli-text\">\n\n            \t\t<h6 class=\"mkdf-pli-category-holder\">\n\t\t\t\t\t\t\t<a itemprop=\"url\" class=\"mkdf-pli-category\" href=\"https:\/\/www.architecture.bf\/de\/portfolio-category\/bildung\/\">Bildung<\/a>\n\t\t\t\t\t<\/h6>\n\t\n\t\t\t    <a href=\"https:\/\/www.architecture.bf\/de\/projekt\/privat\/\">\n\t<h4 itemprop=\"name\" class=\"mkdf-pli-title entry-title\" >\n\t\tPrivat\t<\/h4>\n    <\/a>\n\n\t\t\t\n\t\t\t\n            \n\t\t<\/div>\n\t<\/div>\n<\/div>\n\t\t<a itemprop=\"url\" class=\"mkdf-pli-link mkdf-block-drag-link\" href=\"https:\/\/www.architecture.bf\/de\/projekt\/privat\/\" target=\"_self\"><\/a>\n\t<\/div>\n<\/article><article class=\"mkdf-pl-item mkdf-item-space  post-12321 portfolio-item type-portfolio-item status-publish has-post-thumbnail hentry portfolio-category-sanierung portfolio-tag-ouagadougou\">\n\t<div class=\"mkdf-pl-item-inner\">\n\t\t<a href=\"https:\/\/www.architecture.bf\/de\/projekt\/sitarail\/\">\n<div class=\"mkdf-pli-image\">\n\t<img loading=\"lazy\" decoding=\"async\" width=\"955\" height=\"500\" src=\"https:\/\/www.architecture.bf\/wp-content\/uploads\/Logo-BAD-references.jpg\" class=\"attachment-full size-full wp-post-image default-featured-img\" alt=\"\" srcset=\"https:\/\/www.architecture.bf\/wp-content\/uploads\/Logo-BAD-references.jpg 955w, https:\/\/www.architecture.bf\/wp-content\/uploads\/Logo-BAD-references-300x157.jpg 300w, https:\/\/www.architecture.bf\/wp-content\/uploads\/Logo-BAD-references-150x79.jpg 150w, https:\/\/www.architecture.bf\/wp-content\/uploads\/Logo-BAD-references-768x402.jpg 768w\" sizes=\"(max-width: 955px) 100vw, 955px\" \/><\/div>\n<\/a>\n<div class=\"mkdf-pli-text-holder\" >\n\t<div class=\"mkdf-pli-text-wrapper\">\n\t\t<div class=\"mkdf-pli-text\">\n\n            \t\t<h6 class=\"mkdf-pli-category-holder\">\n\t\t\t\t\t\t\t<a itemprop=\"url\" class=\"mkdf-pli-category\" href=\"https:\/\/www.architecture.bf\/de\/portfolio-category\/sanierung\/\">Sanierung<\/a>\n\t\t\t\t\t<\/h6>\n\t\n\t\t\t    <a href=\"https:\/\/www.architecture.bf\/de\/projekt\/sitarail\/\">\n\t<h4 itemprop=\"name\" class=\"mkdf-pli-title entry-title\" >\n\t\tSITARAIL\t<\/h4>\n    <\/a>\n\n\t\t\t\n\t\t\t\n            \n\t\t<\/div>\n\t<\/div>\n<\/div>\n\t\t<a itemprop=\"url\" class=\"mkdf-pli-link mkdf-block-drag-link\" href=\"https:\/\/www.architecture.bf\/de\/projekt\/sitarail\/\" target=\"_self\"><\/a>\n\t<\/div>\n<\/article><article class=\"mkdf-pl-item mkdf-item-space  post-12145 portfolio-item type-portfolio-item status-publish has-post-thumbnail hentry portfolio-category-sanierung portfolio-tag-ouagadougou\">\n\t<div class=\"mkdf-pl-item-inner\">\n\t\t<a href=\"https:\/\/www.architecture.bf\/de\/projekt\/conseil-economique-et-social-wirtschafts-und-sozialrat\/\">\n<div class=\"mkdf-pli-image\">\n\t<img loading=\"lazy\" decoding=\"async\" width=\"2048\" height=\"1366\" src=\"https:\/\/www.architecture.bf\/wp-content\/uploads\/devanture_du_ces_1-scaled.jpg\" class=\"attachment-full size-full wp-post-image\" alt=\"\" srcset=\"https:\/\/www.architecture.bf\/wp-content\/uploads\/devanture_du_ces_1-scaled.jpg 2048w, https:\/\/www.architecture.bf\/wp-content\/uploads\/devanture_du_ces_1-300x200.jpg 300w, https:\/\/www.architecture.bf\/wp-content\/uploads\/devanture_du_ces_1-1024x683.jpg 1024w, https:\/\/www.architecture.bf\/wp-content\/uploads\/devanture_du_ces_1-150x100.jpg 150w, https:\/\/www.architecture.bf\/wp-content\/uploads\/devanture_du_ces_1-768x512.jpg 768w, https:\/\/www.architecture.bf\/wp-content\/uploads\/devanture_du_ces_1-1536x1024.jpg 1536w\" sizes=\"(max-width: 2048px) 100vw, 2048px\" \/><\/div>\n<\/a>\n<div class=\"mkdf-pli-text-holder\" >\n\t<div class=\"mkdf-pli-text-wrapper\">\n\t\t<div class=\"mkdf-pli-text\">\n\n            \t\t<h6 class=\"mkdf-pli-category-holder\">\n\t\t\t\t\t\t\t<a itemprop=\"url\" class=\"mkdf-pli-category\" href=\"https:\/\/www.architecture.bf\/de\/portfolio-category\/sanierung\/\">Sanierung<\/a>\n\t\t\t\t\t<\/h6>\n\t\n\t\t\t    <a href=\"https:\/\/www.architecture.bf\/de\/projekt\/conseil-economique-et-social-wirtschafts-und-sozialrat\/\">\n\t<h4 itemprop=\"name\" class=\"mkdf-pli-title entry-title\" >\n\t\tConseil Economique et Social (Wirtschafts- und Sozialrat)\t<\/h4>\n    <\/a>\n\n\t\t\t\n\t\t\t\n            \n\t\t<\/div>\n\t<\/div>\n<\/div>\n\t\t<a itemprop=\"url\" class=\"mkdf-pli-link mkdf-block-drag-link\" href=\"https:\/\/www.architecture.bf\/de\/projekt\/conseil-economique-et-social-wirtschafts-und-sozialrat\/\" target=\"_self\"><\/a>\n\t<\/div>\n<\/article><article class=\"mkdf-pl-item mkdf-item-space  post-12289 portfolio-item type-portfolio-item status-publish has-post-thumbnail hentry portfolio-category-sakralbauten portfolio-tag-burkina-faso portfolio-tag-sielle portfolio-tag-toma\">\n\t<div class=\"mkdf-pl-item-inner\">\n\t\t<a href=\"https:\/\/www.architecture.bf\/de\/projekt\/compassion-international-burkina-faso\/\">\n<div class=\"mkdf-pli-image\">\n\t<img loading=\"lazy\" decoding=\"async\" width=\"2048\" height=\"795\" src=\"https:\/\/www.architecture.bf\/wp-content\/uploads\/View-600-scaled.jpg\" class=\"attachment-full size-full wp-post-image\" alt=\"\" srcset=\"https:\/\/www.architecture.bf\/wp-content\/uploads\/View-600-scaled.jpg 2048w, https:\/\/www.architecture.bf\/wp-content\/uploads\/View-600-300x116.jpg 300w, https:\/\/www.architecture.bf\/wp-content\/uploads\/View-600-1024x397.jpg 1024w, https:\/\/www.architecture.bf\/wp-content\/uploads\/View-600-150x58.jpg 150w, https:\/\/www.architecture.bf\/wp-content\/uploads\/View-600-768x298.jpg 768w, https:\/\/www.architecture.bf\/wp-content\/uploads\/View-600-1536x596.jpg 1536w\" sizes=\"(max-width: 2048px) 100vw, 2048px\" \/><\/div>\n<\/a>\n<div class=\"mkdf-pli-text-holder\" >\n\t<div class=\"mkdf-pli-text-wrapper\">\n\t\t<div class=\"mkdf-pli-text\">\n\n            \t\t<h6 class=\"mkdf-pli-category-holder\">\n\t\t\t\t\t\t\t<a itemprop=\"url\" class=\"mkdf-pli-category\" href=\"https:\/\/www.architecture.bf\/de\/portfolio-category\/sakralbauten\/\">Sakralbauten<\/a>\n\t\t\t\t\t<\/h6>\n\t\n\t\t\t    <a href=\"https:\/\/www.architecture.bf\/de\/projekt\/compassion-international-burkina-faso\/\">\n\t<h4 itemprop=\"name\" class=\"mkdf-pli-title entry-title\" >\n\t\tCompassion International Burkina Faso\t<\/h4>\n    <\/a>\n\n\t\t\t\n\t\t\t\n            \n\t\t<\/div>\n\t<\/div>\n<\/div>\n\t\t<a itemprop=\"url\" class=\"mkdf-pli-link mkdf-block-drag-link\" href=\"https:\/\/www.architecture.bf\/de\/projekt\/compassion-international-burkina-faso\/\" target=\"_self\"><\/a>\n\t<\/div>\n<\/article><article class=\"mkdf-pl-item mkdf-item-space  post-12294 portfolio-item type-portfolio-item status-publish has-post-thumbnail hentry portfolio-category-sakralbauten portfolio-tag-zone-1\">\n\t<div class=\"mkdf-pl-item-inner\">\n\t\t<a href=\"https:\/\/www.architecture.bf\/de\/projekt\/eglise-tabernacle-bethel-israel\/\">\n<div class=\"mkdf-pli-image\">\n\t<img loading=\"lazy\" decoding=\"async\" width=\"1024\" height=\"699\" src=\"https:\/\/www.architecture.bf\/wp-content\/uploads\/Capture-de\u0301cran-2020-05-19-a\u0300-08.47-1024x699-1.png\" class=\"attachment-full size-full wp-post-image\" alt=\"\" srcset=\"https:\/\/www.architecture.bf\/wp-content\/uploads\/Capture-de\u0301cran-2020-05-19-a\u0300-08.47-1024x699-1.png 1024w, https:\/\/www.architecture.bf\/wp-content\/uploads\/Capture-de\u0301cran-2020-05-19-a\u0300-08.47-1024x699-1-300x205.png 300w, https:\/\/www.architecture.bf\/wp-content\/uploads\/Capture-de\u0301cran-2020-05-19-a\u0300-08.47-1024x699-1-150x102.png 150w, https:\/\/www.architecture.bf\/wp-content\/uploads\/Capture-de\u0301cran-2020-05-19-a\u0300-08.47-1024x699-1-768x524.png 768w\" sizes=\"(max-width: 1024px) 100vw, 1024px\" \/><\/div>\n<\/a>\n<div class=\"mkdf-pli-text-holder\" >\n\t<div class=\"mkdf-pli-text-wrapper\">\n\t\t<div class=\"mkdf-pli-text\">\n\n            \t\t<h6 class=\"mkdf-pli-category-holder\">\n\t\t\t\t\t\t\t<a itemprop=\"url\" class=\"mkdf-pli-category\" href=\"https:\/\/www.architecture.bf\/de\/portfolio-category\/sakralbauten\/\">Sakralbauten<\/a>\n\t\t\t\t\t<\/h6>\n\t\n\t\t\t    <a href=\"https:\/\/www.architecture.bf\/de\/projekt\/eglise-tabernacle-bethel-israel\/\">\n\t<h4 itemprop=\"name\" class=\"mkdf-pli-title entry-title\" >\n\t\tEglise Tabernacle B\u00e9thel Isra\u00ebl\t<\/h4>\n    <\/a>\n\n\t\t\t\n\t\t\t\n            \n\t\t<\/div>\n\t<\/div>\n<\/div>\n\t\t<a itemprop=\"url\" class=\"mkdf-pli-link mkdf-block-drag-link\" href=\"https:\/\/www.architecture.bf\/de\/projekt\/eglise-tabernacle-bethel-israel\/\" target=\"_self\"><\/a>\n\t<\/div>\n<\/article><article class=\"mkdf-pl-item mkdf-item-space  post-12293 portfolio-item type-portfolio-item status-publish has-post-thumbnail hentry portfolio-category-sakralbauten portfolio-tag-bouroum-bouroum\">\n\t<div class=\"mkdf-pl-item-inner\">\n\t\t<a href=\"https:\/\/www.architecture.bf\/de\/projekt\/eglise-protestante-evangelique\/\">\n<div class=\"mkdf-pli-image\">\n\t<img loading=\"lazy\" decoding=\"async\" width=\"2048\" height=\"1107\" src=\"https:\/\/www.architecture.bf\/wp-content\/uploads\/View-8-scaled.jpg\" class=\"attachment-full size-full wp-post-image\" alt=\"\" srcset=\"https:\/\/www.architecture.bf\/wp-content\/uploads\/View-8-scaled.jpg 2048w, https:\/\/www.architecture.bf\/wp-content\/uploads\/View-8-300x162.jpg 300w, https:\/\/www.architecture.bf\/wp-content\/uploads\/View-8-1024x553.jpg 1024w, https:\/\/www.architecture.bf\/wp-content\/uploads\/View-8-150x81.jpg 150w, https:\/\/www.architecture.bf\/wp-content\/uploads\/View-8-768x415.jpg 768w, https:\/\/www.architecture.bf\/wp-content\/uploads\/View-8-1536x830.jpg 1536w\" sizes=\"(max-width: 2048px) 100vw, 2048px\" \/><\/div>\n<\/a>\n<div class=\"mkdf-pli-text-holder\" >\n\t<div class=\"mkdf-pli-text-wrapper\">\n\t\t<div class=\"mkdf-pli-text\">\n\n            \t\t<h6 class=\"mkdf-pli-category-holder\">\n\t\t\t\t\t\t\t<a itemprop=\"url\" class=\"mkdf-pli-category\" href=\"https:\/\/www.architecture.bf\/de\/portfolio-category\/sakralbauten\/\">Sakralbauten<\/a>\n\t\t\t\t\t<\/h6>\n\t\n\t\t\t    <a href=\"https:\/\/www.architecture.bf\/de\/projekt\/eglise-protestante-evangelique\/\">\n\t<h4 itemprop=\"name\" class=\"mkdf-pli-title entry-title\" >\n\t\tEglise protestante \u00e9vang\u00e9lique\t<\/h4>\n    <\/a>\n\n\t\t\t\n\t\t\t\n            \n\t\t<\/div>\n\t<\/div>\n<\/div>\n\t\t<a itemprop=\"url\" class=\"mkdf-pli-link mkdf-block-drag-link\" href=\"https:\/\/www.architecture.bf\/de\/projekt\/eglise-protestante-evangelique\/\" target=\"_self\"><\/a>\n\t<\/div>\n<\/article><article class=\"mkdf-pl-item mkdf-item-space  post-12286 portfolio-item type-portfolio-item status-publish has-post-thumbnail hentry portfolio-category-sakralbauten portfolio-tag-patte-doie\">\n\t<div class=\"mkdf-pl-item-inner\">\n\t\t<a href=\"https:\/\/www.architecture.bf\/de\/projekt\/cie-ouaga-inter\/\">\n<div class=\"mkdf-pli-image\">\n\t<img loading=\"lazy\" decoding=\"async\" width=\"955\" height=\"500\" src=\"https:\/\/www.architecture.bf\/wp-content\/uploads\/Logo-BAD-references.jpg\" class=\"attachment-full size-full wp-post-image default-featured-img\" alt=\"\" srcset=\"https:\/\/www.architecture.bf\/wp-content\/uploads\/Logo-BAD-references.jpg 955w, https:\/\/www.architecture.bf\/wp-content\/uploads\/Logo-BAD-references-300x157.jpg 300w, https:\/\/www.architecture.bf\/wp-content\/uploads\/Logo-BAD-references-150x79.jpg 150w, https:\/\/www.architecture.bf\/wp-content\/uploads\/Logo-BAD-references-768x402.jpg 768w\" sizes=\"(max-width: 955px) 100vw, 955px\" \/><\/div>\n<\/a>\n<div class=\"mkdf-pli-text-holder\" >\n\t<div class=\"mkdf-pli-text-wrapper\">\n\t\t<div class=\"mkdf-pli-text\">\n\n            \t\t<h6 class=\"mkdf-pli-category-holder\">\n\t\t\t\t\t\t\t<a itemprop=\"url\" class=\"mkdf-pli-category\" href=\"https:\/\/www.architecture.bf\/de\/portfolio-category\/sakralbauten\/\">Sakralbauten<\/a>\n\t\t\t\t\t<\/h6>\n\t\n\t\t\t    <a href=\"https:\/\/www.architecture.bf\/de\/projekt\/cie-ouaga-inter\/\">\n\t<h4 itemprop=\"name\" class=\"mkdf-pli-title entry-title\" >\n\t\tCIE Ouaga Inter\t<\/h4>\n    <\/a>\n\n\t\t\t\n\t\t\t\n            \n\t\t<\/div>\n\t<\/div>\n<\/div>\n\t\t<a itemprop=\"url\" class=\"mkdf-pli-link mkdf-block-drag-link\" href=\"https:\/\/www.architecture.bf\/de\/projekt\/cie-ouaga-inter\/\" target=\"_self\"><\/a>\n\t<\/div>\n<\/article><article class=\"mkdf-pl-item mkdf-item-space  post-12285 portfolio-item type-portfolio-item status-publish has-post-thumbnail hentry portfolio-category-sakralbauten portfolio-tag-patte-doie\">\n\t<div class=\"mkdf-pl-item-inner\">\n\t\t<a href=\"https:\/\/www.architecture.bf\/de\/projekt\/chapelle-des-vainqueurs\/\">\n<div class=\"mkdf-pli-image\">\n\t<img loading=\"lazy\" decoding=\"async\" width=\"955\" height=\"500\" src=\"https:\/\/www.architecture.bf\/wp-content\/uploads\/Logo-BAD-references.jpg\" class=\"attachment-full size-full wp-post-image default-featured-img\" alt=\"\" srcset=\"https:\/\/www.architecture.bf\/wp-content\/uploads\/Logo-BAD-references.jpg 955w, https:\/\/www.architecture.bf\/wp-content\/uploads\/Logo-BAD-references-300x157.jpg 300w, https:\/\/www.architecture.bf\/wp-content\/uploads\/Logo-BAD-references-150x79.jpg 150w, https:\/\/www.architecture.bf\/wp-content\/uploads\/Logo-BAD-references-768x402.jpg 768w\" sizes=\"(max-width: 955px) 100vw, 955px\" \/><\/div>\n<\/a>\n<div class=\"mkdf-pli-text-holder\" >\n\t<div class=\"mkdf-pli-text-wrapper\">\n\t\t<div class=\"mkdf-pli-text\">\n\n            \t\t<h6 class=\"mkdf-pli-category-holder\">\n\t\t\t\t\t\t\t<a itemprop=\"url\" class=\"mkdf-pli-category\" href=\"https:\/\/www.architecture.bf\/de\/portfolio-category\/sakralbauten\/\">Sakralbauten<\/a>\n\t\t\t\t\t<\/h6>\n\t\n\t\t\t    <a href=\"https:\/\/www.architecture.bf\/de\/projekt\/chapelle-des-vainqueurs\/\">\n\t<h4 itemprop=\"name\" class=\"mkdf-pli-title entry-title\" >\n\t\tChapelle des vainqueurs\t<\/h4>\n    <\/a>\n\n\t\t\t\n\t\t\t\n            \n\t\t<\/div>\n\t<\/div>\n<\/div>\n\t\t<a itemprop=\"url\" class=\"mkdf-pli-link mkdf-block-drag-link\" href=\"https:\/\/www.architecture.bf\/de\/projekt\/chapelle-des-vainqueurs\/\" target=\"_self\"><\/a>\n\t<\/div>\n<\/article><article class=\"mkdf-pl-item mkdf-item-space  post-12292 portfolio-item type-portfolio-item status-publish has-post-thumbnail hentry portfolio-category-sakralbauten portfolio-tag-thanghin\">\n\t<div class=\"mkdf-pl-item-inner\">\n\t\t<a href=\"https:\/\/www.architecture.bf\/de\/projekt\/bethel-kirche-des-heiligen-geistes\/\">\n<div class=\"mkdf-pli-image\">\n\t<img loading=\"lazy\" decoding=\"async\" width=\"955\" height=\"500\" src=\"https:\/\/www.architecture.bf\/wp-content\/uploads\/Logo-BAD-references.jpg\" class=\"attachment-full size-full wp-post-image default-featured-img\" alt=\"\" srcset=\"https:\/\/www.architecture.bf\/wp-content\/uploads\/Logo-BAD-references.jpg 955w, https:\/\/www.architecture.bf\/wp-content\/uploads\/Logo-BAD-references-300x157.jpg 300w, https:\/\/www.architecture.bf\/wp-content\/uploads\/Logo-BAD-references-150x79.jpg 150w, https:\/\/www.architecture.bf\/wp-content\/uploads\/Logo-BAD-references-768x402.jpg 768w\" sizes=\"(max-width: 955px) 100vw, 955px\" \/><\/div>\n<\/a>\n<div class=\"mkdf-pli-text-holder\" >\n\t<div class=\"mkdf-pli-text-wrapper\">\n\t\t<div class=\"mkdf-pli-text\">\n\n            \t\t<h6 class=\"mkdf-pli-category-holder\">\n\t\t\t\t\t\t\t<a itemprop=\"url\" class=\"mkdf-pli-category\" href=\"https:\/\/www.architecture.bf\/de\/portfolio-category\/sakralbauten\/\">Sakralbauten<\/a>\n\t\t\t\t\t<\/h6>\n\t\n\t\t\t    <a href=\"https:\/\/www.architecture.bf\/de\/projekt\/bethel-kirche-des-heiligen-geistes\/\">\n\t<h4 itemprop=\"name\" class=\"mkdf-pli-title entry-title\" >\n\t\tBethel-Kirche des Heiligen Geistes\t<\/h4>\n    <\/a>\n\n\t\t\t\n\t\t\t\n            \n\t\t<\/div>\n\t<\/div>\n<\/div>\n\t\t<a itemprop=\"url\" class=\"mkdf-pli-link mkdf-block-drag-link\" href=\"https:\/\/www.architecture.bf\/de\/projekt\/bethel-kirche-des-heiligen-geistes\/\" target=\"_self\"><\/a>\n\t<\/div>\n<\/article><article class=\"mkdf-pl-item mkdf-item-space  post-12324 portfolio-item type-portfolio-item status-publish has-post-thumbnail hentry portfolio-category-wohnhaeuser portfolio-tag-ouaga-2000\">\n\t<div class=\"mkdf-pl-item-inner\">\n\t\t<a href=\"https:\/\/www.architecture.bf\/de\/projekt\/villa\/\">\n<div class=\"mkdf-pli-image\">\n\t<img loading=\"lazy\" decoding=\"async\" width=\"955\" height=\"500\" src=\"https:\/\/www.architecture.bf\/wp-content\/uploads\/Logo-BAD-references.jpg\" class=\"attachment-full size-full wp-post-image default-featured-img\" alt=\"\" srcset=\"https:\/\/www.architecture.bf\/wp-content\/uploads\/Logo-BAD-references.jpg 955w, https:\/\/www.architecture.bf\/wp-content\/uploads\/Logo-BAD-references-300x157.jpg 300w, https:\/\/www.architecture.bf\/wp-content\/uploads\/Logo-BAD-references-150x79.jpg 150w, https:\/\/www.architecture.bf\/wp-content\/uploads\/Logo-BAD-references-768x402.jpg 768w\" sizes=\"(max-width: 955px) 100vw, 955px\" \/><\/div>\n<\/a>\n<div class=\"mkdf-pli-text-holder\" >\n\t<div class=\"mkdf-pli-text-wrapper\">\n\t\t<div class=\"mkdf-pli-text\">\n\n            \t\t<h6 class=\"mkdf-pli-category-holder\">\n\t\t\t\t\t\t\t<a itemprop=\"url\" class=\"mkdf-pli-category\" href=\"https:\/\/www.architecture.bf\/de\/portfolio-category\/wohnhaeuser\/\">Wohnh\u00e4user<\/a>\n\t\t\t\t\t<\/h6>\n\t\n\t\t\t    <a href=\"https:\/\/www.architecture.bf\/de\/projekt\/villa\/\">\n\t<h4 itemprop=\"name\" class=\"mkdf-pli-title entry-title\" >\n\t\tVilla\t<\/h4>\n    <\/a>\n\n\t\t\t\n\t\t\t\n            \n\t\t<\/div>\n\t<\/div>\n<\/div>\n\t\t<a itemprop=\"url\" class=\"mkdf-pli-link mkdf-block-drag-link\" href=\"https:\/\/www.architecture.bf\/de\/projekt\/villa\/\" target=\"_self\"><\/a>\n\t<\/div>\n<\/article><article class=\"mkdf-pl-item mkdf-item-space  post-12287 portfolio-item type-portfolio-item status-publish has-post-thumbnail hentry portfolio-category-gesundheitsbauten portfolio-tag-wayalghin\">\n\t<div class=\"mkdf-pl-item-inner\">\n\t\t<a href=\"https:\/\/www.architecture.bf\/de\/projekt\/larry-ebert-klinik\/\">\n<div class=\"mkdf-pli-image\">\n\t<img loading=\"lazy\" decoding=\"async\" width=\"1024\" height=\"768\" src=\"https:\/\/www.architecture.bf\/wp-content\/uploads\/IMAG0028.jpg\" class=\"attachment-full size-full wp-post-image\" alt=\"\" srcset=\"https:\/\/www.architecture.bf\/wp-content\/uploads\/IMAG0028.jpg 1024w, https:\/\/www.architecture.bf\/wp-content\/uploads\/IMAG0028-300x225.jpg 300w, https:\/\/www.architecture.bf\/wp-content\/uploads\/IMAG0028-150x113.jpg 150w, https:\/\/www.architecture.bf\/wp-content\/uploads\/IMAG0028-768x576.jpg 768w\" sizes=\"(max-width: 1024px) 100vw, 1024px\" \/><\/div>\n<\/a>\n<div class=\"mkdf-pli-text-holder\" >\n\t<div class=\"mkdf-pli-text-wrapper\">\n\t\t<div class=\"mkdf-pli-text\">\n\n            \t\t<h6 class=\"mkdf-pli-category-holder\">\n\t\t\t\t\t\t\t<a itemprop=\"url\" class=\"mkdf-pli-category\" href=\"https:\/\/www.architecture.bf\/de\/portfolio-category\/gesundheitsbauten\/\">Gesundheitsbauten<\/a>\n\t\t\t\t\t<\/h6>\n\t\n\t\t\t    <a href=\"https:\/\/www.architecture.bf\/de\/projekt\/larry-ebert-klinik\/\">\n\t<h4 itemprop=\"name\" class=\"mkdf-pli-title entry-title\" >\n\t\tLarry Ebert Klinik\t<\/h4>\n    <\/a>\n\n\t\t\t\n\t\t\t\n            \n\t\t<\/div>\n\t<\/div>\n<\/div>\n\t\t<a itemprop=\"url\" class=\"mkdf-pli-link mkdf-block-drag-link\" href=\"https:\/\/www.architecture.bf\/de\/projekt\/larry-ebert-klinik\/\" target=\"_self\"><\/a>\n\t<\/div>\n<\/article><article class=\"mkdf-pl-item mkdf-item-space  post-12310 portfolio-item type-portfolio-item status-publish has-post-thumbnail hentry portfolio-category-gesundheitsbauten portfolio-tag-wayalghin\">\n\t<div class=\"mkdf-pl-item-inner\">\n\t\t<a href=\"https:\/\/www.architecture.bf\/de\/projekt\/mutterschaft\/\">\n<div class=\"mkdf-pli-image\">\n\t<img loading=\"lazy\" decoding=\"async\" width=\"955\" height=\"500\" src=\"https:\/\/www.architecture.bf\/wp-content\/uploads\/Logo-BAD-references.jpg\" class=\"attachment-full size-full wp-post-image default-featured-img\" alt=\"\" srcset=\"https:\/\/www.architecture.bf\/wp-content\/uploads\/Logo-BAD-references.jpg 955w, https:\/\/www.architecture.bf\/wp-content\/uploads\/Logo-BAD-references-300x157.jpg 300w, https:\/\/www.architecture.bf\/wp-content\/uploads\/Logo-BAD-references-150x79.jpg 150w, https:\/\/www.architecture.bf\/wp-content\/uploads\/Logo-BAD-references-768x402.jpg 768w\" sizes=\"(max-width: 955px) 100vw, 955px\" \/><\/div>\n<\/a>\n<div class=\"mkdf-pli-text-holder\" >\n\t<div class=\"mkdf-pli-text-wrapper\">\n\t\t<div class=\"mkdf-pli-text\">\n\n            \t\t<h6 class=\"mkdf-pli-category-holder\">\n\t\t\t\t\t\t\t<a itemprop=\"url\" class=\"mkdf-pli-category\" href=\"https:\/\/www.architecture.bf\/de\/portfolio-category\/gesundheitsbauten\/\">Gesundheitsbauten<\/a>\n\t\t\t\t\t<\/h6>\n\t\n\t\t\t    <a href=\"https:\/\/www.architecture.bf\/de\/projekt\/mutterschaft\/\">\n\t<h4 itemprop=\"name\" class=\"mkdf-pli-title entry-title\" >\n\t\tMutterschaft\t<\/h4>\n    <\/a>\n\n\t\t\t\n\t\t\t\n            \n\t\t<\/div>\n\t<\/div>\n<\/div>\n\t\t<a itemprop=\"url\" class=\"mkdf-pli-link mkdf-block-drag-link\" href=\"https:\/\/www.architecture.bf\/de\/projekt\/mutterschaft\/\" target=\"_self\"><\/a>\n\t<\/div>\n<\/article><article class=\"mkdf-pl-item mkdf-item-space  post-12300 portfolio-item type-portfolio-item status-publish has-post-thumbnail hentry portfolio-category-gesundheitsbauten portfolio-tag-wayalghin\">\n\t<div class=\"mkdf-pl-item-inner\">\n\t\t<a href=\"https:\/\/www.architecture.bf\/de\/projekt\/krankenhausaufenthalt\/\">\n<div class=\"mkdf-pli-image\">\n\t<img loading=\"lazy\" decoding=\"async\" width=\"955\" height=\"500\" src=\"https:\/\/www.architecture.bf\/wp-content\/uploads\/Logo-BAD-references.jpg\" class=\"attachment-full size-full wp-post-image default-featured-img\" alt=\"\" srcset=\"https:\/\/www.architecture.bf\/wp-content\/uploads\/Logo-BAD-references.jpg 955w, https:\/\/www.architecture.bf\/wp-content\/uploads\/Logo-BAD-references-300x157.jpg 300w, https:\/\/www.architecture.bf\/wp-content\/uploads\/Logo-BAD-references-150x79.jpg 150w, https:\/\/www.architecture.bf\/wp-content\/uploads\/Logo-BAD-references-768x402.jpg 768w\" sizes=\"(max-width: 955px) 100vw, 955px\" \/><\/div>\n<\/a>\n<div class=\"mkdf-pli-text-holder\" >\n\t<div class=\"mkdf-pli-text-wrapper\">\n\t\t<div class=\"mkdf-pli-text\">\n\n            \t\t<h6 class=\"mkdf-pli-category-holder\">\n\t\t\t\t\t\t\t<a itemprop=\"url\" class=\"mkdf-pli-category\" href=\"https:\/\/www.architecture.bf\/de\/portfolio-category\/gesundheitsbauten\/\">Gesundheitsbauten<\/a>\n\t\t\t\t\t<\/h6>\n\t\n\t\t\t    <a href=\"https:\/\/www.architecture.bf\/de\/projekt\/krankenhausaufenthalt\/\">\n\t<h4 itemprop=\"name\" class=\"mkdf-pli-title entry-title\" >\n\t\tKrankenhausaufenthalt\t<\/h4>\n    <\/a>\n\n\t\t\t\n\t\t\t\n            \n\t\t<\/div>\n\t<\/div>\n<\/div>\n\t\t<a itemprop=\"url\" class=\"mkdf-pli-link mkdf-block-drag-link\" href=\"https:\/\/www.architecture.bf\/de\/projekt\/krankenhausaufenthalt\/\" target=\"_self\"><\/a>\n\t<\/div>\n<\/article><article class=\"mkdf-pl-item mkdf-item-space  post-12311 portfolio-item type-portfolio-item status-publish has-post-thumbnail hentry portfolio-category-gesundheitsbauten portfolio-tag-sabou\">\n\t<div class=\"mkdf-pl-item-inner\">\n\t\t<a href=\"https:\/\/www.architecture.bf\/de\/projekt\/entbindungsstation-in-sabou\/\">\n<div class=\"mkdf-pli-image\">\n\t<img loading=\"lazy\" decoding=\"async\" width=\"960\" height=\"720\" src=\"https:\/\/www.architecture.bf\/wp-content\/uploads\/Photos-IPad-852.jpg\" class=\"attachment-full size-full wp-post-image\" alt=\"\" srcset=\"https:\/\/www.architecture.bf\/wp-content\/uploads\/Photos-IPad-852.jpg 960w, https:\/\/www.architecture.bf\/wp-content\/uploads\/Photos-IPad-852-300x225.jpg 300w, https:\/\/www.architecture.bf\/wp-content\/uploads\/Photos-IPad-852-150x113.jpg 150w, https:\/\/www.architecture.bf\/wp-content\/uploads\/Photos-IPad-852-768x576.jpg 768w\" sizes=\"(max-width: 960px) 100vw, 960px\" \/><\/div>\n<\/a>\n<div class=\"mkdf-pli-text-holder\" >\n\t<div class=\"mkdf-pli-text-wrapper\">\n\t\t<div class=\"mkdf-pli-text\">\n\n            \t\t<h6 class=\"mkdf-pli-category-holder\">\n\t\t\t\t\t\t\t<a itemprop=\"url\" class=\"mkdf-pli-category\" href=\"https:\/\/www.architecture.bf\/de\/portfolio-category\/gesundheitsbauten\/\">Gesundheitsbauten<\/a>\n\t\t\t\t\t<\/h6>\n\t\n\t\t\t    <a href=\"https:\/\/www.architecture.bf\/de\/projekt\/entbindungsstation-in-sabou\/\">\n\t<h4 itemprop=\"name\" class=\"mkdf-pli-title entry-title\" >\n\t\tEntbindungsstation in Sabou\t<\/h4>\n    <\/a>\n\n\t\t\t\n\t\t\t\n            \n\t\t<\/div>\n\t<\/div>\n<\/div>\n\t\t<a itemprop=\"url\" class=\"mkdf-pli-link mkdf-block-drag-link\" href=\"https:\/\/www.architecture.bf\/de\/projekt\/entbindungsstation-in-sabou\/\" target=\"_self\"><\/a>\n\t<\/div>\n<\/article><article class=\"mkdf-pl-item mkdf-item-space  post-12312 portfolio-item type-portfolio-item status-publish has-post-thumbnail hentry portfolio-category-gesundheitsbauten portfolio-tag-ouagadougou\">\n\t<div class=\"mkdf-pl-item-inner\">\n\t\t<a href=\"https:\/\/www.architecture.bf\/de\/projekt\/polyclinique-notre-dame-de-la-paix\/\">\n<div class=\"mkdf-pli-image\">\n\t<img loading=\"lazy\" decoding=\"async\" width=\"1022\" height=\"679\" src=\"https:\/\/www.architecture.bf\/wp-content\/uploads\/Clinique-notre-dame-de-la-paix-2.jpg\" class=\"attachment-full size-full wp-post-image\" alt=\"\" srcset=\"https:\/\/www.architecture.bf\/wp-content\/uploads\/Clinique-notre-dame-de-la-paix-2.jpg 1022w, https:\/\/www.architecture.bf\/wp-content\/uploads\/Clinique-notre-dame-de-la-paix-2-300x199.jpg 300w, https:\/\/www.architecture.bf\/wp-content\/uploads\/Clinique-notre-dame-de-la-paix-2-150x100.jpg 150w, https:\/\/www.architecture.bf\/wp-content\/uploads\/Clinique-notre-dame-de-la-paix-2-768x510.jpg 768w\" sizes=\"(max-width: 1022px) 100vw, 1022px\" \/><\/div>\n<\/a>\n<div class=\"mkdf-pli-text-holder\" >\n\t<div class=\"mkdf-pli-text-wrapper\">\n\t\t<div class=\"mkdf-pli-text\">\n\n            \t\t<h6 class=\"mkdf-pli-category-holder\">\n\t\t\t\t\t\t\t<a itemprop=\"url\" class=\"mkdf-pli-category\" href=\"https:\/\/www.architecture.bf\/de\/portfolio-category\/gesundheitsbauten\/\">Gesundheitsbauten<\/a>\n\t\t\t\t\t<\/h6>\n\t\n\t\t\t    <a href=\"https:\/\/www.architecture.bf\/de\/projekt\/polyclinique-notre-dame-de-la-paix\/\">\n\t<h4 itemprop=\"name\" class=\"mkdf-pli-title entry-title\" >\n\t\tPolyclinique notre dame de la paix\t<\/h4>\n    <\/a>\n\n\t\t\t\n\t\t\t\n            \n\t\t<\/div>\n\t<\/div>\n<\/div>\n\t\t<a itemprop=\"url\" class=\"mkdf-pli-link mkdf-block-drag-link\" href=\"https:\/\/www.architecture.bf\/de\/projekt\/polyclinique-notre-dame-de-la-paix\/\" target=\"_self\"><\/a>\n\t<\/div>\n<\/article><article class=\"mkdf-pl-item mkdf-item-space  post-12317 portfolio-item type-portfolio-item status-publish has-post-thumbnail hentry portfolio-category-hochgebaeude portfolio-tag-ouaga-2000\">\n\t<div class=\"mkdf-pl-item-inner\">\n\t\t<a href=\"https:\/\/www.architecture.bf\/de\/projekt\/privat-4\/\">\n<div class=\"mkdf-pli-image\">\n\t<img loading=\"lazy\" decoding=\"async\" width=\"955\" height=\"500\" src=\"https:\/\/www.architecture.bf\/wp-content\/uploads\/Logo-BAD-references.jpg\" class=\"attachment-full size-full wp-post-image default-featured-img\" alt=\"\" srcset=\"https:\/\/www.architecture.bf\/wp-content\/uploads\/Logo-BAD-references.jpg 955w, https:\/\/www.architecture.bf\/wp-content\/uploads\/Logo-BAD-references-300x157.jpg 300w, https:\/\/www.architecture.bf\/wp-content\/uploads\/Logo-BAD-references-150x79.jpg 150w, https:\/\/www.architecture.bf\/wp-content\/uploads\/Logo-BAD-references-768x402.jpg 768w\" sizes=\"(max-width: 955px) 100vw, 955px\" \/><\/div>\n<\/a>\n<div class=\"mkdf-pli-text-holder\" >\n\t<div class=\"mkdf-pli-text-wrapper\">\n\t\t<div class=\"mkdf-pli-text\">\n\n            \t\t<h6 class=\"mkdf-pli-category-holder\">\n\t\t\t\t\t\t\t<a itemprop=\"url\" class=\"mkdf-pli-category\" href=\"https:\/\/www.architecture.bf\/de\/portfolio-category\/hochgebaeude\/\">Hochgeb\u00e4ude<\/a>\n\t\t\t\t\t<\/h6>\n\t\n\t\t\t    <a href=\"https:\/\/www.architecture.bf\/de\/projekt\/privat-4\/\">\n\t<h4 itemprop=\"name\" class=\"mkdf-pli-title entry-title\" >\n\t\tPrivat\t<\/h4>\n    <\/a>\n\n\t\t\t\n\t\t\t\n            \n\t\t<\/div>\n\t<\/div>\n<\/div>\n\t\t<a itemprop=\"url\" class=\"mkdf-pli-link mkdf-block-drag-link\" href=\"https:\/\/www.architecture.bf\/de\/projekt\/privat-4\/\" target=\"_self\"><\/a>\n\t<\/div>\n<\/article><article class=\"mkdf-pl-item mkdf-item-space  post-12316 portfolio-item type-portfolio-item status-publish has-post-thumbnail hentry portfolio-category-hochgebaeude portfolio-tag-ziniare\">\n\t<div class=\"mkdf-pl-item-inner\">\n\t\t<a href=\"https:\/\/www.architecture.bf\/de\/projekt\/privat-3\/\">\n<div class=\"mkdf-pli-image\">\n\t<img loading=\"lazy\" decoding=\"async\" width=\"955\" height=\"500\" src=\"https:\/\/www.architecture.bf\/wp-content\/uploads\/Logo-BAD-references.jpg\" class=\"attachment-full size-full wp-post-image default-featured-img\" alt=\"\" srcset=\"https:\/\/www.architecture.bf\/wp-content\/uploads\/Logo-BAD-references.jpg 955w, https:\/\/www.architecture.bf\/wp-content\/uploads\/Logo-BAD-references-300x157.jpg 300w, https:\/\/www.architecture.bf\/wp-content\/uploads\/Logo-BAD-references-150x79.jpg 150w, https:\/\/www.architecture.bf\/wp-content\/uploads\/Logo-BAD-references-768x402.jpg 768w\" sizes=\"(max-width: 955px) 100vw, 955px\" \/><\/div>\n<\/a>\n<div class=\"mkdf-pli-text-holder\" >\n\t<div class=\"mkdf-pli-text-wrapper\">\n\t\t<div class=\"mkdf-pli-text\">\n\n            \t\t<h6 class=\"mkdf-pli-category-holder\">\n\t\t\t\t\t\t\t<a itemprop=\"url\" class=\"mkdf-pli-category\" href=\"https:\/\/www.architecture.bf\/de\/portfolio-category\/hochgebaeude\/\">Hochgeb\u00e4ude<\/a>\n\t\t\t\t\t<\/h6>\n\t\n\t\t\t    <a href=\"https:\/\/www.architecture.bf\/de\/projekt\/privat-3\/\">\n\t<h4 itemprop=\"name\" class=\"mkdf-pli-title entry-title\" >\n\t\tPrivat\t<\/h4>\n    <\/a>\n\n\t\t\t\n\t\t\t\n            \n\t\t<\/div>\n\t<\/div>\n<\/div>\n\t\t<a itemprop=\"url\" class=\"mkdf-pli-link mkdf-block-drag-link\" href=\"https:\/\/www.architecture.bf\/de\/projekt\/privat-3\/\" target=\"_self\"><\/a>\n\t<\/div>\n<\/article><article class=\"mkdf-pl-item mkdf-item-space  post-12182 portfolio-item type-portfolio-item status-publish has-post-thumbnail hentry portfolio-category-sanierung portfolio-tag-koulouba\">\n\t<div class=\"mkdf-pl-item-inner\">\n\t\t<a href=\"https:\/\/www.architecture.bf\/de\/projekt\/botschaft-der-bundesrepublik-deutschland\/\">\n<div class=\"mkdf-pli-image\">\n\t<img loading=\"lazy\" decoding=\"async\" width=\"955\" height=\"500\" src=\"https:\/\/www.architecture.bf\/wp-content\/uploads\/Logo-BAD-references.jpg\" class=\"attachment-full size-full wp-post-image default-featured-img\" alt=\"\" srcset=\"https:\/\/www.architecture.bf\/wp-content\/uploads\/Logo-BAD-references.jpg 955w, https:\/\/www.architecture.bf\/wp-content\/uploads\/Logo-BAD-references-300x157.jpg 300w, https:\/\/www.architecture.bf\/wp-content\/uploads\/Logo-BAD-references-150x79.jpg 150w, https:\/\/www.architecture.bf\/wp-content\/uploads\/Logo-BAD-references-768x402.jpg 768w\" sizes=\"(max-width: 955px) 100vw, 955px\" \/><\/div>\n<\/a>\n<div class=\"mkdf-pli-text-holder\" >\n\t<div class=\"mkdf-pli-text-wrapper\">\n\t\t<div class=\"mkdf-pli-text\">\n\n            \t\t<h6 class=\"mkdf-pli-category-holder\">\n\t\t\t\t\t\t\t<a itemprop=\"url\" class=\"mkdf-pli-category\" href=\"https:\/\/www.architecture.bf\/de\/portfolio-category\/sanierung\/\">Sanierung<\/a>\n\t\t\t\t\t<\/h6>\n\t\n\t\t\t    <a href=\"https:\/\/www.architecture.bf\/de\/projekt\/botschaft-der-bundesrepublik-deutschland\/\">\n\t<h4 itemprop=\"name\" class=\"mkdf-pli-title entry-title\" >\n\t\tBotschaft der Bundesrepublik Deutschland\t<\/h4>\n    <\/a>\n\n\t\t\t\n\t\t\t\n            \n\t\t<\/div>\n\t<\/div>\n<\/div>\n\t\t<a itemprop=\"url\" class=\"mkdf-pli-link mkdf-block-drag-link\" href=\"https:\/\/www.architecture.bf\/de\/projekt\/botschaft-der-bundesrepublik-deutschland\/\" target=\"_self\"><\/a>\n\t<\/div>\n<\/article><article class=\"mkdf-pl-item mkdf-item-space  post-12176 portfolio-item type-portfolio-item status-publish has-post-thumbnail hentry portfolio-category-fabriken portfolio-tag-boni\">\n\t<div class=\"mkdf-pl-item-inner\">\n\t\t<a href=\"https:\/\/www.architecture.bf\/de\/projekt\/agritech-faso-sa-erweiterbare-jatropha-oel-produktionsanlage\/\">\n<div class=\"mkdf-pli-image\">\n\t<img loading=\"lazy\" decoding=\"async\" width=\"2044\" height=\"1123\" src=\"https:\/\/www.architecture.bf\/wp-content\/uploads\/Image7.jpg\" class=\"attachment-full size-full wp-post-image\" alt=\"\" srcset=\"https:\/\/www.architecture.bf\/wp-content\/uploads\/Image7.jpg 2044w, https:\/\/www.architecture.bf\/wp-content\/uploads\/Image7-300x165.jpg 300w, https:\/\/www.architecture.bf\/wp-content\/uploads\/Image7-1024x563.jpg 1024w, https:\/\/www.architecture.bf\/wp-content\/uploads\/Image7-150x82.jpg 150w, https:\/\/www.architecture.bf\/wp-content\/uploads\/Image7-768x422.jpg 768w, https:\/\/www.architecture.bf\/wp-content\/uploads\/Image7-1536x844.jpg 1536w\" sizes=\"(max-width: 2044px) 100vw, 2044px\" \/><\/div>\n<\/a>\n<div class=\"mkdf-pli-text-holder\" >\n\t<div class=\"mkdf-pli-text-wrapper\">\n\t\t<div class=\"mkdf-pli-text\">\n\n            \t\t<h6 class=\"mkdf-pli-category-holder\">\n\t\t\t\t\t\t\t<a itemprop=\"url\" class=\"mkdf-pli-category\" href=\"https:\/\/www.architecture.bf\/de\/portfolio-category\/fabriken\/\">Fabriken<\/a>\n\t\t\t\t\t<\/h6>\n\t\n\t\t\t    <a href=\"https:\/\/www.architecture.bf\/de\/projekt\/agritech-faso-sa-erweiterbare-jatropha-oel-produktionsanlage\/\">\n\t<h4 itemprop=\"name\" class=\"mkdf-pli-title entry-title\" >\n\t\tAgritech Faso.SA \u2013 Erweiterbare Jatropha-\u00d6l-Produktionsanlage\t<\/h4>\n    <\/a>\n\n\t\t\t\n\t\t\t\n            \n\t\t<\/div>\n\t<\/div>\n<\/div>\n\t\t<a itemprop=\"url\" class=\"mkdf-pli-link mkdf-block-drag-link\" href=\"https:\/\/www.architecture.bf\/de\/projekt\/agritech-faso-sa-erweiterbare-jatropha-oel-produktionsanlage\/\" target=\"_self\"><\/a>\n\t<\/div>\n<\/article><article class=\"mkdf-pl-item mkdf-item-space  post-12322 portfolio-item type-portfolio-item status-publish has-post-thumbnail hentry portfolio-category-fabriken portfolio-tag-loumbila\">\n\t<div class=\"mkdf-pl-item-inner\">\n\t\t<a href=\"https:\/\/www.architecture.bf\/de\/projekt\/produktionsanlage-fuer-tomaten-und-mangopaste\/\">\n<div class=\"mkdf-pli-image\">\n\t<img loading=\"lazy\" decoding=\"async\" width=\"2048\" height=\"1536\" src=\"https:\/\/www.architecture.bf\/wp-content\/uploads\/20180827_162121-scaled.jpg\" class=\"attachment-full size-full wp-post-image\" alt=\"\" srcset=\"https:\/\/www.architecture.bf\/wp-content\/uploads\/20180827_162121-scaled.jpg 2048w, https:\/\/www.architecture.bf\/wp-content\/uploads\/20180827_162121-300x225.jpg 300w, https:\/\/www.architecture.bf\/wp-content\/uploads\/20180827_162121-1024x768.jpg 1024w, https:\/\/www.architecture.bf\/wp-content\/uploads\/20180827_162121-150x113.jpg 150w, https:\/\/www.architecture.bf\/wp-content\/uploads\/20180827_162121-768x576.jpg 768w, https:\/\/www.architecture.bf\/wp-content\/uploads\/20180827_162121-1536x1152.jpg 1536w\" sizes=\"(max-width: 2048px) 100vw, 2048px\" \/><\/div>\n<\/a>\n<div class=\"mkdf-pli-text-holder\" >\n\t<div class=\"mkdf-pli-text-wrapper\">\n\t\t<div class=\"mkdf-pli-text\">\n\n            \t\t<h6 class=\"mkdf-pli-category-holder\">\n\t\t\t\t\t\t\t<a itemprop=\"url\" class=\"mkdf-pli-category\" href=\"https:\/\/www.architecture.bf\/de\/portfolio-category\/fabriken\/\">Fabriken<\/a>\n\t\t\t\t\t<\/h6>\n\t\n\t\t\t    <a href=\"https:\/\/www.architecture.bf\/de\/projekt\/produktionsanlage-fuer-tomaten-und-mangopaste\/\">\n\t<h4 itemprop=\"name\" class=\"mkdf-pli-title entry-title\" >\n\t\tProduktionsanlage f\u00fcr Tomaten- und Mangopaste\t<\/h4>\n    <\/a>\n\n\t\t\t\n\t\t\t\n            \n\t\t<\/div>\n\t<\/div>\n<\/div>\n\t\t<a itemprop=\"url\" class=\"mkdf-pli-link mkdf-block-drag-link\" href=\"https:\/\/www.architecture.bf\/de\/projekt\/produktionsanlage-fuer-tomaten-und-mangopaste\/\" target=\"_self\"><\/a>\n\t<\/div>\n<\/article><article class=\"mkdf-pl-item mkdf-item-space  post-12323 portfolio-item type-portfolio-item status-publish has-post-thumbnail hentry portfolio-category-fabriken portfolio-tag-matourkou-bobo\">\n\t<div class=\"mkdf-pl-item-inner\">\n\t\t<a href=\"https:\/\/www.architecture.bf\/de\/projekt\/reis-und-sesamverarbeitungsanlage-in-matourkou\/\">\n<div class=\"mkdf-pli-image\">\n\t<img loading=\"lazy\" decoding=\"async\" width=\"2048\" height=\"1536\" src=\"https:\/\/www.architecture.bf\/wp-content\/uploads\/IMG_1798-scaled.jpg\" class=\"attachment-full size-full wp-post-image\" alt=\"\" srcset=\"https:\/\/www.architecture.bf\/wp-content\/uploads\/IMG_1798-scaled.jpg 2048w, https:\/\/www.architecture.bf\/wp-content\/uploads\/IMG_1798-300x225.jpg 300w, https:\/\/www.architecture.bf\/wp-content\/uploads\/IMG_1798-1024x768.jpg 1024w, https:\/\/www.architecture.bf\/wp-content\/uploads\/IMG_1798-150x113.jpg 150w, https:\/\/www.architecture.bf\/wp-content\/uploads\/IMG_1798-768x576.jpg 768w, https:\/\/www.architecture.bf\/wp-content\/uploads\/IMG_1798-1536x1152.jpg 1536w\" sizes=\"(max-width: 2048px) 100vw, 2048px\" \/><\/div>\n<\/a>\n<div class=\"mkdf-pli-text-holder\" >\n\t<div class=\"mkdf-pli-text-wrapper\">\n\t\t<div class=\"mkdf-pli-text\">\n\n            \t\t<h6 class=\"mkdf-pli-category-holder\">\n\t\t\t\t\t\t\t<a itemprop=\"url\" class=\"mkdf-pli-category\" href=\"https:\/\/www.architecture.bf\/de\/portfolio-category\/fabriken\/\">Fabriken<\/a>\n\t\t\t\t\t<\/h6>\n\t\n\t\t\t    <a href=\"https:\/\/www.architecture.bf\/de\/projekt\/reis-und-sesamverarbeitungsanlage-in-matourkou\/\">\n\t<h4 itemprop=\"name\" class=\"mkdf-pli-title entry-title\" >\n\t\tReis- und Sesamverarbeitungsanlage in Matourkou\t<\/h4>\n    <\/a>\n\n\t\t\t\n\t\t\t\n            \n\t\t<\/div>\n\t<\/div>\n<\/div>\n\t\t<a itemprop=\"url\" class=\"mkdf-pli-link mkdf-block-drag-link\" href=\"https:\/\/www.architecture.bf\/de\/projekt\/reis-und-sesamverarbeitungsanlage-in-matourkou\/\" target=\"_self\"><\/a>\n\t<\/div>\n<\/article><article class=\"mkdf-pl-item mkdf-item-space  post-12290 portfolio-item type-portfolio-item status-publish has-post-thumbnail hentry portfolio-category-wohnhaeuser portfolio-tag-ouaga-2000\">\n\t<div class=\"mkdf-pl-item-inner\">\n\t\t<a href=\"https:\/\/www.architecture.bf\/de\/projekt\/duplex\/\">\n<div class=\"mkdf-pli-image\">\n\t<img loading=\"lazy\" decoding=\"async\" width=\"955\" height=\"500\" src=\"https:\/\/www.architecture.bf\/wp-content\/uploads\/Logo-BAD-references.jpg\" class=\"attachment-full size-full wp-post-image default-featured-img\" alt=\"\" srcset=\"https:\/\/www.architecture.bf\/wp-content\/uploads\/Logo-BAD-references.jpg 955w, https:\/\/www.architecture.bf\/wp-content\/uploads\/Logo-BAD-references-300x157.jpg 300w, https:\/\/www.architecture.bf\/wp-content\/uploads\/Logo-BAD-references-150x79.jpg 150w, https:\/\/www.architecture.bf\/wp-content\/uploads\/Logo-BAD-references-768x402.jpg 768w\" sizes=\"(max-width: 955px) 100vw, 955px\" \/><\/div>\n<\/a>\n<div class=\"mkdf-pli-text-holder\" >\n\t<div class=\"mkdf-pli-text-wrapper\">\n\t\t<div class=\"mkdf-pli-text\">\n\n            \t\t<h6 class=\"mkdf-pli-category-holder\">\n\t\t\t\t\t\t\t<a itemprop=\"url\" class=\"mkdf-pli-category\" href=\"https:\/\/www.architecture.bf\/de\/portfolio-category\/wohnhaeuser\/\">Wohnh\u00e4user<\/a>\n\t\t\t\t\t<\/h6>\n\t\n\t\t\t    <a href=\"https:\/\/www.architecture.bf\/de\/projekt\/duplex\/\">\n\t<h4 itemprop=\"name\" class=\"mkdf-pli-title entry-title\" >\n\t\tDuplex\t<\/h4>\n    <\/a>\n\n\t\t\t\n\t\t\t\n            \n\t\t<\/div>\n\t<\/div>\n<\/div>\n\t\t<a itemprop=\"url\" class=\"mkdf-pli-link mkdf-block-drag-link\" href=\"https:\/\/www.architecture.bf\/de\/projekt\/duplex\/\" target=\"_self\"><\/a>\n\t<\/div>\n<\/article><article class=\"mkdf-pl-item mkdf-item-space  post-12330 portfolio-item type-portfolio-item status-publish has-post-thumbnail hentry portfolio-category-hochgebaeude portfolio-tag-ouaga-2000\">\n\t<div class=\"mkdf-pl-item-inner\">\n\t\t<a href=\"https:\/\/www.architecture.bf\/de\/projekt\/wohnen-in-residenz\/\">\n<div class=\"mkdf-pli-image\">\n\t<img loading=\"lazy\" decoding=\"async\" width=\"1024\" height=\"768\" src=\"https:\/\/www.architecture.bf\/wp-content\/uploads\/traore-alain-1.jpg\" class=\"attachment-full size-full wp-post-image\" alt=\"\" srcset=\"https:\/\/www.architecture.bf\/wp-content\/uploads\/traore-alain-1.jpg 1024w, https:\/\/www.architecture.bf\/wp-content\/uploads\/traore-alain-1-300x225.jpg 300w, https:\/\/www.architecture.bf\/wp-content\/uploads\/traore-alain-1-150x113.jpg 150w, https:\/\/www.architecture.bf\/wp-content\/uploads\/traore-alain-1-768x576.jpg 768w\" sizes=\"(max-width: 1024px) 100vw, 1024px\" \/><\/div>\n<\/a>\n<div class=\"mkdf-pli-text-holder\" >\n\t<div class=\"mkdf-pli-text-wrapper\">\n\t\t<div class=\"mkdf-pli-text\">\n\n            \t\t<h6 class=\"mkdf-pli-category-holder\">\n\t\t\t\t\t\t\t<a itemprop=\"url\" class=\"mkdf-pli-category\" href=\"https:\/\/www.architecture.bf\/de\/portfolio-category\/hochgebaeude\/\">Hochgeb\u00e4ude<\/a>\n\t\t\t\t\t<\/h6>\n\t\n\t\t\t    <a href=\"https:\/\/www.architecture.bf\/de\/projekt\/wohnen-in-residenz\/\">\n\t<h4 itemprop=\"name\" class=\"mkdf-pli-title entry-title\" >\n\t\tWohnen in Residenz\t<\/h4>\n    <\/a>\n\n\t\t\t\n\t\t\t\n            \n\t\t<\/div>\n\t<\/div>\n<\/div>\n\t\t<a itemprop=\"url\" class=\"mkdf-pli-link mkdf-block-drag-link\" href=\"https:\/\/www.architecture.bf\/de\/projekt\/wohnen-in-residenz\/\" target=\"_self\"><\/a>\n\t<\/div>\n<\/article><article class=\"mkdf-pl-item mkdf-item-space  post-12302 portfolio-item type-portfolio-item status-publish has-post-thumbnail hentry portfolio-category-verwaltungsgebaude portfolio-tag-manga\">\n\t<div class=\"mkdf-pl-item-inner\">\n\t\t<a href=\"https:\/\/www.architecture.bf\/de\/projekt\/staatliches-verwaltungshotel-in-der-region-suedosten-manga\/\">\n<div class=\"mkdf-pli-image\">\n\t<img loading=\"lazy\" decoding=\"async\" width=\"960\" height=\"720\" src=\"https:\/\/www.architecture.bf\/wp-content\/uploads\/Photos-IPad-3e-2088.jpg\" class=\"attachment-full size-full wp-post-image\" alt=\"\" srcset=\"https:\/\/www.architecture.bf\/wp-content\/uploads\/Photos-IPad-3e-2088.jpg 960w, https:\/\/www.architecture.bf\/wp-content\/uploads\/Photos-IPad-3e-2088-300x225.jpg 300w, https:\/\/www.architecture.bf\/wp-content\/uploads\/Photos-IPad-3e-2088-150x113.jpg 150w, https:\/\/www.architecture.bf\/wp-content\/uploads\/Photos-IPad-3e-2088-768x576.jpg 768w\" sizes=\"(max-width: 960px) 100vw, 960px\" \/><\/div>\n<\/a>\n<div class=\"mkdf-pli-text-holder\" >\n\t<div class=\"mkdf-pli-text-wrapper\">\n\t\t<div class=\"mkdf-pli-text\">\n\n            \t\t<h6 class=\"mkdf-pli-category-holder\">\n\t\t\t\t\t\t\t<a itemprop=\"url\" class=\"mkdf-pli-category\" href=\"https:\/\/www.architecture.bf\/de\/portfolio-category\/verwaltungsgebaude\/\">Verwaltungsgeb\u00e4ude<\/a>\n\t\t\t\t\t<\/h6>\n\t\n\t\t\t    <a href=\"https:\/\/www.architecture.bf\/de\/projekt\/staatliches-verwaltungshotel-in-der-region-suedosten-manga\/\">\n\t<h4 itemprop=\"name\" class=\"mkdf-pli-title entry-title\" >\n\t\tStaatliches Verwaltungshotel in der Region S\u00fcdosten (Manga)\t<\/h4>\n    <\/a>\n\n\t\t\t\n\t\t\t\n            \n\t\t<\/div>\n\t<\/div>\n<\/div>\n\t\t<a itemprop=\"url\" class=\"mkdf-pli-link mkdf-block-drag-link\" href=\"https:\/\/www.architecture.bf\/de\/projekt\/staatliches-verwaltungshotel-in-der-region-suedosten-manga\/\" target=\"_self\"><\/a>\n\t<\/div>\n<\/article><article class=\"mkdf-pl-item mkdf-item-space  post-12301 portfolio-item type-portfolio-item status-publish has-post-thumbnail hentry portfolio-category-verwaltungsgebaude portfolio-tag-tenkodogo\">\n\t<div class=\"mkdf-pl-item-inner\">\n\t\t<a href=\"https:\/\/www.architecture.bf\/de\/projekt\/staatliches-verwaltungsgebaeude-in-der-region-mittlerer-osten-tenkodogo\/\">\n<div class=\"mkdf-pli-image\">\n\t<img loading=\"lazy\" decoding=\"async\" width=\"2048\" height=\"1536\" src=\"https:\/\/www.architecture.bf\/wp-content\/uploads\/IMG_0718-scaled.jpg\" class=\"attachment-full size-full wp-post-image\" alt=\"\" srcset=\"https:\/\/www.architecture.bf\/wp-content\/uploads\/IMG_0718-scaled.jpg 2048w, https:\/\/www.architecture.bf\/wp-content\/uploads\/IMG_0718-300x225.jpg 300w, https:\/\/www.architecture.bf\/wp-content\/uploads\/IMG_0718-1024x768.jpg 1024w, https:\/\/www.architecture.bf\/wp-content\/uploads\/IMG_0718-150x113.jpg 150w, https:\/\/www.architecture.bf\/wp-content\/uploads\/IMG_0718-768x576.jpg 768w, https:\/\/www.architecture.bf\/wp-content\/uploads\/IMG_0718-1536x1152.jpg 1536w\" sizes=\"(max-width: 2048px) 100vw, 2048px\" \/><\/div>\n<\/a>\n<div class=\"mkdf-pli-text-holder\" >\n\t<div class=\"mkdf-pli-text-wrapper\">\n\t\t<div class=\"mkdf-pli-text\">\n\n            \t\t<h6 class=\"mkdf-pli-category-holder\">\n\t\t\t\t\t\t\t<a itemprop=\"url\" class=\"mkdf-pli-category\" href=\"https:\/\/www.architecture.bf\/de\/portfolio-category\/verwaltungsgebaude\/\">Verwaltungsgeb\u00e4ude<\/a>\n\t\t\t\t\t<\/h6>\n\t\n\t\t\t    <a href=\"https:\/\/www.architecture.bf\/de\/projekt\/staatliches-verwaltungsgebaeude-in-der-region-mittlerer-osten-tenkodogo\/\">\n\t<h4 itemprop=\"name\" class=\"mkdf-pli-title entry-title\" >\n\t\tStaatliches Verwaltungsgeb\u00e4ude in der Region Mittlerer Osten (Tenkodogo)\t<\/h4>\n    <\/a>\n\n\t\t\t\n\t\t\t\n            \n\t\t<\/div>\n\t<\/div>\n<\/div>\n\t\t<a itemprop=\"url\" class=\"mkdf-pli-link mkdf-block-drag-link\" href=\"https:\/\/www.architecture.bf\/de\/projekt\/staatliches-verwaltungsgebaeude-in-der-region-mittlerer-osten-tenkodogo\/\" target=\"_self\"><\/a>\n\t<\/div>\n<\/article><article class=\"mkdf-pl-item mkdf-item-space  post-12304 portfolio-item type-portfolio-item status-publish has-post-thumbnail hentry portfolio-category-verwaltungsgebaude portfolio-tag-ouagadougou\">\n\t<div class=\"mkdf-pl-item-inner\">\n\t\t<a href=\"https:\/\/www.architecture.bf\/de\/projekt\/staatliche-verwaltungshotels-in-der-region-centre-ouagadougou\/\">\n<div class=\"mkdf-pli-image\">\n\t<img loading=\"lazy\" decoding=\"async\" width=\"955\" height=\"500\" src=\"https:\/\/www.architecture.bf\/wp-content\/uploads\/Logo-BAD-references.jpg\" class=\"attachment-full size-full wp-post-image default-featured-img\" alt=\"\" srcset=\"https:\/\/www.architecture.bf\/wp-content\/uploads\/Logo-BAD-references.jpg 955w, https:\/\/www.architecture.bf\/wp-content\/uploads\/Logo-BAD-references-300x157.jpg 300w, https:\/\/www.architecture.bf\/wp-content\/uploads\/Logo-BAD-references-150x79.jpg 150w, https:\/\/www.architecture.bf\/wp-content\/uploads\/Logo-BAD-references-768x402.jpg 768w\" sizes=\"(max-width: 955px) 100vw, 955px\" \/><\/div>\n<\/a>\n<div class=\"mkdf-pli-text-holder\" >\n\t<div class=\"mkdf-pli-text-wrapper\">\n\t\t<div class=\"mkdf-pli-text\">\n\n            \t\t<h6 class=\"mkdf-pli-category-holder\">\n\t\t\t\t\t\t\t<a itemprop=\"url\" class=\"mkdf-pli-category\" href=\"https:\/\/www.architecture.bf\/de\/portfolio-category\/verwaltungsgebaude\/\">Verwaltungsgeb\u00e4ude<\/a>\n\t\t\t\t\t<\/h6>\n\t\n\t\t\t    <a href=\"https:\/\/www.architecture.bf\/de\/projekt\/staatliche-verwaltungshotels-in-der-region-centre-ouagadougou\/\">\n\t<h4 itemprop=\"name\" class=\"mkdf-pli-title entry-title\" >\n\t\tStaatliche Verwaltungshotels in der Region Centre (Ouagadougou)\t<\/h4>\n    <\/a>\n\n\t\t\t\n\t\t\t\n            \n\t\t<\/div>\n\t<\/div>\n<\/div>\n\t\t<a itemprop=\"url\" class=\"mkdf-pli-link mkdf-block-drag-link\" href=\"https:\/\/www.architecture.bf\/de\/projekt\/staatliche-verwaltungshotels-in-der-region-centre-ouagadougou\/\" target=\"_self\"><\/a>\n\t<\/div>\n<\/article><article class=\"mkdf-pl-item mkdf-item-space  post-12186 portfolio-item type-portfolio-item status-publish has-post-thumbnail hentry portfolio-category-verwaltungsgebaude portfolio-tag-zad-ii\">\n\t<div class=\"mkdf-pl-item-inner\">\n\t\t<a href=\"https:\/\/www.architecture.bf\/de\/projekt\/dokumentationszentrum-fuer-geistiges-eigentumsrecht\/\">\n<div class=\"mkdf-pli-image\">\n\t<img loading=\"lazy\" decoding=\"async\" width=\"1920\" height=\"2560\" src=\"https:\/\/www.architecture.bf\/wp-content\/uploads\/20151201_151118-scaled.jpg\" class=\"attachment-full size-full wp-post-image\" alt=\"\" srcset=\"https:\/\/www.architecture.bf\/wp-content\/uploads\/20151201_151118-scaled.jpg 1920w, https:\/\/www.architecture.bf\/wp-content\/uploads\/20151201_151118-225x300.jpg 225w, https:\/\/www.architecture.bf\/wp-content\/uploads\/20151201_151118-768x1024.jpg 768w, https:\/\/www.architecture.bf\/wp-content\/uploads\/20151201_151118-113x150.jpg 113w, https:\/\/www.architecture.bf\/wp-content\/uploads\/20151201_151118-1152x1536.jpg 1152w, https:\/\/www.architecture.bf\/wp-content\/uploads\/20151201_151118-1536x2048.jpg 1536w\" sizes=\"(max-width: 1920px) 100vw, 1920px\" \/><\/div>\n<\/a>\n<div class=\"mkdf-pli-text-holder\" >\n\t<div class=\"mkdf-pli-text-wrapper\">\n\t\t<div class=\"mkdf-pli-text\">\n\n            \t\t<h6 class=\"mkdf-pli-category-holder\">\n\t\t\t\t\t\t\t<a itemprop=\"url\" class=\"mkdf-pli-category\" href=\"https:\/\/www.architecture.bf\/de\/portfolio-category\/verwaltungsgebaude\/\">Verwaltungsgeb\u00e4ude<\/a>\n\t\t\t\t\t<\/h6>\n\t\n\t\t\t    <a href=\"https:\/\/www.architecture.bf\/de\/projekt\/dokumentationszentrum-fuer-geistiges-eigentumsrecht\/\">\n\t<h4 itemprop=\"name\" class=\"mkdf-pli-title entry-title\" >\n\t\tDokumentationszentrum f\u00fcr geistiges Eigentumsrecht\t<\/h4>\n    <\/a>\n\n\t\t\t\n\t\t\t\n            \n\t\t<\/div>\n\t<\/div>\n<\/div>\n\t\t<a itemprop=\"url\" class=\"mkdf-pli-link mkdf-block-drag-link\" href=\"https:\/\/www.architecture.bf\/de\/projekt\/dokumentationszentrum-fuer-geistiges-eigentumsrecht\/\" target=\"_self\"><\/a>\n\t<\/div>\n<\/article><article class=\"mkdf-pl-item mkdf-item-space  post-12328 portfolio-item type-portfolio-item status-publish has-post-thumbnail hentry portfolio-category-wohnhaeuser portfolio-tag-ouagadougou\">\n\t<div class=\"mkdf-pl-item-inner\">\n\t\t<a href=\"https:\/\/www.architecture.bf\/de\/projekt\/villa-lassara\/\">\n<div class=\"mkdf-pli-image\">\n\t<img loading=\"lazy\" decoding=\"async\" width=\"2048\" height=\"1332\" src=\"https:\/\/www.architecture.bf\/wp-content\/uploads\/17-scaled.jpg\" class=\"attachment-full size-full wp-post-image\" alt=\"\" srcset=\"https:\/\/www.architecture.bf\/wp-content\/uploads\/17-scaled.jpg 2048w, https:\/\/www.architecture.bf\/wp-content\/uploads\/17-300x195.jpg 300w, https:\/\/www.architecture.bf\/wp-content\/uploads\/17-1024x666.jpg 1024w, https:\/\/www.architecture.bf\/wp-content\/uploads\/17-150x98.jpg 150w, https:\/\/www.architecture.bf\/wp-content\/uploads\/17-768x499.jpg 768w, https:\/\/www.architecture.bf\/wp-content\/uploads\/17-1536x999.jpg 1536w\" sizes=\"(max-width: 2048px) 100vw, 2048px\" \/><\/div>\n<\/a>\n<div class=\"mkdf-pli-text-holder\" >\n\t<div class=\"mkdf-pli-text-wrapper\">\n\t\t<div class=\"mkdf-pli-text\">\n\n            \t\t<h6 class=\"mkdf-pli-category-holder\">\n\t\t\t\t\t\t\t<a itemprop=\"url\" class=\"mkdf-pli-category\" href=\"https:\/\/www.architecture.bf\/de\/portfolio-category\/wohnhaeuser\/\">Wohnh\u00e4user<\/a>\n\t\t\t\t\t<\/h6>\n\t\n\t\t\t    <a href=\"https:\/\/www.architecture.bf\/de\/projekt\/villa-lassara\/\">\n\t<h4 itemprop=\"name\" class=\"mkdf-pli-title entry-title\" >\n\t\tVilla Lassara\t<\/h4>\n    <\/a>\n\n\t\t\t\n\t\t\t\n            \n\t\t<\/div>\n\t<\/div>\n<\/div>\n\t\t<a itemprop=\"url\" class=\"mkdf-pli-link mkdf-block-drag-link\" href=\"https:\/\/www.architecture.bf\/de\/projekt\/villa-lassara\/\" target=\"_self\"><\/a>\n\t<\/div>\n<\/article><article class=\"mkdf-pl-item mkdf-item-space  post-12326 portfolio-item type-portfolio-item status-publish has-post-thumbnail hentry portfolio-category-wohnhaeuser portfolio-tag-ouagadougou\">\n\t<div class=\"mkdf-pl-item-inner\">\n\t\t<a href=\"https:\/\/www.architecture.bf\/de\/projekt\/villa-damoaliga\/\">\n<div class=\"mkdf-pli-image\">\n\t<img loading=\"lazy\" decoding=\"async\" width=\"2048\" height=\"1365\" src=\"https:\/\/www.architecture.bf\/wp-content\/uploads\/21-scaled.jpg\" class=\"attachment-full size-full wp-post-image\" alt=\"\" srcset=\"https:\/\/www.architecture.bf\/wp-content\/uploads\/21-scaled.jpg 2048w, https:\/\/www.architecture.bf\/wp-content\/uploads\/21-300x200.jpg 300w, https:\/\/www.architecture.bf\/wp-content\/uploads\/21-1024x683.jpg 1024w, https:\/\/www.architecture.bf\/wp-content\/uploads\/21-150x100.jpg 150w, https:\/\/www.architecture.bf\/wp-content\/uploads\/21-768x512.jpg 768w, https:\/\/www.architecture.bf\/wp-content\/uploads\/21-1536x1024.jpg 1536w\" sizes=\"(max-width: 2048px) 100vw, 2048px\" \/><\/div>\n<\/a>\n<div class=\"mkdf-pli-text-holder\" >\n\t<div class=\"mkdf-pli-text-wrapper\">\n\t\t<div class=\"mkdf-pli-text\">\n\n            \t\t<h6 class=\"mkdf-pli-category-holder\">\n\t\t\t\t\t\t\t<a itemprop=\"url\" class=\"mkdf-pli-category\" href=\"https:\/\/www.architecture.bf\/de\/portfolio-category\/wohnhaeuser\/\">Wohnh\u00e4user<\/a>\n\t\t\t\t\t<\/h6>\n\t\n\t\t\t    <a href=\"https:\/\/www.architecture.bf\/de\/projekt\/villa-damoaliga\/\">\n\t<h4 itemprop=\"name\" class=\"mkdf-pli-title entry-title\" >\n\t\tVilla Damoaliga\t<\/h4>\n    <\/a>\n\n\t\t\t\n\t\t\t\n            \n\t\t<\/div>\n\t<\/div>\n<\/div>\n\t\t<a itemprop=\"url\" class=\"mkdf-pli-link mkdf-block-drag-link\" href=\"https:\/\/www.architecture.bf\/de\/projekt\/villa-damoaliga\/\" target=\"_self\"><\/a>\n\t<\/div>\n<\/article><article class=\"mkdf-pl-item mkdf-item-space  post-12327 portfolio-item type-portfolio-item status-publish has-post-thumbnail hentry portfolio-category-wohnhaeuser portfolio-tag-ouagadougou\">\n\t<div class=\"mkdf-pl-item-inner\">\n\t\t<a href=\"https:\/\/www.architecture.bf\/de\/projekt\/villa-kagni\/\">\n<div class=\"mkdf-pli-image\">\n\t<img loading=\"lazy\" decoding=\"async\" width=\"2048\" height=\"1063\" src=\"https:\/\/www.architecture.bf\/wp-content\/uploads\/FACADE-PRINCIPALE-scaled.jpg\" class=\"attachment-full size-full wp-post-image\" alt=\"\" srcset=\"https:\/\/www.architecture.bf\/wp-content\/uploads\/FACADE-PRINCIPALE-scaled.jpg 2048w, https:\/\/www.architecture.bf\/wp-content\/uploads\/FACADE-PRINCIPALE-300x156.jpg 300w, https:\/\/www.architecture.bf\/wp-content\/uploads\/FACADE-PRINCIPALE-1024x531.jpg 1024w, https:\/\/www.architecture.bf\/wp-content\/uploads\/FACADE-PRINCIPALE-150x78.jpg 150w, https:\/\/www.architecture.bf\/wp-content\/uploads\/FACADE-PRINCIPALE-768x399.jpg 768w, https:\/\/www.architecture.bf\/wp-content\/uploads\/FACADE-PRINCIPALE-1536x797.jpg 1536w\" sizes=\"(max-width: 2048px) 100vw, 2048px\" \/><\/div>\n<\/a>\n<div class=\"mkdf-pli-text-holder\" >\n\t<div class=\"mkdf-pli-text-wrapper\">\n\t\t<div class=\"mkdf-pli-text\">\n\n            \t\t<h6 class=\"mkdf-pli-category-holder\">\n\t\t\t\t\t\t\t<a itemprop=\"url\" class=\"mkdf-pli-category\" href=\"https:\/\/www.architecture.bf\/de\/portfolio-category\/wohnhaeuser\/\">Wohnh\u00e4user<\/a>\n\t\t\t\t\t<\/h6>\n\t\n\t\t\t    <a href=\"https:\/\/www.architecture.bf\/de\/projekt\/villa-kagni\/\">\n\t<h4 itemprop=\"name\" class=\"mkdf-pli-title entry-title\" >\n\t\tVilla Kagni\t<\/h4>\n    <\/a>\n\n\t\t\t\n\t\t\t\n            \n\t\t<\/div>\n\t<\/div>\n<\/div>\n\t\t<a itemprop=\"url\" class=\"mkdf-pli-link mkdf-block-drag-link\" href=\"https:\/\/www.architecture.bf\/de\/projekt\/villa-kagni\/\" target=\"_self\"><\/a>\n\t<\/div>\n<\/article><article class=\"mkdf-pl-item mkdf-item-space  post-12329 portfolio-item type-portfolio-item status-publish has-post-thumbnail hentry portfolio-category-wohnhaeuser portfolio-tag-ouagadougou\">\n\t<div class=\"mkdf-pl-item-inner\">\n\t\t<a href=\"https:\/\/www.architecture.bf\/de\/projekt\/villa-o-moumini\/\">\n<div class=\"mkdf-pli-image\">\n\t<img loading=\"lazy\" decoding=\"async\" width=\"955\" height=\"500\" src=\"https:\/\/www.architecture.bf\/wp-content\/uploads\/Logo-BAD-references.jpg\" class=\"attachment-full size-full wp-post-image default-featured-img\" alt=\"\" srcset=\"https:\/\/www.architecture.bf\/wp-content\/uploads\/Logo-BAD-references.jpg 955w, https:\/\/www.architecture.bf\/wp-content\/uploads\/Logo-BAD-references-300x157.jpg 300w, https:\/\/www.architecture.bf\/wp-content\/uploads\/Logo-BAD-references-150x79.jpg 150w, https:\/\/www.architecture.bf\/wp-content\/uploads\/Logo-BAD-references-768x402.jpg 768w\" sizes=\"(max-width: 955px) 100vw, 955px\" \/><\/div>\n<\/a>\n<div class=\"mkdf-pli-text-holder\" >\n\t<div class=\"mkdf-pli-text-wrapper\">\n\t\t<div class=\"mkdf-pli-text\">\n\n            \t\t<h6 class=\"mkdf-pli-category-holder\">\n\t\t\t\t\t\t\t<a itemprop=\"url\" class=\"mkdf-pli-category\" href=\"https:\/\/www.architecture.bf\/de\/portfolio-category\/wohnhaeuser\/\">Wohnh\u00e4user<\/a>\n\t\t\t\t\t<\/h6>\n\t\n\t\t\t    <a href=\"https:\/\/www.architecture.bf\/de\/projekt\/villa-o-moumini\/\">\n\t<h4 itemprop=\"name\" class=\"mkdf-pli-title entry-title\" >\n\t\tVilla O. Moumini\t<\/h4>\n    <\/a>\n\n\t\t\t\n\t\t\t\n            \n\t\t<\/div>\n\t<\/div>\n<\/div>\n\t\t<a itemprop=\"url\" class=\"mkdf-pli-link mkdf-block-drag-link\" href=\"https:\/\/www.architecture.bf\/de\/projekt\/villa-o-moumini\/\" target=\"_self\"><\/a>\n\t<\/div>\n<\/article><article class=\"mkdf-pl-item mkdf-item-space  post-12309 portfolio-item type-portfolio-item status-publish has-post-thumbnail hentry portfolio-category-gesundheitsbauten portfolio-tag-ouagadougou\">\n\t<div class=\"mkdf-pl-item-inner\">\n\t\t<a href=\"https:\/\/www.architecture.bf\/de\/projekt\/das-nationale-labor-fuer-oeffentliche-gesundheit-lnsp\/\">\n<div class=\"mkdf-pli-image\">\n\t<img loading=\"lazy\" decoding=\"async\" width=\"2048\" height=\"1536\" src=\"https:\/\/www.architecture.bf\/wp-content\/uploads\/PIC_0009-scaled.jpg\" class=\"attachment-full size-full wp-post-image\" alt=\"\" srcset=\"https:\/\/www.architecture.bf\/wp-content\/uploads\/PIC_0009-scaled.jpg 2048w, https:\/\/www.architecture.bf\/wp-content\/uploads\/PIC_0009-300x225.jpg 300w, https:\/\/www.architecture.bf\/wp-content\/uploads\/PIC_0009-1024x768.jpg 1024w, https:\/\/www.architecture.bf\/wp-content\/uploads\/PIC_0009-150x113.jpg 150w, https:\/\/www.architecture.bf\/wp-content\/uploads\/PIC_0009-768x576.jpg 768w, https:\/\/www.architecture.bf\/wp-content\/uploads\/PIC_0009-1536x1152.jpg 1536w\" sizes=\"(max-width: 2048px) 100vw, 2048px\" \/><\/div>\n<\/a>\n<div class=\"mkdf-pli-text-holder\" >\n\t<div class=\"mkdf-pli-text-wrapper\">\n\t\t<div class=\"mkdf-pli-text\">\n\n            \t\t<h6 class=\"mkdf-pli-category-holder\">\n\t\t\t\t\t\t\t<a itemprop=\"url\" class=\"mkdf-pli-category\" href=\"https:\/\/www.architecture.bf\/de\/portfolio-category\/gesundheitsbauten\/\">Gesundheitsbauten<\/a>\n\t\t\t\t\t<\/h6>\n\t\n\t\t\t    <a href=\"https:\/\/www.architecture.bf\/de\/projekt\/das-nationale-labor-fuer-oeffentliche-gesundheit-lnsp\/\">\n\t<h4 itemprop=\"name\" class=\"mkdf-pli-title entry-title\" >\n\t\tDas Nationale Labor f\u00fcr \u00f6ffentliche Gesundheit (LNSP)\t<\/h4>\n    <\/a>\n\n\t\t\t\n\t\t\t\n            \n\t\t<\/div>\n\t<\/div>\n<\/div>\n\t\t<a itemprop=\"url\" class=\"mkdf-pli-link mkdf-block-drag-link\" href=\"https:\/\/www.architecture.bf\/de\/projekt\/das-nationale-labor-fuer-oeffentliche-gesundheit-lnsp\/\" target=\"_self\"><\/a>\n\t<\/div>\n<\/article><article class=\"mkdf-pl-item mkdf-item-space  post-12288 portfolio-item type-portfolio-item status-publish has-post-thumbnail hentry portfolio-category-gesundheitsbauten portfolio-tag-sapone portfolio-tag-sebba portfolio-tag-toma\">\n\t<div class=\"mkdf-pl-item-inner\">\n\t\t<a href=\"https:\/\/www.architecture.bf\/de\/projekt\/cma-und-wohnungsapotheke\/\">\n<div class=\"mkdf-pli-image\">\n\t<img loading=\"lazy\" decoding=\"async\" width=\"754\" height=\"488\" src=\"https:\/\/www.architecture.bf\/wp-content\/uploads\/Vue-2.jpg\" class=\"attachment-full size-full wp-post-image\" alt=\"\" srcset=\"https:\/\/www.architecture.bf\/wp-content\/uploads\/Vue-2.jpg 754w, https:\/\/www.architecture.bf\/wp-content\/uploads\/Vue-2-300x194.jpg 300w, https:\/\/www.architecture.bf\/wp-content\/uploads\/Vue-2-150x97.jpg 150w\" sizes=\"(max-width: 754px) 100vw, 754px\" \/><\/div>\n<\/a>\n<div class=\"mkdf-pli-text-holder\" >\n\t<div class=\"mkdf-pli-text-wrapper\">\n\t\t<div class=\"mkdf-pli-text\">\n\n            \t\t<h6 class=\"mkdf-pli-category-holder\">\n\t\t\t\t\t\t\t<a itemprop=\"url\" class=\"mkdf-pli-category\" href=\"https:\/\/www.architecture.bf\/de\/portfolio-category\/gesundheitsbauten\/\">Gesundheitsbauten<\/a>\n\t\t\t\t\t<\/h6>\n\t\n\t\t\t    <a href=\"https:\/\/www.architecture.bf\/de\/projekt\/cma-und-wohnungsapotheke\/\">\n\t<h4 itemprop=\"name\" class=\"mkdf-pli-title entry-title\" >\n\t\tCMA und Wohnungsapotheke\t<\/h4>\n    <\/a>\n\n\t\t\t\n\t\t\t\n            \n\t\t<\/div>\n\t<\/div>\n<\/div>\n\t\t<a itemprop=\"url\" class=\"mkdf-pli-link mkdf-block-drag-link\" href=\"https:\/\/www.architecture.bf\/de\/projekt\/cma-und-wohnungsapotheke\/\" target=\"_self\"><\/a>\n\t<\/div>\n<\/article><article class=\"mkdf-pl-item mkdf-item-space  post-12319 portfolio-item type-portfolio-item status-publish has-post-thumbnail hentry portfolio-category-verwaltungsgebaude portfolio-tag-ouagadougou\">\n\t<div class=\"mkdf-pl-item-inner\">\n\t\t<a href=\"https:\/\/www.architecture.bf\/de\/projekt\/hauptsitz-buero-fuer-architektur-und-entwurf\/\">\n<div class=\"mkdf-pli-image\">\n\t<img loading=\"lazy\" decoding=\"async\" width=\"2048\" height=\"1536\" src=\"https:\/\/www.architecture.bf\/wp-content\/uploads\/SIEG-BAD-1-scaled.jpg\" class=\"attachment-full size-full wp-post-image\" alt=\"\" srcset=\"https:\/\/www.architecture.bf\/wp-content\/uploads\/SIEG-BAD-1-scaled.jpg 2048w, https:\/\/www.architecture.bf\/wp-content\/uploads\/SIEG-BAD-1-300x225.jpg 300w, https:\/\/www.architecture.bf\/wp-content\/uploads\/SIEG-BAD-1-1024x768.jpg 1024w, https:\/\/www.architecture.bf\/wp-content\/uploads\/SIEG-BAD-1-150x113.jpg 150w, https:\/\/www.architecture.bf\/wp-content\/uploads\/SIEG-BAD-1-768x576.jpg 768w, https:\/\/www.architecture.bf\/wp-content\/uploads\/SIEG-BAD-1-1536x1152.jpg 1536w\" sizes=\"(max-width: 2048px) 100vw, 2048px\" \/><\/div>\n<\/a>\n<div class=\"mkdf-pli-text-holder\" >\n\t<div class=\"mkdf-pli-text-wrapper\">\n\t\t<div class=\"mkdf-pli-text\">\n\n            \t\t<h6 class=\"mkdf-pli-category-holder\">\n\t\t\t\t\t\t\t<a itemprop=\"url\" class=\"mkdf-pli-category\" href=\"https:\/\/www.architecture.bf\/de\/portfolio-category\/verwaltungsgebaude\/\">Verwaltungsgeb\u00e4ude<\/a>\n\t\t\t\t\t<\/h6>\n\t\n\t\t\t    <a href=\"https:\/\/www.architecture.bf\/de\/projekt\/hauptsitz-buero-fuer-architektur-und-entwurf\/\">\n\t<h4 itemprop=\"name\" class=\"mkdf-pli-title entry-title\" >\n\t\tHauptsitz B\u00fcro f\u00fcr Architektur und Entwurf\t<\/h4>\n    <\/a>\n\n\t\t\t\n\t\t\t\n            \n\t\t<\/div>\n\t<\/div>\n<\/div>\n\t\t<a itemprop=\"url\" class=\"mkdf-pli-link mkdf-block-drag-link\" href=\"https:\/\/www.architecture.bf\/de\/projekt\/hauptsitz-buero-fuer-architektur-und-entwurf\/\" target=\"_self\"><\/a>\n\t<\/div>\n<\/article><article class=\"mkdf-pl-item mkdf-item-space  post-12307 portfolio-item type-portfolio-item status-publish has-post-thumbnail hentry portfolio-category-hochgebaeude\">\n\t<div class=\"mkdf-pl-item-inner\">\n\t\t<a href=\"https:\/\/www.architecture.bf\/de\/projekt\/kagon-gebaeude\/\">\n<div class=\"mkdf-pli-image\">\n\t<img loading=\"lazy\" decoding=\"async\" width=\"2048\" height=\"1365\" src=\"https:\/\/www.architecture.bf\/wp-content\/uploads\/facade-gauche.2-scaled.jpg\" class=\"attachment-full size-full wp-post-image\" alt=\"\" srcset=\"https:\/\/www.architecture.bf\/wp-content\/uploads\/facade-gauche.2-scaled.jpg 2048w, https:\/\/www.architecture.bf\/wp-content\/uploads\/facade-gauche.2-300x200.jpg 300w, https:\/\/www.architecture.bf\/wp-content\/uploads\/facade-gauche.2-1024x683.jpg 1024w, https:\/\/www.architecture.bf\/wp-content\/uploads\/facade-gauche.2-150x100.jpg 150w, https:\/\/www.architecture.bf\/wp-content\/uploads\/facade-gauche.2-768x512.jpg 768w, https:\/\/www.architecture.bf\/wp-content\/uploads\/facade-gauche.2-1536x1024.jpg 1536w\" sizes=\"(max-width: 2048px) 100vw, 2048px\" \/><\/div>\n<\/a>\n<div class=\"mkdf-pli-text-holder\" >\n\t<div class=\"mkdf-pli-text-wrapper\">\n\t\t<div class=\"mkdf-pli-text\">\n\n            \t\t<h6 class=\"mkdf-pli-category-holder\">\n\t\t\t\t\t\t\t<a itemprop=\"url\" class=\"mkdf-pli-category\" href=\"https:\/\/www.architecture.bf\/de\/portfolio-category\/hochgebaeude\/\">Hochgeb\u00e4ude<\/a>\n\t\t\t\t\t<\/h6>\n\t\n\t\t\t    <a href=\"https:\/\/www.architecture.bf\/de\/projekt\/kagon-gebaeude\/\">\n\t<h4 itemprop=\"name\" class=\"mkdf-pli-title entry-title\" >\n\t\tKagon-Geb\u00e4ude\t<\/h4>\n    <\/a>\n\n\t\t\t\n\t\t\t\n            \n\t\t<\/div>\n\t<\/div>\n<\/div>\n\t\t<a itemprop=\"url\" class=\"mkdf-pli-link mkdf-block-drag-link\" href=\"https:\/\/www.architecture.bf\/de\/projekt\/kagon-gebaeude\/\" target=\"_self\"><\/a>\n\t<\/div>\n<\/article><article class=\"mkdf-pl-item mkdf-item-space  post-12318 portfolio-item type-portfolio-item status-publish has-post-thumbnail hentry portfolio-category-wettbewerbe portfolio-tag-ouagadougou\">\n\t<div class=\"mkdf-pl-item-inner\">\n\t\t<a href=\"https:\/\/www.architecture.bf\/de\/projekt\/omnisporthalle\/\">\n<div class=\"mkdf-pli-image\">\n\t<img loading=\"lazy\" decoding=\"async\" width=\"1382\" height=\"778\" src=\"https:\/\/www.architecture.bf\/wp-content\/uploads\/1-1.jpg\" class=\"attachment-full size-full wp-post-image\" alt=\"\" srcset=\"https:\/\/www.architecture.bf\/wp-content\/uploads\/1-1.jpg 1382w, https:\/\/www.architecture.bf\/wp-content\/uploads\/1-1-300x169.jpg 300w, https:\/\/www.architecture.bf\/wp-content\/uploads\/1-1-1024x576.jpg 1024w, https:\/\/www.architecture.bf\/wp-content\/uploads\/1-1-150x84.jpg 150w, https:\/\/www.architecture.bf\/wp-content\/uploads\/1-1-768x432.jpg 768w\" sizes=\"(max-width: 1382px) 100vw, 1382px\" \/><\/div>\n<\/a>\n<div class=\"mkdf-pli-text-holder\" >\n\t<div class=\"mkdf-pli-text-wrapper\">\n\t\t<div class=\"mkdf-pli-text\">\n\n            \t\t<h6 class=\"mkdf-pli-category-holder\">\n\t\t\t\t\t\t\t<a itemprop=\"url\" class=\"mkdf-pli-category\" href=\"https:\/\/www.architecture.bf\/de\/portfolio-category\/wettbewerbe\/\">Wettbewerbe<\/a>\n\t\t\t\t\t<\/h6>\n\t\n\t\t\t    <a href=\"https:\/\/www.architecture.bf\/de\/projekt\/omnisporthalle\/\">\n\t<h4 itemprop=\"name\" class=\"mkdf-pli-title entry-title\" >\n\t\tOmnisporthalle\t<\/h4>\n    <\/a>\n\n\t\t\t\n\t\t\t\n            \n\t\t<\/div>\n\t<\/div>\n<\/div>\n\t\t<a itemprop=\"url\" class=\"mkdf-pli-link mkdf-block-drag-link\" href=\"https:\/\/www.architecture.bf\/de\/projekt\/omnisporthalle\/\" target=\"_self\"><\/a>\n\t<\/div>\n<\/article><article class=\"mkdf-pl-item mkdf-item-space  post-12174 portfolio-item type-portfolio-item status-publish has-post-thumbnail hentry portfolio-category-wettbewerbe portfolio-tag-ouagadougou\">\n\t<div class=\"mkdf-pl-item-inner\">\n\t\t<a href=\"https:\/\/www.architecture.bf\/de\/projekt\/onea-wettbewerb\/\">\n<div class=\"mkdf-pli-image\">\n\t<img loading=\"lazy\" decoding=\"async\" width=\"1572\" height=\"1248\" src=\"https:\/\/www.architecture.bf\/wp-content\/uploads\/1-2.jpg\" class=\"attachment-full size-full wp-post-image\" alt=\"\" srcset=\"https:\/\/www.architecture.bf\/wp-content\/uploads\/1-2.jpg 1572w, https:\/\/www.architecture.bf\/wp-content\/uploads\/1-2-300x238.jpg 300w, https:\/\/www.architecture.bf\/wp-content\/uploads\/1-2-1024x813.jpg 1024w, https:\/\/www.architecture.bf\/wp-content\/uploads\/1-2-150x119.jpg 150w, https:\/\/www.architecture.bf\/wp-content\/uploads\/1-2-768x610.jpg 768w, https:\/\/www.architecture.bf\/wp-content\/uploads\/1-2-1536x1219.jpg 1536w\" sizes=\"(max-width: 1572px) 100vw, 1572px\" \/><\/div>\n<\/a>\n<div class=\"mkdf-pli-text-holder\" >\n\t<div class=\"mkdf-pli-text-wrapper\">\n\t\t<div class=\"mkdf-pli-text\">\n\n            \t\t<h6 class=\"mkdf-pli-category-holder\">\n\t\t\t\t\t\t\t<a itemprop=\"url\" class=\"mkdf-pli-category\" href=\"https:\/\/www.architecture.bf\/de\/portfolio-category\/wettbewerbe\/\">Wettbewerbe<\/a>\n\t\t\t\t\t<\/h6>\n\t\n\t\t\t    <a href=\"https:\/\/www.architecture.bf\/de\/projekt\/onea-wettbewerb\/\">\n\t<h4 itemprop=\"name\" class=\"mkdf-pli-title entry-title\" >\n\t\tONEA-Wettbewerb\t<\/h4>\n    <\/a>\n\n\t\t\t\n\t\t\t\n            \n\t\t<\/div>\n\t<\/div>\n<\/div>\n\t\t<a itemprop=\"url\" class=\"mkdf-pli-link mkdf-block-drag-link\" href=\"https:\/\/www.architecture.bf\/de\/projekt\/onea-wettbewerb\/\" target=\"_self\"><\/a>\n\t<\/div>\n<\/article><article class=\"mkdf-pl-item mkdf-item-space  post-12172 portfolio-item type-portfolio-item status-publish has-post-thumbnail hentry portfolio-category-wettbewerbe portfolio-tag-ouagadougou\">\n\t<div class=\"mkdf-pl-item-inner\">\n\t\t<a href=\"https:\/\/www.architecture.bf\/de\/projekt\/wettbewerb-fuer-ein-zollgebaeude\/\">\n<div class=\"mkdf-pli-image\">\n\t<img loading=\"lazy\" decoding=\"async\" width=\"1157\" height=\"1012\" src=\"https:\/\/www.architecture.bf\/wp-content\/uploads\/1-1-1.jpg\" class=\"attachment-full size-full wp-post-image\" alt=\"\" srcset=\"https:\/\/www.architecture.bf\/wp-content\/uploads\/1-1-1.jpg 1157w, https:\/\/www.architecture.bf\/wp-content\/uploads\/1-1-1-300x262.jpg 300w, https:\/\/www.architecture.bf\/wp-content\/uploads\/1-1-1-1024x896.jpg 1024w, https:\/\/www.architecture.bf\/wp-content\/uploads\/1-1-1-150x131.jpg 150w, https:\/\/www.architecture.bf\/wp-content\/uploads\/1-1-1-768x672.jpg 768w\" sizes=\"(max-width: 1157px) 100vw, 1157px\" \/><\/div>\n<\/a>\n<div class=\"mkdf-pli-text-holder\" >\n\t<div class=\"mkdf-pli-text-wrapper\">\n\t\t<div class=\"mkdf-pli-text\">\n\n            \t\t<h6 class=\"mkdf-pli-category-holder\">\n\t\t\t\t\t\t\t<a itemprop=\"url\" class=\"mkdf-pli-category\" href=\"https:\/\/www.architecture.bf\/de\/portfolio-category\/wettbewerbe\/\">Wettbewerbe<\/a>\n\t\t\t\t\t<\/h6>\n\t\n\t\t\t    <a href=\"https:\/\/www.architecture.bf\/de\/projekt\/wettbewerb-fuer-ein-zollgebaeude\/\">\n\t<h4 itemprop=\"name\" class=\"mkdf-pli-title entry-title\" >\n\t\tWettbewerb f\u00fcr ein Zollgeb\u00e4ude\t<\/h4>\n    <\/a>\n\n\t\t\t\n\t\t\t\n            \n\t\t<\/div>\n\t<\/div>\n<\/div>\n\t\t<a itemprop=\"url\" class=\"mkdf-pli-link mkdf-block-drag-link\" href=\"https:\/\/www.architecture.bf\/de\/projekt\/wettbewerb-fuer-ein-zollgebaeude\/\" target=\"_self\"><\/a>\n\t<\/div>\n<\/article><article class=\"mkdf-pl-item mkdf-item-space  post-12171 portfolio-item type-portfolio-item status-publish has-post-thumbnail hentry portfolio-category-sakralbauten portfolio-tag-ouagadougou portfolio-tag-thanghin\">\n\t<div class=\"mkdf-pl-item-inner\">\n\t\t<a href=\"https:\/\/www.architecture.bf\/de\/projekt\/bethel-le-torrent-du-saint-esprit\/\">\n<div class=\"mkdf-pli-image\">\n\t<img loading=\"lazy\" decoding=\"async\" width=\"2048\" height=\"890\" src=\"https:\/\/www.architecture.bf\/wp-content\/uploads\/View-0_4-1-scaled.jpg\" class=\"attachment-full size-full wp-post-image\" alt=\"\" srcset=\"https:\/\/www.architecture.bf\/wp-content\/uploads\/View-0_4-1-scaled.jpg 2048w, https:\/\/www.architecture.bf\/wp-content\/uploads\/View-0_4-1-300x130.jpg 300w, https:\/\/www.architecture.bf\/wp-content\/uploads\/View-0_4-1-1024x445.jpg 1024w, https:\/\/www.architecture.bf\/wp-content\/uploads\/View-0_4-1-150x65.jpg 150w, https:\/\/www.architecture.bf\/wp-content\/uploads\/View-0_4-1-768x334.jpg 768w, https:\/\/www.architecture.bf\/wp-content\/uploads\/View-0_4-1-1536x668.jpg 1536w\" sizes=\"(max-width: 2048px) 100vw, 2048px\" \/><\/div>\n<\/a>\n<div class=\"mkdf-pli-text-holder\" >\n\t<div class=\"mkdf-pli-text-wrapper\">\n\t\t<div class=\"mkdf-pli-text\">\n\n            \t\t<h6 class=\"mkdf-pli-category-holder\">\n\t\t\t\t\t\t\t<a itemprop=\"url\" class=\"mkdf-pli-category\" href=\"https:\/\/www.architecture.bf\/de\/portfolio-category\/sakralbauten\/\">Sakralbauten<\/a>\n\t\t\t\t\t<\/h6>\n\t\n\t\t\t    <a href=\"https:\/\/www.architecture.bf\/de\/projekt\/bethel-le-torrent-du-saint-esprit\/\">\n\t<h4 itemprop=\"name\" class=\"mkdf-pli-title entry-title\" >\n\t\tB\u00e9thel le torrent du Saint Esprit\t<\/h4>\n    <\/a>\n\n\t\t\t\n\t\t\t\n            \n\t\t<\/div>\n\t<\/div>\n<\/div>\n\t\t<a itemprop=\"url\" class=\"mkdf-pli-link mkdf-block-drag-link\" href=\"https:\/\/www.architecture.bf\/de\/projekt\/bethel-le-torrent-du-saint-esprit\/\" target=\"_self\"><\/a>\n\t<\/div>\n<\/article><article class=\"mkdf-pl-item mkdf-item-space  post-13197 portfolio-item type-portfolio-item status-publish has-post-thumbnail hentry portfolio-category-verwaltungsgebaude\">\n\t<div class=\"mkdf-pl-item-inner\">\n\t\t<a href=\"https:\/\/www.architecture.bf\/de\/projekt\/weltbank\/\">\n<div class=\"mkdf-pli-image\">\n\t<img loading=\"lazy\" decoding=\"async\" width=\"2048\" height=\"1365\" src=\"https:\/\/www.architecture.bf\/wp-content\/uploads\/Banque-mondiale-211-scaled.jpg\" class=\"attachment-full size-full wp-post-image\" alt=\"\" srcset=\"https:\/\/www.architecture.bf\/wp-content\/uploads\/Banque-mondiale-211-scaled.jpg 2048w, https:\/\/www.architecture.bf\/wp-content\/uploads\/Banque-mondiale-211-300x200.jpg 300w, https:\/\/www.architecture.bf\/wp-content\/uploads\/Banque-mondiale-211-1024x683.jpg 1024w, https:\/\/www.architecture.bf\/wp-content\/uploads\/Banque-mondiale-211-150x100.jpg 150w, https:\/\/www.architecture.bf\/wp-content\/uploads\/Banque-mondiale-211-768x512.jpg 768w, https:\/\/www.architecture.bf\/wp-content\/uploads\/Banque-mondiale-211-1536x1024.jpg 1536w\" sizes=\"(max-width: 2048px) 100vw, 2048px\" \/><\/div>\n<\/a>\n<div class=\"mkdf-pli-text-holder\" >\n\t<div class=\"mkdf-pli-text-wrapper\">\n\t\t<div class=\"mkdf-pli-text\">\n\n            \t\t<h6 class=\"mkdf-pli-category-holder\">\n\t\t\t\t\t\t\t<a itemprop=\"url\" class=\"mkdf-pli-category\" href=\"https:\/\/www.architecture.bf\/de\/portfolio-category\/verwaltungsgebaude\/\">Verwaltungsgeb\u00e4ude<\/a>\n\t\t\t\t\t<\/h6>\n\t\n\t\t\t    <a href=\"https:\/\/www.architecture.bf\/de\/projekt\/weltbank\/\">\n\t<h4 itemprop=\"name\" class=\"mkdf-pli-title entry-title\" >\n\t\tWeltbank\t<\/h4>\n    <\/a>\n\n\t\t\t\n\t\t\t\n            \n\t\t<\/div>\n\t<\/div>\n<\/div>\n\t\t<a itemprop=\"url\" class=\"mkdf-pli-link mkdf-block-drag-link\" href=\"https:\/\/www.architecture.bf\/de\/projekt\/weltbank\/\" target=\"_self\"><\/a>\n\t<\/div>\n<\/article>\t<\/div>\n\t\n\t<\/div><\/div>\t\t\t\t<\/div>\n\t\t\t\t<\/div>\n\t\t\t\t\t<\/div>\n\t\t<\/div>\n\t\t\t\t\t<\/div>\n\t\t<\/section>\n\t\t<div class=\"mkdf-elementor-row\" style=\"\">\t\t<section class=\"elementor-section elementor-top-section elementor-element elementor-element-3dde7a84 mkdf-elementor-row-grid-section elementor-section-boxed elementor-section-height-default elementor-section-height-default mkdf-parallax-row-no mkdf-content-aligment-left mkdf-disabled-bg-image-bellow-no mkdf-row-btt-light\" data-id=\"3dde7a84\" data-element_type=\"section\" data-e-type=\"section\">\n\t\t\t\t\t\t<div class=\"elementor-container elementor-column-gap-default\">\n\t\t\t\t\t<div class=\"elementor-column elementor-col-100 elementor-top-column elementor-element elementor-element-63561bcd\" data-id=\"63561bcd\" data-element_type=\"column\" data-e-type=\"column\">\n\t\t\t<div class=\"elementor-widget-wrap elementor-element-populated\">\n\t\t\t\t\t\t<div class=\"elementor-element elementor-element-3dcc2a70 elementor-widget elementor-widget-text-editor\" data-id=\"3dcc2a70\" data-element_type=\"widget\" data-e-type=\"widget\" id=\"#services\" data-widget_type=\"text-editor.default\">\n\t\t\t\t<div class=\"elementor-widget-container\">\n\t\t\t\t\t\t\t\t\t<h2>Unsere Dienstleistungen<\/h2>\t\t\t\t\t\t\t\t<\/div>\n\t\t\t\t<\/div>\n\t\t\t\t\t<\/div>\n\t\t<\/div>\n\t\t\t\t\t<\/div>\n\t\t<\/section>\n\t\t<div class=\"mkdf-row-background-text-holder mkdf-row-background-text-front\"><div class=\"mkdf-row-background-text-wrapper mkdf-row-background-text-animation mkdf-row-background-text-align-left\"><div class=\"mkdf-row-background-text-wrapper-inner\" style=\"font-size:120px;text-align:left;vertical-align:middle;padding-left:220px\" data-font-size-1440=120px data-font-size-1280=120px data-padding-left-size-1440=4.3% data-padding-left-size-1280=4.3%><div class=\"mkdf-row-background-text-1\">UNSERE DIENSTLEISTUNGEN<\/div><\/div><\/div><\/div><\/div>\t\t<section class=\"elementor-section elementor-top-section elementor-element elementor-element-4df0d08 mkdf-elementor-row-grid-section elementor-section-content-middle elementor-section-boxed elementor-section-height-default elementor-section-height-default mkdf-parallax-row-no mkdf-content-aligment-left mkdf-disabled-bg-image-bellow-no mkdf-row-btt-light\" data-id=\"4df0d08\" data-element_type=\"section\" data-e-type=\"section\">\n\t\t\t\t\t\t<div class=\"elementor-container elementor-column-gap-wide\">\n\t\t\t\t\t<div class=\"elementor-column elementor-col-33 elementor-top-column elementor-element elementor-element-1d36439\" data-id=\"1d36439\" data-element_type=\"column\" data-e-type=\"column\">\n\t\t\t<div class=\"elementor-widget-wrap elementor-element-populated\">\n\t\t\t\t\t\t<div class=\"elementor-element elementor-element-2094dc8 elementor-widget elementor-widget-mkdf_icon_with_text\" data-id=\"2094dc8\" data-element_type=\"widget\" data-e-type=\"widget\" data-widget_type=\"mkdf_icon_with_text.default\">\n\t\t\t\t<div class=\"elementor-widget-container\">\n\t\t\t\t\t<div class=\"mkdf-iwt clearfix  mkdf-iwt-icon-top-centered mkdf-iwt-boxed mkdf-iwt-icon-medium\" >\n\t<div class=\"mkdf-iwt-icon\">\n\t\t\t\t\t\t\t\t\t    <span class=\"mkdf-icon-shortcode mkdf-normal   mkdf-icon-medium\"  data-color=\"#7A271E\">\n                    <i class=\"mkdf-icon-font-awesome fa fa-check-circle mkdf-icon-element\" style=\"color: #7A271E\" ><\/i>            <\/span>\n\t\t\t\t\t\t<\/div>\n\t<div class=\"mkdf-iwt-content\" style=\"padding-top: px\">\n                    <p class=\"mkdf-iwt-caption\" >Unsere Dienstleistungen<\/p>\n        \t\t\t\t\t<h4 class=\"mkdf-iwt-title\" style=\"margin-top: -4px\">\n\t\t\t\t\t\t\t\t<span class=\"mkdf-iwt-title-text\">Entwurf<\/span>\n\t\t\t\t\t\t\t<\/h4>\n\t\t\t\t\t\t\t<p class=\"mkdf-iwt-text\" style=\"color: #7A271E;margin-top: 14px\">Erarbeitung von Baupl\u00e4nen, Bildern, 3D-Animationen und allen Materialien, die Sie ben\u00f6tigen, um Ihre Bauprojekte zu verwirklichen.<\/p>\n\t\t\t<\/div>\n<\/div>\t\t\t\t<\/div>\n\t\t\t\t<\/div>\n\t\t\t\t\t<\/div>\n\t\t<\/div>\n\t\t\t\t<div class=\"elementor-column elementor-col-33 elementor-top-column elementor-element elementor-element-fb74a6f\" data-id=\"fb74a6f\" data-element_type=\"column\" data-e-type=\"column\" data-settings=\"{&quot;background_background&quot;:&quot;classic&quot;}\">\n\t\t\t<div class=\"elementor-widget-wrap elementor-element-populated\">\n\t\t\t\t\t\t<div class=\"elementor-element elementor-element-0907e59 elementor-widget elementor-widget-spacer\" data-id=\"0907e59\" data-element_type=\"widget\" data-e-type=\"widget\" data-widget_type=\"spacer.default\">\n\t\t\t\t<div class=\"elementor-widget-container\">\n\t\t\t\t\t\t\t<div class=\"elementor-spacer\">\n\t\t\t<div class=\"elementor-spacer-inner\"><\/div>\n\t\t<\/div>\n\t\t\t\t\t\t<\/div>\n\t\t\t\t<\/div>\n\t\t\t\t\t<\/div>\n\t\t<\/div>\n\t\t\t\t<div class=\"elementor-column elementor-col-33 elementor-top-column elementor-element elementor-element-aa9a00e\" data-id=\"aa9a00e\" data-element_type=\"column\" data-e-type=\"column\">\n\t\t\t<div class=\"elementor-widget-wrap elementor-element-populated\">\n\t\t\t\t\t\t<div class=\"elementor-element elementor-element-7a92aa6 elementor-widget elementor-widget-mkdf_icon_with_text\" data-id=\"7a92aa6\" data-element_type=\"widget\" data-e-type=\"widget\" data-widget_type=\"mkdf_icon_with_text.default\">\n\t\t\t\t<div class=\"elementor-widget-container\">\n\t\t\t\t\t<div class=\"mkdf-iwt clearfix  mkdf-iwt-icon-top-centered mkdf-iwt-boxed mkdf-iwt-icon-medium\" >\n\t<div class=\"mkdf-iwt-icon\">\n\t\t\t\t\t\t\t\t\t    <span class=\"mkdf-icon-shortcode mkdf-normal   mkdf-icon-medium\"  data-color=\"#7A271E\">\n                    <i class=\"mkdf-icon-font-awesome fa fa-user mkdf-icon-element\" style=\"color: #7A271E\" ><\/i>            <\/span>\n\t\t\t\t\t\t<\/div>\n\t<div class=\"mkdf-iwt-content\" style=\"padding-top: px\">\n                    <p class=\"mkdf-iwt-caption\" >Unsere Dienstleistungen<\/p>\n        \t\t\t\t\t<h4 class=\"mkdf-iwt-title\" style=\"margin-top: -4px\">\n\t\t\t\t\t\t\t\t<span class=\"mkdf-iwt-title-text\">Baustellen\u00fcberwachung und Baukontrolle<\/span>\n\t\t\t\t\t\t\t<\/h4>\n\t\t\t\t\t\t\t<p class=\"mkdf-iwt-text\" style=\"color: #7A271E;margin-top: 14px\">Sorgf\u00e4ltige Kontrolle auf Ihren Baustellen f\u00fcr eine qualitativ hochwertige Ausf\u00fchrung und eine fristgerechte Abnahme des fertigen Bauwerks.<\/p>\n\t\t\t<\/div>\n<\/div>\t\t\t\t<\/div>\n\t\t\t\t<\/div>\n\t\t\t\t\t<\/div>\n\t\t<\/div>\n\t\t\t\t\t<\/div>\n\t\t<\/section>\n\t\t\t\t<section class=\"elementor-section elementor-top-section elementor-element elementor-element-41df062 mkdf-elementor-row-grid-section elementor-section-content-middle elementor-section-boxed elementor-section-height-default elementor-section-height-default mkdf-parallax-row-no mkdf-content-aligment-left mkdf-disabled-bg-image-bellow-no mkdf-row-btt-light\" data-id=\"41df062\" data-element_type=\"section\" data-e-type=\"section\">\n\t\t\t\t\t\t<div class=\"elementor-container elementor-column-gap-wide\">\n\t\t\t\t\t<div class=\"elementor-column elementor-col-33 elementor-top-column elementor-element elementor-element-c4f9d64\" data-id=\"c4f9d64\" data-element_type=\"column\" data-e-type=\"column\" data-settings=\"{&quot;background_background&quot;:&quot;classic&quot;}\">\n\t\t\t<div class=\"elementor-widget-wrap elementor-element-populated\">\n\t\t\t\t\t\t<div class=\"elementor-element elementor-element-0ec5e33 elementor-widget elementor-widget-spacer\" data-id=\"0ec5e33\" data-element_type=\"widget\" data-e-type=\"widget\" data-widget_type=\"spacer.default\">\n\t\t\t\t<div class=\"elementor-widget-container\">\n\t\t\t\t\t\t\t<div class=\"elementor-spacer\">\n\t\t\t<div class=\"elementor-spacer-inner\"><\/div>\n\t\t<\/div>\n\t\t\t\t\t\t<\/div>\n\t\t\t\t<\/div>\n\t\t\t\t\t<\/div>\n\t\t<\/div>\n\t\t\t\t<div class=\"elementor-column elementor-col-33 elementor-top-column elementor-element elementor-element-e889e8d\" data-id=\"e889e8d\" data-element_type=\"column\" data-e-type=\"column\">\n\t\t\t<div class=\"elementor-widget-wrap elementor-element-populated\">\n\t\t\t\t\t\t<div class=\"elementor-element elementor-element-9739e8e elementor-widget elementor-widget-mkdf_icon_with_text\" data-id=\"9739e8e\" data-element_type=\"widget\" data-e-type=\"widget\" data-widget_type=\"mkdf_icon_with_text.default\">\n\t\t\t\t<div class=\"elementor-widget-container\">\n\t\t\t\t\t<div class=\"mkdf-iwt clearfix  mkdf-iwt-icon-top-centered mkdf-iwt-boxed mkdf-iwt-icon-medium\" >\n\t<div class=\"mkdf-iwt-icon\">\n\t\t\t\t\t\t\t\t\t    <span class=\"mkdf-icon-shortcode mkdf-normal   mkdf-icon-medium\"  data-color=\"#7A271E\">\n                    <i class=\"mkdf-icon-font-awesome fa fa-home mkdf-icon-element\" style=\"color: #7A271E\" ><\/i>            <\/span>\n\t\t\t\t\t\t<\/div>\n\t<div class=\"mkdf-iwt-content\" style=\"padding-top: px\">\n                    <p class=\"mkdf-iwt-caption\" >Unsere Dienstleistungen<\/p>\n        \t\t\t\t\t<h4 class=\"mkdf-iwt-title\" style=\"margin-top: -4px\">\n\t\t\t\t\t\t\t\t<span class=\"mkdf-iwt-title-text\">Architekturunterlagen<\/span>\n\t\t\t\t\t\t\t<\/h4>\n\t\t\t\t\t\t\t<p class=\"mkdf-iwt-text\" style=\"margin-top: 14px\">Erwerb von technischen Unterlagen f\u00fcr die Durchf\u00fchrung Ihrer Projekte: Vorentwurf, Ausf\u00fchrungsplanung, Ausschreibungsunterlagen, Baugenehmigungsunterlagen ...<\/p>\n\t\t\t<\/div>\n<\/div>\t\t\t\t<\/div>\n\t\t\t\t<\/div>\n\t\t\t\t\t<\/div>\n\t\t<\/div>\n\t\t\t\t<div class=\"elementor-column elementor-col-33 elementor-top-column elementor-element elementor-element-21edfe1\" data-id=\"21edfe1\" data-element_type=\"column\" data-e-type=\"column\" data-settings=\"{&quot;background_background&quot;:&quot;classic&quot;}\">\n\t\t\t<div class=\"elementor-widget-wrap elementor-element-populated\">\n\t\t\t\t\t\t<div class=\"elementor-element elementor-element-5a570a6 elementor-widget elementor-widget-spacer\" data-id=\"5a570a6\" data-element_type=\"widget\" data-e-type=\"widget\" data-widget_type=\"spacer.default\">\n\t\t\t\t<div class=\"elementor-widget-container\">\n\t\t\t\t\t\t\t<div class=\"elementor-spacer\">\n\t\t\t<div class=\"elementor-spacer-inner\"><\/div>\n\t\t<\/div>\n\t\t\t\t\t\t<\/div>\n\t\t\t\t<\/div>\n\t\t\t\t\t<\/div>\n\t\t<\/div>\n\t\t\t\t\t<\/div>\n\t\t<\/section>\n\t\t\t\t<section class=\"elementor-section elementor-top-section elementor-element elementor-element-ad57539 mkdf-elementor-row-grid-section elementor-section-content-middle elementor-section-boxed elementor-section-height-default elementor-section-height-default mkdf-parallax-row-no mkdf-content-aligment-left mkdf-disabled-bg-image-bellow-no mkdf-row-btt-light\" data-id=\"ad57539\" data-element_type=\"section\" data-e-type=\"section\">\n\t\t\t\t\t\t<div class=\"elementor-container elementor-column-gap-wide\">\n\t\t\t\t\t<div class=\"elementor-column elementor-col-33 elementor-top-column elementor-element elementor-element-44023bc\" data-id=\"44023bc\" data-element_type=\"column\" data-e-type=\"column\">\n\t\t\t<div class=\"elementor-widget-wrap elementor-element-populated\">\n\t\t\t\t\t\t<div class=\"elementor-element elementor-element-c03aaa5 elementor-widget elementor-widget-mkdf_icon_with_text\" data-id=\"c03aaa5\" data-element_type=\"widget\" data-e-type=\"widget\" data-widget_type=\"mkdf_icon_with_text.default\">\n\t\t\t\t<div class=\"elementor-widget-container\">\n\t\t\t\t\t<div class=\"mkdf-iwt clearfix  mkdf-iwt-icon-top-centered mkdf-iwt-boxed mkdf-iwt-icon-medium\" >\n\t<div class=\"mkdf-iwt-icon\">\n\t\t\t\t\t\t\t\t\t    <span class=\"mkdf-icon-shortcode mkdf-normal   mkdf-icon-medium\"  data-color=\"#7A271E\">\n                    <i class=\"mkdf-icon-font-awesome fa fa-info-circle mkdf-icon-element\" style=\"color: #7A271E\" ><\/i>            <\/span>\n\t\t\t\t\t\t<\/div>\n\t<div class=\"mkdf-iwt-content\" style=\"padding-top: px\">\n                    <p class=\"mkdf-iwt-caption\" >Unsere Dienstleistungen<\/p>\n        \t\t\t\t\t<h4 class=\"mkdf-iwt-title\" style=\"margin-top: -4px\">\n\t\t\t\t\t\t\t\t<span class=\"mkdf-iwt-title-text\">Fachberatung<\/span>\n\t\t\t\t\t\t\t<\/h4>\n\t\t\t\t\t\t\t<p class=\"mkdf-iwt-text\" style=\"color: #7A271E;margin-top: 14px\">Antworten auf die verschiedenen Fragen rund um Ihr Bauvorhaben: Kosten des Projekts, Beratung nach Ihrem Budget, Auswahl der Bauunternehmen...<\/p>\n\t\t\t<\/div>\n<\/div>\t\t\t\t<\/div>\n\t\t\t\t<\/div>\n\t\t\t\t\t<\/div>\n\t\t<\/div>\n\t\t\t\t<div class=\"elementor-column elementor-col-33 elementor-top-column elementor-element elementor-element-3afd1f7\" data-id=\"3afd1f7\" data-element_type=\"column\" data-e-type=\"column\" data-settings=\"{&quot;background_background&quot;:&quot;classic&quot;}\">\n\t\t\t<div class=\"elementor-widget-wrap elementor-element-populated\">\n\t\t\t\t\t\t<div class=\"elementor-element elementor-element-36cf8f8 elementor-widget elementor-widget-spacer\" data-id=\"36cf8f8\" data-element_type=\"widget\" data-e-type=\"widget\" data-widget_type=\"spacer.default\">\n\t\t\t\t<div class=\"elementor-widget-container\">\n\t\t\t\t\t\t\t<div class=\"elementor-spacer\">\n\t\t\t<div class=\"elementor-spacer-inner\"><\/div>\n\t\t<\/div>\n\t\t\t\t\t\t<\/div>\n\t\t\t\t<\/div>\n\t\t\t\t\t<\/div>\n\t\t<\/div>\n\t\t\t\t<div class=\"elementor-column elementor-col-33 elementor-top-column elementor-element elementor-element-97d7a1f\" data-id=\"97d7a1f\" data-element_type=\"column\" data-e-type=\"column\">\n\t\t\t<div class=\"elementor-widget-wrap elementor-element-populated\">\n\t\t\t\t\t\t<div class=\"elementor-element elementor-element-7ee7837 elementor-widget elementor-widget-mkdf_icon_with_text\" data-id=\"7ee7837\" data-element_type=\"widget\" data-e-type=\"widget\" data-widget_type=\"mkdf_icon_with_text.default\">\n\t\t\t\t<div class=\"elementor-widget-container\">\n\t\t\t\t\t<div class=\"mkdf-iwt clearfix  mkdf-iwt-icon-top-centered mkdf-iwt-boxed mkdf-iwt-icon-medium\" >\n\t<div class=\"mkdf-iwt-icon\">\n\t\t\t\t\t\t\t\t\t    <span class=\"mkdf-icon-shortcode mkdf-normal   mkdf-icon-medium\"  data-color=\"#7A271E\">\n                    <i class=\"mkdf-icon-font-awesome fa fa-calculator mkdf-icon-element\" style=\"color: #7A271E\" ><\/i>            <\/span>\n\t\t\t\t\t\t<\/div>\n\t<div class=\"mkdf-iwt-content\" style=\"padding-top: px\">\n                    <p class=\"mkdf-iwt-caption\" >Unsere Dienstleistungen<\/p>\n        \t\t\t\t\t<h4 class=\"mkdf-iwt-title\" style=\"margin-top: -4px\">\n\t\t\t\t\t\t\t\t<span class=\"mkdf-iwt-title-text\">Erarbeitung der Kosten f\u00fcr errichtete Geb\u00e4ude<\/span>\n\t\t\t\t\t\t\t<\/h4>\n\t\t\t\t\t\t\t<p class=\"mkdf-iwt-text\" style=\"color: #7A271E;margin-top: 14px\">Finanzielle Sch\u00e4tzung des Wertes bereits fertiggestellter Geb\u00e4ude<\/p>\n\t\t\t<\/div>\n<\/div>\t\t\t\t<\/div>\n\t\t\t\t<\/div>\n\t\t\t\t\t<\/div>\n\t\t<\/div>\n\t\t\t\t\t<\/div>\n\t\t<\/section>\n\t\t\t\t<section class=\"elementor-section elementor-top-section elementor-element elementor-element-99bcede elementor-section-boxed elementor-section-height-default elementor-section-height-default mkdf-parallax-row-no mkdf-content-aligment-left mkdf-elementor-row-grid-no mkdf-disabled-bg-image-bellow-no mkdf-row-btt-light\" data-id=\"99bcede\" data-element_type=\"section\" data-e-type=\"section\" data-settings=\"{&quot;background_background&quot;:&quot;classic&quot;}\">\n\t\t\t\t\t\t<div class=\"elementor-container elementor-column-gap-default\">\n\t\t\t\t\t<div class=\"elementor-column elementor-col-50 elementor-top-column elementor-element elementor-element-96bc213 elementor-hidden-tablet elementor-hidden-phone\" data-id=\"96bc213\" data-element_type=\"column\" data-e-type=\"column\">\n\t\t\t<div class=\"elementor-widget-wrap\">\n\t\t\t\t\t\t\t<\/div>\n\t\t<\/div>\n\t\t\t\t<div class=\"elementor-column elementor-col-50 elementor-top-column elementor-element elementor-element-be38566 mkdf-appearing-section mkdf-eh-item-project\" data-id=\"be38566\" data-element_type=\"column\" data-e-type=\"column\" data-settings=\"{&quot;background_background&quot;:&quot;classic&quot;}\">\n\t\t\t<div class=\"elementor-widget-wrap elementor-element-populated\">\n\t\t\t\t\t\t<div class=\"elementor-element elementor-element-884efb4 elementor-widget elementor-widget-mkdf_section_title\" data-id=\"884efb4\" data-element_type=\"widget\" data-e-type=\"widget\" data-widget_type=\"mkdf_section_title.default\">\n\t\t\t\t<div class=\"elementor-widget-container\">\n\t\t\t\t\t<div class=\"mkdf-section-title-holder  mkdf-st-standard   \" >\n\t<div class=\"mkdf-st-inner\">\n                    <h6 class=\"mkdf-st-intro-title\" style=\"color: #FFFFFF\">\n                ERFAHREN            <\/h6>\n        \t\t\t\t\t<h2 class=\"mkdf-st-title\" style=\"color: #FFFFFF\">\n\t\t\t\tUnsere Methodik\t\t\t<\/h2>\n\t\t\t\t\t\t\t<p class=\"mkdf-st-text\" style=\"color: #FFFFFF\">\n\t\t\t\tWir begleiten Sie Schritt f\u00fcr Schritt durch alle Phasen Ihres Projekts:\t\t\t<\/p>\n\t\t\t<\/div>\n<\/div>\t\t\t\t<\/div>\n\t\t\t\t<\/div>\n\t\t\t\t<div class=\"elementor-element elementor-element-1a02f44 elementor-widget elementor-widget-mkdf_button\" data-id=\"1a02f44\" data-element_type=\"widget\" data-e-type=\"widget\" data-widget_type=\"mkdf_button.default\">\n\t\t\t\t<div class=\"elementor-widget-container\">\n\t\t\t\t\t<a itemprop=\"url\" href=\"\/de\/ueber\/\" target=\"_self\" style=\"color: #7A271E;background-color: #FFFFFF;border-color: #FFFFFF\" class=\"mkdf-btn mkdf-btn-medium mkdf-btn-solid mkdf-btn-custom-hover-color\" data-hover-color=\"#D48B28\" 0=\"color: #7A271E\" 1=\"background-color: #FFFFFF\" 2=\"border-color: #FFFFFF\">\n    <span class=\"mkdf-btn-text\">Mehr erfahren<\/span>\n    <\/a>\t\t\t\t<\/div>\n\t\t\t\t<\/div>\n\t\t\t\t\t<\/div>\n\t\t<\/div>\n\t\t\t\t\t<\/div>\n\t\t<\/section>\n\t\t\t\t<section class=\"elementor-section elementor-top-section elementor-element elementor-element-53de77b mkdf-elementor-row-grid-section elementor-section-boxed elementor-section-height-default elementor-section-height-default mkdf-parallax-row-no mkdf-content-aligment-left mkdf-disabled-bg-image-bellow-no mkdf-row-btt-light\" data-id=\"53de77b\" data-element_type=\"section\" data-e-type=\"section\">\n\t\t\t\t\t\t<div class=\"elementor-container elementor-column-gap-default\">\n\t\t\t\t\t<div class=\"elementor-column elementor-col-33 elementor-top-column elementor-element elementor-element-06b8b77\" data-id=\"06b8b77\" data-element_type=\"column\" data-e-type=\"column\">\n\t\t\t<div class=\"elementor-widget-wrap elementor-element-populated\">\n\t\t\t\t\t\t<div class=\"elementor-element elementor-element-6b17847 elementor-widget elementor-widget-mkdf_counter\" data-id=\"6b17847\" data-element_type=\"widget\" data-e-type=\"widget\" data-widget_type=\"mkdf_counter.default\">\n\t\t\t\t<div class=\"elementor-widget-container\">\n\t\t\t\t\t<div class=\"mkdf-counter-holder mkdf-shadow-counter   mkdf-counter-transparent-skin\" >\n\t<div class=\"mkdf-counter-inner clearfix\">\n        <div class=\"mkdf-counter-number mkdf-shadow-counter clearfix\">\n                                                <span class=\"mkdf-counter-background\"  >80<\/span>\n                                <span class=\"mkdf-counter mkdf-shadow-counter mkdf-zero-counter\" style=\"font-size: 60px;color: #7A271E\">80<\/span>\n                    <\/div>\n        <div class=\"mkdf-counter-content mkdf-shadow-counter\">\n                            <p class=\"mkdf-counter-text\" style=\"color: #D48B28\">Milliarden <\/p>\n                                        <h3 class=\"mkdf-counter-title\" >\n                    Bauvolumen                <\/h3>\n                    <\/div>\n\t<\/div>\n<\/div>\t\t\t\t<\/div>\n\t\t\t\t<\/div>\n\t\t\t\t\t<\/div>\n\t\t<\/div>\n\t\t\t\t<div class=\"elementor-column elementor-col-33 elementor-top-column elementor-element elementor-element-04f94cf\" data-id=\"04f94cf\" data-element_type=\"column\" data-e-type=\"column\">\n\t\t\t<div class=\"elementor-widget-wrap elementor-element-populated\">\n\t\t\t\t\t\t<div class=\"elementor-element elementor-element-47893d7 elementor-widget elementor-widget-mkdf_counter\" data-id=\"47893d7\" data-element_type=\"widget\" data-e-type=\"widget\" data-widget_type=\"mkdf_counter.default\">\n\t\t\t\t<div class=\"elementor-widget-container\">\n\t\t\t\t\t<div class=\"mkdf-counter-holder mkdf-shadow-counter   mkdf-counter-transparent-skin\" >\n\t<div class=\"mkdf-counter-inner clearfix\">\n        <div class=\"mkdf-counter-number mkdf-shadow-counter clearfix\">\n                                                <span class=\"mkdf-counter-background\"  >100<\/span>\n                                <span class=\"mkdf-counter mkdf-shadow-counter mkdf-zero-counter\" style=\"font-size: 60px;color: #7A271E\">100<\/span>\n                    <\/div>\n        <div class=\"mkdf-counter-content mkdf-shadow-counter\">\n                            <p class=\"mkdf-counter-text\" style=\"color: #D48B28\">Realisierte <\/p>\n                                        <h3 class=\"mkdf-counter-title\" style=\"color: #7A271E\">\n                    Projekte                <\/h3>\n                    <\/div>\n\t<\/div>\n<\/div>\t\t\t\t<\/div>\n\t\t\t\t<\/div>\n\t\t\t\t\t<\/div>\n\t\t<\/div>\n\t\t\t\t<div class=\"elementor-column elementor-col-33 elementor-top-column elementor-element elementor-element-eb2bd22\" data-id=\"eb2bd22\" data-element_type=\"column\" data-e-type=\"column\">\n\t\t\t<div class=\"elementor-widget-wrap elementor-element-populated\">\n\t\t\t\t\t\t<div class=\"elementor-element elementor-element-82d8922 elementor-widget elementor-widget-mkdf_counter\" data-id=\"82d8922\" data-element_type=\"widget\" data-e-type=\"widget\" data-widget_type=\"mkdf_counter.default\">\n\t\t\t\t<div class=\"elementor-widget-container\">\n\t\t\t\t\t<div class=\"mkdf-counter-holder mkdf-shadow-counter   mkdf-counter-transparent-skin\" >\n\t<div class=\"mkdf-counter-inner clearfix\">\n        <div class=\"mkdf-counter-number mkdf-shadow-counter clearfix\">\n                                                <span class=\"mkdf-counter-background\"  style=\"-webkit-text-stroke-color: #DEDFE0\">08<\/span>\n                                <span class=\"mkdf-counter mkdf-shadow-counter mkdf-zero-counter\" style=\"font-size: 60px;color: #7A271E\">08<\/span>\n                    <\/div>\n        <div class=\"mkdf-counter-content mkdf-shadow-counter\">\n                            <p class=\"mkdf-counter-text\" style=\"color: #D48B28\">Preistr\u00e4ger <\/p>\n                                        <h3 class=\"mkdf-counter-title\" >\n                    Architekturwettbewerben                <\/h3>\n                    <\/div>\n\t<\/div>\n<\/div>\t\t\t\t<\/div>\n\t\t\t\t<\/div>\n\t\t\t\t\t<\/div>\n\t\t<\/div>\n\t\t\t\t\t<\/div>\n\t\t<\/section>\n\t\t\t\t<\/div>\n\t\t","protected":false},"excerpt":{"rendered":"<p>UNSERE GESCHICHTE KENNEN Wer sind wir ? Wir sind ein Architekturb\u00fcro, das seit \u00fcber drei\u00dfig Jahren alle leistungsphasen der Bauausf\u00fchrung durchf\u00fchrt. Wir stellen Ihnen unser Fachwissen zur Verf\u00fcgung, unabh\u00e4ngig von der Gr\u00f6\u00dfe Ihres Projekts. Mehr erfahren Unsere Projekte Verwaltungsgeb\u00e4ude PPI [&hellip;]<\/p>\n","protected":false},"author":1,"featured_media":10476,"parent":0,"menu_order":0,"comment_status":"closed","ping_status":"closed","template":"full-width.php","meta":{"_seopress_robots_primary_cat":"","_seopress_titles_title":"Bureau d&#039;architecture et design au Burkina Faso","_seopress_titles_desc":"Le BAD est sp\u00e9cialis\u00e9 dans la conception architecturale, le suivi contr\u00f4le de chantiers et l&#039;estimation financi\u00e8re de la valeur de batiments","_seopress_robots_index":"","footnotes":""},"class_list":["post-12199","page","type-page","status-publish","has-post-thumbnail","hentry"],"_links":{"self":[{"href":"https:\/\/www.architecture.bf\/de\/wp-json\/wp\/v2\/pages\/12199","targetHints":{"allow":["GET"]}}],"collection":[{"href":"https:\/\/www.architecture.bf\/de\/wp-json\/wp\/v2\/pages"}],"about":[{"href":"https:\/\/www.architecture.bf\/de\/wp-json\/wp\/v2\/types\/page"}],"author":[{"embeddable":true,"href":"https:\/\/www.architecture.bf\/de\/wp-json\/wp\/v2\/users\/1"}],"replies":[{"embeddable":true,"href":"https:\/\/www.architecture.bf\/de\/wp-json\/wp\/v2\/comments?post=12199"}],"version-history":[{"count":1,"href":"https:\/\/www.architecture.bf\/de\/wp-json\/wp\/v2\/pages\/12199\/revisions"}],"predecessor-version":[{"id":15537,"href":"https:\/\/www.architecture.bf\/de\/wp-json\/wp\/v2\/pages\/12199\/revisions\/15537"}],"wp:featuredmedia":[{"embeddable":true,"href":"https:\/\/www.architecture.bf\/de\/wp-json\/wp\/v2\/media\/10476"}],"wp:attachment":[{"href":"https:\/\/www.architecture.bf\/de\/wp-json\/wp\/v2\/media?parent=12199"}],"curies":[{"name":"wp","href":"https:\/\/api.w.org\/{rel}","templated":true}]}}