{"id":12057,"date":"2018-12-17T12:41:20","date_gmt":"2018-12-17T12:41:20","guid":{"rendered":"https:\/\/www.architecture.bf\/references\/"},"modified":"2022-03-21T18:03:49","modified_gmt":"2022-03-21T18:03:49","slug":"references","status":"publish","type":"page","link":"https:\/\/www.architecture.bf\/en\/references\/","title":{"rendered":"References"},"content":{"rendered":"\t\t<div data-elementor-type=\"wp-page\" data-elementor-id=\"12057\" class=\"elementor elementor-12057 elementor-1603\" data-elementor-post-type=\"page\">\n\t\t\t\t\t\t<section class=\"elementor-section elementor-top-section elementor-element elementor-element-029e465 elementor-section-boxed elementor-section-height-default elementor-section-height-default mkdf-parallax-row-no mkdf-content-aligment-left mkdf-elementor-row-grid-no mkdf-disabled-bg-image-bellow-no mkdf-row-btt-light\" data-id=\"029e465\" data-element_type=\"section\" data-e-type=\"section\">\n\t\t\t\t\t\t<div class=\"elementor-container elementor-column-gap-default\">\n\t\t\t\t\t<div class=\"elementor-column elementor-col-100 elementor-top-column elementor-element elementor-element-eded8c6\" data-id=\"eded8c6\" data-element_type=\"column\" data-e-type=\"column\">\n\t\t\t<div class=\"elementor-widget-wrap elementor-element-populated\">\n\t\t\t\t\t\t<div class=\"elementor-element elementor-element-3c51bba elementor-widget elementor-widget-mkdf_portfolio_list\" data-id=\"3c51bba\" data-element_type=\"widget\" data-e-type=\"widget\" data-widget_type=\"mkdf_portfolio_list.default\">\n\t\t\t\t<div class=\"elementor-widget-container\">\n\t\t\t\t\t<div class=\"mkdf-portfolio-list-holder mkdf-grid-list mkdf-disable-bottom-space mkdf-pl-gallery mkdf-three-columns mkdf-normal-space mkdf-pl-gallery-overlay    mkdf-pl-pag-load-more mkdf-pl-has-filter     mkdf-pl-light-skin\"  data-type=gallery data-skin=light-skin data-number-of-columns=three data-space-between-items=normal data-number-of-items=200 data-image-proportions=full data-enable-image-shadow=no data-orderby=date data-order=ASC data-item-style=gallery-overlay data-enable-title=yes data-title-tag=h4 data-enable-category=yes data-enable-count-images=yes data-enable-excerpt=no data-readmore=no data-pagination-type=load-more data-load-more-top-margin=30 data-filter=yes data-filter-order-by=name data-enable-article-animation=no data-portfolio-slider-on=no data-enable-loop=yes data-enable-autoplay=yes data-slider-speed=5000 data-slider-speed-animation=600 data-enable-navigation=yes data-enable-pagination=yes data-enable-auto-width=no data-max-num-pages=1 data-next-page=2>\n\t\t<div class=\"mkdf-pl-filter-holder\" >\n\t\t<div class=\"mkdf-plf-inner\">\n\t\t\t\t\t\t\t<ul >\n\t\t\t\t\t<li class=\"mkdf-pl-filter\" data-filter=\"\">\n\t\t\t\t\t\t<span>Show all<\/span>\n\t\t\t\t\t<\/li>\n\t\t\t\t\t\t\t\t\t\t\t<li class=\"mkdf-pl-filter\" data-filter=\".portfolio-category-administrative-building\">\n\t\t\t\t\t\t\t<span>Administrative building<\/span>\n\t\t\t\t\t\t<\/li>\n\t\t\t\t\t\t\t\t\t\t\t<li class=\"mkdf-pl-filter\" data-filter=\".portfolio-category-buildings\">\n\t\t\t\t\t\t\t<span>Buildings<\/span>\n\t\t\t\t\t\t<\/li>\n\t\t\t\t\t\t\t\t\t\t\t<li class=\"mkdf-pl-filter\" data-filter=\".portfolio-category-competition\">\n\t\t\t\t\t\t\t<span>Competition<\/span>\n\t\t\t\t\t\t<\/li>\n\t\t\t\t\t\t\t\t\t\t\t<li class=\"mkdf-pl-filter\" data-filter=\".portfolio-category-education-en\">\n\t\t\t\t\t\t\t<span>Education<\/span>\n\t\t\t\t\t\t<\/li>\n\t\t\t\t\t\t\t\t\t\t\t<li class=\"mkdf-pl-filter\" data-filter=\".portfolio-category-factory\">\n\t\t\t\t\t\t\t<span>Factory<\/span>\n\t\t\t\t\t\t<\/li>\n\t\t\t\t\t\t\t\t\t\t\t<li class=\"mkdf-pl-filter\" data-filter=\".portfolio-category-health\">\n\t\t\t\t\t\t\t<span>Health<\/span>\n\t\t\t\t\t\t<\/li>\n\t\t\t\t\t\t\t\t\t\t\t<li class=\"mkdf-pl-filter\" data-filter=\".portfolio-category-place-of-worship\">\n\t\t\t\t\t\t\t<span>Place of worship<\/span>\n\t\t\t\t\t\t<\/li>\n\t\t\t\t\t\t\t\t\t\t\t<li class=\"mkdf-pl-filter\" data-filter=\".portfolio-category-rehabilitation-en\">\n\t\t\t\t\t\t\t<span>Rehabilitation<\/span>\n\t\t\t\t\t\t<\/li>\n\t\t\t\t\t\t\t\t\t\t\t<li class=\"mkdf-pl-filter\" data-filter=\".portfolio-category-research-center\">\n\t\t\t\t\t\t\t<span>Research center<\/span>\n\t\t\t\t\t\t<\/li>\n\t\t\t\t\t\t\t\t\t\t\t<li class=\"mkdf-pl-filter\" data-filter=\".portfolio-category-villas-en\">\n\t\t\t\t\t\t\t<span>Villas<\/span>\n\t\t\t\t\t\t<\/li>\n\t\t\t\t\t\t\t\t\t<\/ul>\n\t\t\t\t\t<\/div>\n\t<\/div>\n\t<div class=\"mkdf-pl-inner mkdf-outer-space  clearfix\">\n\t\t<article class=\"mkdf-pl-item mkdf-item-space  post-12117 portfolio-item type-portfolio-item status-publish has-post-thumbnail hentry portfolio-category-administrative-building portfolio-tag-ouagadougou\">\n\t<div class=\"mkdf-pl-item-inner\">\n\t\t<a href=\"https:\/\/www.architecture.bf\/en\/reference\/ppi\/\">\n<div class=\"mkdf-pli-image\">\n\t<img fetchpriority=\"high\" decoding=\"async\" width=\"2048\" height=\"1536\" src=\"https:\/\/www.architecture.bf\/wp-content\/uploads\/PIC_0023-scaled.jpg\" class=\"attachment-full size-full wp-post-image\" alt=\"\" srcset=\"https:\/\/www.architecture.bf\/wp-content\/uploads\/PIC_0023-scaled.jpg 2048w, https:\/\/www.architecture.bf\/wp-content\/uploads\/PIC_0023-300x225.jpg 300w, https:\/\/www.architecture.bf\/wp-content\/uploads\/PIC_0023-1024x768.jpg 1024w, https:\/\/www.architecture.bf\/wp-content\/uploads\/PIC_0023-150x113.jpg 150w, https:\/\/www.architecture.bf\/wp-content\/uploads\/PIC_0023-768x576.jpg 768w, https:\/\/www.architecture.bf\/wp-content\/uploads\/PIC_0023-1536x1152.jpg 1536w\" sizes=\"(max-width: 2048px) 100vw, 2048px\" \/><\/div>\n<\/a>\n<div class=\"mkdf-pli-text-holder\">\n\t<div class=\"mkdf-pli-text-wrapper\">\n\t\t<div class=\"mkdf-pli-text\">\n            \t\t<h6 class=\"mkdf-pli-category-holder\">\n\t\t\t\t\t\t\t<a itemprop=\"url\" class=\"mkdf-pli-category\" href=\"https:\/\/www.architecture.bf\/en\/portfolio-category\/administrative-building\/\">Administrative building<\/a>\n\t\t\t\t\t<\/h6>\n\t\n                <a href=\"https:\/\/www.architecture.bf\/en\/reference\/ppi\/\">\n\t<h4 itemprop=\"name\" class=\"mkdf-pli-title entry-title\" >\n\t\tPPI\t<\/h4>\n    <\/a>\n\n            \n            \n            \t\t<\/div>\n\t<\/div>\n<\/div>\n\t\t<a itemprop=\"url\" class=\"mkdf-pli-link mkdf-block-drag-link\" href=\"https:\/\/www.architecture.bf\/en\/reference\/ppi\/\" target=\"_self\"><\/a>\n\t<\/div>\n<\/article><article class=\"mkdf-pl-item mkdf-item-space  post-12118 portfolio-item type-portfolio-item status-publish has-post-thumbnail hentry portfolio-category-administrative-building\">\n\t<div class=\"mkdf-pl-item-inner\">\n\t\t<a href=\"https:\/\/www.architecture.bf\/en\/reference\/crepa-headquarters\/\">\n<div class=\"mkdf-pli-image\">\n\t<img decoding=\"async\" width=\"2048\" height=\"1536\" src=\"https:\/\/www.architecture.bf\/wp-content\/uploads\/IMAG0027.jpg\" class=\"attachment-full size-full wp-post-image\" alt=\"\" srcset=\"https:\/\/www.architecture.bf\/wp-content\/uploads\/IMAG0027.jpg 2048w, https:\/\/www.architecture.bf\/wp-content\/uploads\/IMAG0027-300x225.jpg 300w, https:\/\/www.architecture.bf\/wp-content\/uploads\/IMAG0027-1024x768.jpg 1024w, https:\/\/www.architecture.bf\/wp-content\/uploads\/IMAG0027-150x113.jpg 150w, https:\/\/www.architecture.bf\/wp-content\/uploads\/IMAG0027-768x576.jpg 768w, https:\/\/www.architecture.bf\/wp-content\/uploads\/IMAG0027-1536x1152.jpg 1536w\" sizes=\"(max-width: 2048px) 100vw, 2048px\" \/><\/div>\n<\/a>\n<div class=\"mkdf-pli-text-holder\">\n\t<div class=\"mkdf-pli-text-wrapper\">\n\t\t<div class=\"mkdf-pli-text\">\n            \t\t<h6 class=\"mkdf-pli-category-holder\">\n\t\t\t\t\t\t\t<a itemprop=\"url\" class=\"mkdf-pli-category\" href=\"https:\/\/www.architecture.bf\/en\/portfolio-category\/administrative-building\/\">Administrative building<\/a>\n\t\t\t\t\t<\/h6>\n\t\n                <a href=\"https:\/\/www.architecture.bf\/en\/reference\/crepa-headquarters\/\">\n\t<h4 itemprop=\"name\" class=\"mkdf-pli-title entry-title\" >\n\t\tCREPA Headquarters\t<\/h4>\n    <\/a>\n\n            \n            \n            \t\t<\/div>\n\t<\/div>\n<\/div>\n\t\t<a itemprop=\"url\" class=\"mkdf-pli-link mkdf-block-drag-link\" href=\"https:\/\/www.architecture.bf\/en\/reference\/crepa-headquarters\/\" target=\"_self\"><\/a>\n\t<\/div>\n<\/article><article class=\"mkdf-pl-item mkdf-item-space  post-12115 portfolio-item type-portfolio-item status-publish has-post-thumbnail hentry portfolio-category-administrative-building\">\n\t<div class=\"mkdf-pl-item-inner\">\n\t\t<a href=\"https:\/\/www.architecture.bf\/en\/reference\/amvs\/\">\n<div class=\"mkdf-pli-image\">\n\t<img decoding=\"async\" width=\"1352\" height=\"990\" src=\"https:\/\/www.architecture.bf\/wp-content\/uploads\/facade1entree-principale.jpg\" class=\"attachment-full size-full wp-post-image\" alt=\"\" srcset=\"https:\/\/www.architecture.bf\/wp-content\/uploads\/facade1entree-principale.jpg 1352w, https:\/\/www.architecture.bf\/wp-content\/uploads\/facade1entree-principale-300x220.jpg 300w, https:\/\/www.architecture.bf\/wp-content\/uploads\/facade1entree-principale-1024x750.jpg 1024w, https:\/\/www.architecture.bf\/wp-content\/uploads\/facade1entree-principale-150x110.jpg 150w, https:\/\/www.architecture.bf\/wp-content\/uploads\/facade1entree-principale-768x562.jpg 768w\" sizes=\"(max-width: 1352px) 100vw, 1352px\" \/><\/div>\n<\/a>\n<div class=\"mkdf-pli-text-holder\">\n\t<div class=\"mkdf-pli-text-wrapper\">\n\t\t<div class=\"mkdf-pli-text\">\n            \t\t<h6 class=\"mkdf-pli-category-holder\">\n\t\t\t\t\t\t\t<a itemprop=\"url\" class=\"mkdf-pli-category\" href=\"https:\/\/www.architecture.bf\/en\/portfolio-category\/administrative-building\/\">Administrative building<\/a>\n\t\t\t\t\t<\/h6>\n\t\n                <a href=\"https:\/\/www.architecture.bf\/en\/reference\/amvs\/\">\n\t<h4 itemprop=\"name\" class=\"mkdf-pli-title entry-title\" >\n\t\tAMVS\t<\/h4>\n    <\/a>\n\n            \n            \n            \t\t<\/div>\n\t<\/div>\n<\/div>\n\t\t<a itemprop=\"url\" class=\"mkdf-pli-link mkdf-block-drag-link\" href=\"https:\/\/www.architecture.bf\/en\/reference\/amvs\/\" target=\"_self\"><\/a>\n\t<\/div>\n<\/article><article class=\"mkdf-pl-item mkdf-item-space  post-12116 portfolio-item type-portfolio-item status-publish has-post-thumbnail hentry portfolio-category-administrative-building portfolio-tag-ouagadougou\">\n\t<div class=\"mkdf-pl-item-inner\">\n\t\t<a href=\"https:\/\/www.architecture.bf\/en\/reference\/language-lab\/\">\n<div class=\"mkdf-pli-image\">\n\t<img loading=\"lazy\" decoding=\"async\" width=\"2048\" height=\"1536\" src=\"https:\/\/www.architecture.bf\/wp-content\/uploads\/PIC_0064-scaled.jpg\" class=\"attachment-full size-full wp-post-image\" alt=\"\" srcset=\"https:\/\/www.architecture.bf\/wp-content\/uploads\/PIC_0064-scaled.jpg 2048w, https:\/\/www.architecture.bf\/wp-content\/uploads\/PIC_0064-300x225.jpg 300w, https:\/\/www.architecture.bf\/wp-content\/uploads\/PIC_0064-1024x768.jpg 1024w, https:\/\/www.architecture.bf\/wp-content\/uploads\/PIC_0064-150x113.jpg 150w, https:\/\/www.architecture.bf\/wp-content\/uploads\/PIC_0064-768x576.jpg 768w, https:\/\/www.architecture.bf\/wp-content\/uploads\/PIC_0064-1536x1152.jpg 1536w\" sizes=\"(max-width: 2048px) 100vw, 2048px\" \/><\/div>\n<\/a>\n<div class=\"mkdf-pli-text-holder\">\n\t<div class=\"mkdf-pli-text-wrapper\">\n\t\t<div class=\"mkdf-pli-text\">\n            \t\t<h6 class=\"mkdf-pli-category-holder\">\n\t\t\t\t\t\t\t<a itemprop=\"url\" class=\"mkdf-pli-category\" href=\"https:\/\/www.architecture.bf\/en\/portfolio-category\/administrative-building\/\">Administrative building<\/a>\n\t\t\t\t\t<\/h6>\n\t\n                <a href=\"https:\/\/www.architecture.bf\/en\/reference\/language-lab\/\">\n\t<h4 itemprop=\"name\" class=\"mkdf-pli-title entry-title\" >\n\t\tLanguage Lab\t<\/h4>\n    <\/a>\n\n            \n            \n            \t\t<\/div>\n\t<\/div>\n<\/div>\n\t\t<a itemprop=\"url\" class=\"mkdf-pli-link mkdf-block-drag-link\" href=\"https:\/\/www.architecture.bf\/en\/reference\/language-lab\/\" target=\"_self\"><\/a>\n\t<\/div>\n<\/article><article class=\"mkdf-pl-item mkdf-item-space  post-12151 portfolio-item type-portfolio-item status-publish has-post-thumbnail hentry portfolio-category-research-center portfolio-tag-dano\">\n\t<div class=\"mkdf-pl-item-inner\">\n\t\t<a href=\"https:\/\/www.architecture.bf\/en\/reference\/dreyer-foundation-scientific-research-and-training-center\/\">\n<div class=\"mkdf-pli-image\">\n\t<img loading=\"lazy\" decoding=\"async\" width=\"1333\" height=\"2000\" src=\"https:\/\/www.architecture.bf\/wp-content\/uploads\/Centre-18.jpg\" class=\"attachment-full size-full wp-post-image\" alt=\"\" srcset=\"https:\/\/www.architecture.bf\/wp-content\/uploads\/Centre-18.jpg 1333w, https:\/\/www.architecture.bf\/wp-content\/uploads\/Centre-18-200x300.jpg 200w, https:\/\/www.architecture.bf\/wp-content\/uploads\/Centre-18-682x1024.jpg 682w, https:\/\/www.architecture.bf\/wp-content\/uploads\/Centre-18-100x150.jpg 100w, https:\/\/www.architecture.bf\/wp-content\/uploads\/Centre-18-768x1152.jpg 768w, https:\/\/www.architecture.bf\/wp-content\/uploads\/Centre-18-1024x1536.jpg 1024w\" sizes=\"(max-width: 1333px) 100vw, 1333px\" \/><\/div>\n<\/a>\n<div class=\"mkdf-pli-text-holder\">\n\t<div class=\"mkdf-pli-text-wrapper\">\n\t\t<div class=\"mkdf-pli-text\">\n            \t\t<h6 class=\"mkdf-pli-category-holder\">\n\t\t\t\t\t\t\t<a itemprop=\"url\" class=\"mkdf-pli-category\" href=\"https:\/\/www.architecture.bf\/en\/portfolio-category\/research-center\/\">Research center<\/a>\n\t\t\t\t\t<\/h6>\n\t\n                <a href=\"https:\/\/www.architecture.bf\/en\/reference\/dreyer-foundation-scientific-research-and-training-center\/\">\n\t<h4 itemprop=\"name\" class=\"mkdf-pli-title entry-title\" >\n\t\tDreyer Foundation &#8211; Scientific Research and Training Center\t<\/h4>\n    <\/a>\n\n            \n            \n            \t\t<\/div>\n\t<\/div>\n<\/div>\n\t\t<a itemprop=\"url\" class=\"mkdf-pli-link mkdf-block-drag-link\" href=\"https:\/\/www.architecture.bf\/en\/reference\/dreyer-foundation-scientific-research-and-training-center\/\" target=\"_self\"><\/a>\n\t<\/div>\n<\/article><article class=\"mkdf-pl-item mkdf-item-space  post-12164 portfolio-item type-portfolio-item status-publish has-post-thumbnail hentry portfolio-category-education-en\">\n\t<div class=\"mkdf-pl-item-inner\">\n\t\t<a href=\"https:\/\/www.architecture.bf\/en\/reference\/2ie\/\">\n<div class=\"mkdf-pli-image\">\n\t<img loading=\"lazy\" decoding=\"async\" width=\"1600\" height=\"1200\" src=\"https:\/\/www.architecture.bf\/wp-content\/uploads\/site-de-kamboinsin-049.jpg\" class=\"attachment-full size-full wp-post-image\" alt=\"\" srcset=\"https:\/\/www.architecture.bf\/wp-content\/uploads\/site-de-kamboinsin-049.jpg 1600w, https:\/\/www.architecture.bf\/wp-content\/uploads\/site-de-kamboinsin-049-300x225.jpg 300w, https:\/\/www.architecture.bf\/wp-content\/uploads\/site-de-kamboinsin-049-1024x768.jpg 1024w, https:\/\/www.architecture.bf\/wp-content\/uploads\/site-de-kamboinsin-049-150x113.jpg 150w, https:\/\/www.architecture.bf\/wp-content\/uploads\/site-de-kamboinsin-049-768x576.jpg 768w, https:\/\/www.architecture.bf\/wp-content\/uploads\/site-de-kamboinsin-049-1536x1152.jpg 1536w\" sizes=\"(max-width: 1600px) 100vw, 1600px\" \/><\/div>\n<\/a>\n<div class=\"mkdf-pli-text-holder\">\n\t<div class=\"mkdf-pli-text-wrapper\">\n\t\t<div class=\"mkdf-pli-text\">\n            \t\t<h6 class=\"mkdf-pli-category-holder\">\n\t\t\t\t\t\t\t<a itemprop=\"url\" class=\"mkdf-pli-category\" href=\"https:\/\/www.architecture.bf\/en\/portfolio-category\/education-en\/\">Education<\/a>\n\t\t\t\t\t<\/h6>\n\t\n                <a href=\"https:\/\/www.architecture.bf\/en\/reference\/2ie\/\">\n\t<h4 itemprop=\"name\" class=\"mkdf-pli-title entry-title\" >\n\t\t2ie\t<\/h4>\n    <\/a>\n\n            \n            \n            \t\t<\/div>\n\t<\/div>\n<\/div>\n\t\t<a itemprop=\"url\" class=\"mkdf-pli-link mkdf-block-drag-link\" href=\"https:\/\/www.architecture.bf\/en\/reference\/2ie\/\" target=\"_self\"><\/a>\n\t<\/div>\n<\/article><article class=\"mkdf-pl-item mkdf-item-space  post-12152 portfolio-item type-portfolio-item status-publish has-post-thumbnail hentry portfolio-category-education-en portfolio-tag-dano\">\n\t<div class=\"mkdf-pl-item-inner\">\n\t\t<a href=\"https:\/\/www.architecture.bf\/en\/reference\/dreyer-foundation-kindergarten-regina-schuh\/\">\n<div class=\"mkdf-pli-image\">\n\t<img loading=\"lazy\" decoding=\"async\" width=\"2000\" height=\"1333\" src=\"https:\/\/www.architecture.bf\/wp-content\/uploads\/IMG_1563.jpg\" class=\"attachment-full size-full wp-post-image\" alt=\"\" srcset=\"https:\/\/www.architecture.bf\/wp-content\/uploads\/IMG_1563.jpg 2000w, https:\/\/www.architecture.bf\/wp-content\/uploads\/IMG_1563-300x200.jpg 300w, https:\/\/www.architecture.bf\/wp-content\/uploads\/IMG_1563-1024x682.jpg 1024w, https:\/\/www.architecture.bf\/wp-content\/uploads\/IMG_1563-150x100.jpg 150w, https:\/\/www.architecture.bf\/wp-content\/uploads\/IMG_1563-768x512.jpg 768w, https:\/\/www.architecture.bf\/wp-content\/uploads\/IMG_1563-1536x1024.jpg 1536w\" sizes=\"(max-width: 2000px) 100vw, 2000px\" \/><\/div>\n<\/a>\n<div class=\"mkdf-pli-text-holder\">\n\t<div class=\"mkdf-pli-text-wrapper\">\n\t\t<div class=\"mkdf-pli-text\">\n            \t\t<h6 class=\"mkdf-pli-category-holder\">\n\t\t\t\t\t\t\t<a itemprop=\"url\" class=\"mkdf-pli-category\" href=\"https:\/\/www.architecture.bf\/en\/portfolio-category\/education-en\/\">Education<\/a>\n\t\t\t\t\t<\/h6>\n\t\n                <a href=\"https:\/\/www.architecture.bf\/en\/reference\/dreyer-foundation-kindergarten-regina-schuh\/\">\n\t<h4 itemprop=\"name\" class=\"mkdf-pli-title entry-title\" >\n\t\tDreyer Foundation &#8211; Kindergarten Regina Schuh\t<\/h4>\n    <\/a>\n\n            \n            \n            \t\t<\/div>\n\t<\/div>\n<\/div>\n\t\t<a itemprop=\"url\" class=\"mkdf-pli-link mkdf-block-drag-link\" href=\"https:\/\/www.architecture.bf\/en\/reference\/dreyer-foundation-kindergarten-regina-schuh\/\" target=\"_self\"><\/a>\n\t<\/div>\n<\/article><article class=\"mkdf-pl-item mkdf-item-space  post-12138 portfolio-item type-portfolio-item status-publish has-post-thumbnail hentry portfolio-category-factory portfolio-category-research-center portfolio-tag-dano\">\n\t<div class=\"mkdf-pl-item-inner\">\n\t\t<a href=\"https:\/\/www.architecture.bf\/en\/reference\/dreyer-foundation-rice-processing-plant-in-dano\/\">\n<div class=\"mkdf-pli-image\">\n\t<img loading=\"lazy\" decoding=\"async\" width=\"2048\" height=\"1536\" src=\"https:\/\/www.architecture.bf\/wp-content\/uploads\/20180105_110038-scaled.jpg\" class=\"attachment-full size-full wp-post-image\" alt=\"\" srcset=\"https:\/\/www.architecture.bf\/wp-content\/uploads\/20180105_110038-scaled.jpg 2048w, https:\/\/www.architecture.bf\/wp-content\/uploads\/20180105_110038-300x225.jpg 300w, https:\/\/www.architecture.bf\/wp-content\/uploads\/20180105_110038-1024x768.jpg 1024w, https:\/\/www.architecture.bf\/wp-content\/uploads\/20180105_110038-150x113.jpg 150w, https:\/\/www.architecture.bf\/wp-content\/uploads\/20180105_110038-768x576.jpg 768w, https:\/\/www.architecture.bf\/wp-content\/uploads\/20180105_110038-1536x1152.jpg 1536w\" sizes=\"(max-width: 2048px) 100vw, 2048px\" \/><\/div>\n<\/a>\n<div class=\"mkdf-pli-text-holder\">\n\t<div class=\"mkdf-pli-text-wrapper\">\n\t\t<div class=\"mkdf-pli-text\">\n            \t\t<h6 class=\"mkdf-pli-category-holder\">\n\t\t\t\t\t\t\t<a itemprop=\"url\" class=\"mkdf-pli-category\" href=\"https:\/\/www.architecture.bf\/en\/portfolio-category\/factory\/\">Factory<\/a>\n\t\t\t\t\t\t\t<a itemprop=\"url\" class=\"mkdf-pli-category\" href=\"https:\/\/www.architecture.bf\/en\/portfolio-category\/research-center\/\">Research center<\/a>\n\t\t\t\t\t<\/h6>\n\t\n                <a href=\"https:\/\/www.architecture.bf\/en\/reference\/dreyer-foundation-rice-processing-plant-in-dano\/\">\n\t<h4 itemprop=\"name\" class=\"mkdf-pli-title entry-title\" >\n\t\tDreyer Foundation &#8211; Rice processing plant in Dano\t<\/h4>\n    <\/a>\n\n            \n            \n            \t\t<\/div>\n\t<\/div>\n<\/div>\n\t\t<a itemprop=\"url\" class=\"mkdf-pli-link mkdf-block-drag-link\" href=\"https:\/\/www.architecture.bf\/en\/reference\/dreyer-foundation-rice-processing-plant-in-dano\/\" target=\"_self\"><\/a>\n\t<\/div>\n<\/article><article class=\"mkdf-pl-item mkdf-item-space  post-12160 portfolio-item type-portfolio-item status-publish has-post-thumbnail hentry portfolio-category-buildings portfolio-tag-ouaga-2000\">\n\t<div class=\"mkdf-pl-item-inner\">\n\t\t<a href=\"https:\/\/www.architecture.bf\/en\/reference\/private-3\/\">\n<div class=\"mkdf-pli-image\">\n\t<img loading=\"lazy\" decoding=\"async\" width=\"2048\" height=\"1651\" src=\"https:\/\/www.architecture.bf\/wp-content\/uploads\/View-13-1-scaled.jpg\" class=\"attachment-full size-full wp-post-image\" alt=\"\" srcset=\"https:\/\/www.architecture.bf\/wp-content\/uploads\/View-13-1-scaled.jpg 2048w, https:\/\/www.architecture.bf\/wp-content\/uploads\/View-13-1-300x242.jpg 300w, https:\/\/www.architecture.bf\/wp-content\/uploads\/View-13-1-1024x826.jpg 1024w, https:\/\/www.architecture.bf\/wp-content\/uploads\/View-13-1-150x121.jpg 150w, https:\/\/www.architecture.bf\/wp-content\/uploads\/View-13-1-768x619.jpg 768w, https:\/\/www.architecture.bf\/wp-content\/uploads\/View-13-1-1536x1239.jpg 1536w\" sizes=\"(max-width: 2048px) 100vw, 2048px\" \/><\/div>\n<\/a>\n<div class=\"mkdf-pli-text-holder\">\n\t<div class=\"mkdf-pli-text-wrapper\">\n\t\t<div class=\"mkdf-pli-text\">\n            \t\t<h6 class=\"mkdf-pli-category-holder\">\n\t\t\t\t\t\t\t<a itemprop=\"url\" class=\"mkdf-pli-category\" href=\"https:\/\/www.architecture.bf\/en\/portfolio-category\/buildings\/\">Buildings<\/a>\n\t\t\t\t\t<\/h6>\n\t\n                <a href=\"https:\/\/www.architecture.bf\/en\/reference\/private-3\/\">\n\t<h4 itemprop=\"name\" class=\"mkdf-pli-title entry-title\" >\n\t\tPrivate\t<\/h4>\n    <\/a>\n\n            \n            \n            \t\t<\/div>\n\t<\/div>\n<\/div>\n\t\t<a itemprop=\"url\" class=\"mkdf-pli-link mkdf-block-drag-link\" href=\"https:\/\/www.architecture.bf\/en\/reference\/private-3\/\" target=\"_self\"><\/a>\n\t<\/div>\n<\/article><article class=\"mkdf-pl-item mkdf-item-space  post-12153 portfolio-item type-portfolio-item status-publish has-post-thumbnail hentry portfolio-category-rehabilitation-en portfolio-tag-matourkou-bobo\">\n\t<div class=\"mkdf-pl-item-inner\">\n\t\t<a href=\"https:\/\/www.architecture.bf\/en\/reference\/shed-in-office-for-the-green-innovation-center\/\">\n<div class=\"mkdf-pli-image\">\n\t<img loading=\"lazy\" decoding=\"async\" width=\"2048\" height=\"1536\" src=\"https:\/\/www.architecture.bf\/wp-content\/uploads\/20160205_150142-scaled.jpg\" class=\"attachment-full size-full wp-post-image\" alt=\"\" srcset=\"https:\/\/www.architecture.bf\/wp-content\/uploads\/20160205_150142-scaled.jpg 2048w, https:\/\/www.architecture.bf\/wp-content\/uploads\/20160205_150142-300x225.jpg 300w, https:\/\/www.architecture.bf\/wp-content\/uploads\/20160205_150142-1024x768.jpg 1024w, https:\/\/www.architecture.bf\/wp-content\/uploads\/20160205_150142-150x113.jpg 150w, https:\/\/www.architecture.bf\/wp-content\/uploads\/20160205_150142-768x576.jpg 768w, https:\/\/www.architecture.bf\/wp-content\/uploads\/20160205_150142-1536x1152.jpg 1536w\" sizes=\"(max-width: 2048px) 100vw, 2048px\" \/><\/div>\n<\/a>\n<div class=\"mkdf-pli-text-holder\">\n\t<div class=\"mkdf-pli-text-wrapper\">\n\t\t<div class=\"mkdf-pli-text\">\n            \t\t<h6 class=\"mkdf-pli-category-holder\">\n\t\t\t\t\t\t\t<a itemprop=\"url\" class=\"mkdf-pli-category\" href=\"https:\/\/www.architecture.bf\/en\/portfolio-category\/rehabilitation-en\/\">Rehabilitation<\/a>\n\t\t\t\t\t<\/h6>\n\t\n                <a href=\"https:\/\/www.architecture.bf\/en\/reference\/shed-in-office-for-the-green-innovation-center\/\">\n\t<h4 itemprop=\"name\" class=\"mkdf-pli-title entry-title\" >\n\t\tShed in office for the Green Innovation Center\t<\/h4>\n    <\/a>\n\n            \n            \n            \t\t<\/div>\n\t<\/div>\n<\/div>\n\t\t<a itemprop=\"url\" class=\"mkdf-pli-link mkdf-block-drag-link\" href=\"https:\/\/www.architecture.bf\/en\/reference\/shed-in-office-for-the-green-innovation-center\/\" target=\"_self\"><\/a>\n\t<\/div>\n<\/article><article class=\"mkdf-pl-item mkdf-item-space  post-12114 portfolio-item type-portfolio-item status-publish has-post-thumbnail hentry portfolio-category-administrative-building portfolio-tag-ouagadougou portfolio-tag-zaca\">\n\t<div class=\"mkdf-pl-item-inner\">\n\t\t<a href=\"https:\/\/www.architecture.bf\/en\/reference\/administrative-hotel-of-the-central-region-ouagadougou\/\">\n<div class=\"mkdf-pli-image\">\n\t<img loading=\"lazy\" decoding=\"async\" width=\"320\" height=\"240\" src=\"https:\/\/www.architecture.bf\/wp-content\/uploads\/Bureau-administratif-5.jpg\" class=\"attachment-full size-full wp-post-image\" alt=\"\" srcset=\"https:\/\/www.architecture.bf\/wp-content\/uploads\/Bureau-administratif-5.jpg 320w, https:\/\/www.architecture.bf\/wp-content\/uploads\/Bureau-administratif-5-300x225.jpg 300w, https:\/\/www.architecture.bf\/wp-content\/uploads\/Bureau-administratif-5-150x113.jpg 150w\" sizes=\"(max-width: 320px) 100vw, 320px\" \/><\/div>\n<\/a>\n<div class=\"mkdf-pli-text-holder\">\n\t<div class=\"mkdf-pli-text-wrapper\">\n\t\t<div class=\"mkdf-pli-text\">\n            \t\t<h6 class=\"mkdf-pli-category-holder\">\n\t\t\t\t\t\t\t<a itemprop=\"url\" class=\"mkdf-pli-category\" href=\"https:\/\/www.architecture.bf\/en\/portfolio-category\/administrative-building\/\">Administrative building<\/a>\n\t\t\t\t\t<\/h6>\n\t\n                <a href=\"https:\/\/www.architecture.bf\/en\/reference\/administrative-hotel-of-the-central-region-ouagadougou\/\">\n\t<h4 itemprop=\"name\" class=\"mkdf-pli-title entry-title\" >\n\t\tAdministrative hotel of the central region (Ouagadougou)\t<\/h4>\n    <\/a>\n\n            \n            \n            \t\t<\/div>\n\t<\/div>\n<\/div>\n\t\t<a itemprop=\"url\" class=\"mkdf-pli-link mkdf-block-drag-link\" href=\"https:\/\/www.architecture.bf\/en\/reference\/administrative-hotel-of-the-central-region-ouagadougou\/\" target=\"_self\"><\/a>\n\t<\/div>\n<\/article><article class=\"mkdf-pl-item mkdf-item-space  post-12125 portfolio-item type-portfolio-item status-publish has-post-thumbnail hentry portfolio-category-villas-en portfolio-tag-ouagadougou\">\n\t<div class=\"mkdf-pl-item-inner\">\n\t\t<a href=\"https:\/\/www.architecture.bf\/en\/reference\/family-building-with-arcades\/\">\n<div class=\"mkdf-pli-image\">\n\t<img loading=\"lazy\" decoding=\"async\" width=\"2048\" height=\"1148\" src=\"https:\/\/www.architecture.bf\/wp-content\/uploads\/FACADE-PRINCIPALE.3-scaled.jpg\" class=\"attachment-full size-full wp-post-image\" alt=\"\" srcset=\"https:\/\/www.architecture.bf\/wp-content\/uploads\/FACADE-PRINCIPALE.3-scaled.jpg 2048w, https:\/\/www.architecture.bf\/wp-content\/uploads\/FACADE-PRINCIPALE.3-300x168.jpg 300w, https:\/\/www.architecture.bf\/wp-content\/uploads\/FACADE-PRINCIPALE.3-1024x574.jpg 1024w, https:\/\/www.architecture.bf\/wp-content\/uploads\/FACADE-PRINCIPALE.3-150x84.jpg 150w, https:\/\/www.architecture.bf\/wp-content\/uploads\/FACADE-PRINCIPALE.3-768x430.jpg 768w, https:\/\/www.architecture.bf\/wp-content\/uploads\/FACADE-PRINCIPALE.3-1536x861.jpg 1536w\" sizes=\"(max-width: 2048px) 100vw, 2048px\" \/><\/div>\n<\/a>\n<div class=\"mkdf-pli-text-holder\">\n\t<div class=\"mkdf-pli-text-wrapper\">\n\t\t<div class=\"mkdf-pli-text\">\n            \t\t<h6 class=\"mkdf-pli-category-holder\">\n\t\t\t\t\t\t\t<a itemprop=\"url\" class=\"mkdf-pli-category\" href=\"https:\/\/www.architecture.bf\/en\/portfolio-category\/villas-en\/\">Villas<\/a>\n\t\t\t\t\t<\/h6>\n\t\n                <a href=\"https:\/\/www.architecture.bf\/en\/reference\/family-building-with-arcades\/\">\n\t<h4 itemprop=\"name\" class=\"mkdf-pli-title entry-title\" >\n\t\tFamily building with arcades\t<\/h4>\n    <\/a>\n\n            \n            \n            \t\t<\/div>\n\t<\/div>\n<\/div>\n\t\t<a itemprop=\"url\" class=\"mkdf-pli-link mkdf-block-drag-link\" href=\"https:\/\/www.architecture.bf\/en\/reference\/family-building-with-arcades\/\" target=\"_self\"><\/a>\n\t<\/div>\n<\/article><article class=\"mkdf-pl-item mkdf-item-space  post-12137 portfolio-item type-portfolio-item status-publish has-post-thumbnail hentry portfolio-category-factory portfolio-category-research-center portfolio-tag-dano\">\n\t<div class=\"mkdf-pl-item-inner\">\n\t\t<a href=\"https:\/\/www.architecture.bf\/en\/reference\/dreyer-foundation-battery-room-for-the-rice-processing-plant\/\">\n<div class=\"mkdf-pli-image\">\n\t<img loading=\"lazy\" decoding=\"async\" width=\"2048\" height=\"1536\" src=\"https:\/\/www.architecture.bf\/wp-content\/uploads\/IMG_3397-scaled.jpg\" class=\"attachment-full size-full wp-post-image\" alt=\"\" srcset=\"https:\/\/www.architecture.bf\/wp-content\/uploads\/IMG_3397-scaled.jpg 2048w, https:\/\/www.architecture.bf\/wp-content\/uploads\/IMG_3397-300x225.jpg 300w, https:\/\/www.architecture.bf\/wp-content\/uploads\/IMG_3397-1024x768.jpg 1024w, https:\/\/www.architecture.bf\/wp-content\/uploads\/IMG_3397-150x113.jpg 150w, https:\/\/www.architecture.bf\/wp-content\/uploads\/IMG_3397-768x576.jpg 768w, https:\/\/www.architecture.bf\/wp-content\/uploads\/IMG_3397-1536x1152.jpg 1536w\" sizes=\"(max-width: 2048px) 100vw, 2048px\" \/><\/div>\n<\/a>\n<div class=\"mkdf-pli-text-holder\">\n\t<div class=\"mkdf-pli-text-wrapper\">\n\t\t<div class=\"mkdf-pli-text\">\n            \t\t<h6 class=\"mkdf-pli-category-holder\">\n\t\t\t\t\t\t\t<a itemprop=\"url\" class=\"mkdf-pli-category\" href=\"https:\/\/www.architecture.bf\/en\/portfolio-category\/factory\/\">Factory<\/a>\n\t\t\t\t\t\t\t<a itemprop=\"url\" class=\"mkdf-pli-category\" href=\"https:\/\/www.architecture.bf\/en\/portfolio-category\/research-center\/\">Research center<\/a>\n\t\t\t\t\t<\/h6>\n\t\n                <a href=\"https:\/\/www.architecture.bf\/en\/reference\/dreyer-foundation-battery-room-for-the-rice-processing-plant\/\">\n\t<h4 itemprop=\"name\" class=\"mkdf-pli-title entry-title\" >\n\t\tDreyer Foundation &#8211; Battery room for the rice processing plant\t<\/h4>\n    <\/a>\n\n            \n            \n            \t\t<\/div>\n\t<\/div>\n<\/div>\n\t\t<a itemprop=\"url\" class=\"mkdf-pli-link mkdf-block-drag-link\" href=\"https:\/\/www.architecture.bf\/en\/reference\/dreyer-foundation-battery-room-for-the-rice-processing-plant\/\" target=\"_self\"><\/a>\n\t<\/div>\n<\/article><article class=\"mkdf-pl-item mkdf-item-space  post-12121 portfolio-item type-portfolio-item status-publish has-post-thumbnail hentry portfolio-category-buildings portfolio-tag-ouagadougou\">\n\t<div class=\"mkdf-pl-item-inner\">\n\t\t<a href=\"https:\/\/www.architecture.bf\/en\/reference\/living-in-residence\/\">\n<div class=\"mkdf-pli-image\">\n\t<img loading=\"lazy\" decoding=\"async\" width=\"1024\" height=\"768\" src=\"https:\/\/www.architecture.bf\/wp-content\/uploads\/traore-alain-1.jpg\" class=\"attachment-full size-full wp-post-image\" alt=\"\" srcset=\"https:\/\/www.architecture.bf\/wp-content\/uploads\/traore-alain-1.jpg 1024w, https:\/\/www.architecture.bf\/wp-content\/uploads\/traore-alain-1-300x225.jpg 300w, https:\/\/www.architecture.bf\/wp-content\/uploads\/traore-alain-1-150x113.jpg 150w, https:\/\/www.architecture.bf\/wp-content\/uploads\/traore-alain-1-768x576.jpg 768w\" sizes=\"(max-width: 1024px) 100vw, 1024px\" \/><\/div>\n<\/a>\n<div class=\"mkdf-pli-text-holder\">\n\t<div class=\"mkdf-pli-text-wrapper\">\n\t\t<div class=\"mkdf-pli-text\">\n            \t\t<h6 class=\"mkdf-pli-category-holder\">\n\t\t\t\t\t\t\t<a itemprop=\"url\" class=\"mkdf-pli-category\" href=\"https:\/\/www.architecture.bf\/en\/portfolio-category\/buildings\/\">Buildings<\/a>\n\t\t\t\t\t<\/h6>\n\t\n                <a href=\"https:\/\/www.architecture.bf\/en\/reference\/living-in-residence\/\">\n\t<h4 itemprop=\"name\" class=\"mkdf-pli-title entry-title\" >\n\t\tLiving in Residence\t<\/h4>\n    <\/a>\n\n            \n            \n            \t\t<\/div>\n\t<\/div>\n<\/div>\n\t\t<a itemprop=\"url\" class=\"mkdf-pli-link mkdf-block-drag-link\" href=\"https:\/\/www.architecture.bf\/en\/reference\/living-in-residence\/\" target=\"_self\"><\/a>\n\t<\/div>\n<\/article><article class=\"mkdf-pl-item mkdf-item-space  post-12146 portfolio-item type-portfolio-item status-publish has-post-thumbnail hentry portfolio-category-education-en portfolio-tag-pissy\">\n\t<div class=\"mkdf-pl-item-inner\">\n\t\t<a href=\"https:\/\/www.architecture.bf\/en\/reference\/higher-school-of-public-works-of-ouagadougou\/\">\n<div class=\"mkdf-pli-image\">\n\t<img loading=\"lazy\" decoding=\"async\" width=\"955\" height=\"500\" src=\"https:\/\/www.architecture.bf\/wp-content\/uploads\/Logo-BAD-references.jpg\" class=\"attachment-full size-full wp-post-image default-featured-img\" alt=\"\" srcset=\"https:\/\/www.architecture.bf\/wp-content\/uploads\/Logo-BAD-references.jpg 955w, https:\/\/www.architecture.bf\/wp-content\/uploads\/Logo-BAD-references-300x157.jpg 300w, https:\/\/www.architecture.bf\/wp-content\/uploads\/Logo-BAD-references-150x79.jpg 150w, https:\/\/www.architecture.bf\/wp-content\/uploads\/Logo-BAD-references-768x402.jpg 768w\" sizes=\"(max-width: 955px) 100vw, 955px\" \/><\/div>\n<\/a>\n<div class=\"mkdf-pli-text-holder\">\n\t<div class=\"mkdf-pli-text-wrapper\">\n\t\t<div class=\"mkdf-pli-text\">\n            \t\t<h6 class=\"mkdf-pli-category-holder\">\n\t\t\t\t\t\t\t<a itemprop=\"url\" class=\"mkdf-pli-category\" href=\"https:\/\/www.architecture.bf\/en\/portfolio-category\/education-en\/\">Education<\/a>\n\t\t\t\t\t<\/h6>\n\t\n                <a href=\"https:\/\/www.architecture.bf\/en\/reference\/higher-school-of-public-works-of-ouagadougou\/\">\n\t<h4 itemprop=\"name\" class=\"mkdf-pli-title entry-title\" >\n\t\tHigher School of Public Works of Ouagadougou\t<\/h4>\n    <\/a>\n\n            \n            \n            \t\t<\/div>\n\t<\/div>\n<\/div>\n\t\t<a itemprop=\"url\" class=\"mkdf-pli-link mkdf-block-drag-link\" href=\"https:\/\/www.architecture.bf\/en\/reference\/higher-school-of-public-works-of-ouagadougou\/\" target=\"_self\"><\/a>\n\t<\/div>\n<\/article><article class=\"mkdf-pl-item mkdf-item-space  post-12161 portfolio-item type-portfolio-item status-publish has-post-thumbnail hentry portfolio-category-education-en portfolio-tag-zone-1\">\n\t<div class=\"mkdf-pl-item-inner\">\n\t\t<a href=\"https:\/\/www.architecture.bf\/en\/reference\/private-4\/\">\n<div class=\"mkdf-pli-image\">\n\t<img loading=\"lazy\" decoding=\"async\" width=\"955\" height=\"500\" src=\"https:\/\/www.architecture.bf\/wp-content\/uploads\/Logo-BAD-references.jpg\" class=\"attachment-full size-full wp-post-image default-featured-img\" alt=\"\" srcset=\"https:\/\/www.architecture.bf\/wp-content\/uploads\/Logo-BAD-references.jpg 955w, https:\/\/www.architecture.bf\/wp-content\/uploads\/Logo-BAD-references-300x157.jpg 300w, https:\/\/www.architecture.bf\/wp-content\/uploads\/Logo-BAD-references-150x79.jpg 150w, https:\/\/www.architecture.bf\/wp-content\/uploads\/Logo-BAD-references-768x402.jpg 768w\" sizes=\"(max-width: 955px) 100vw, 955px\" \/><\/div>\n<\/a>\n<div class=\"mkdf-pli-text-holder\">\n\t<div class=\"mkdf-pli-text-wrapper\">\n\t\t<div class=\"mkdf-pli-text\">\n            \t\t<h6 class=\"mkdf-pli-category-holder\">\n\t\t\t\t\t\t\t<a itemprop=\"url\" class=\"mkdf-pli-category\" href=\"https:\/\/www.architecture.bf\/en\/portfolio-category\/education-en\/\">Education<\/a>\n\t\t\t\t\t<\/h6>\n\t\n                <a href=\"https:\/\/www.architecture.bf\/en\/reference\/private-4\/\">\n\t<h4 itemprop=\"name\" class=\"mkdf-pli-title entry-title\" >\n\t\tPrivate\t<\/h4>\n    <\/a>\n\n            \n            \n            \t\t<\/div>\n\t<\/div>\n<\/div>\n\t\t<a itemprop=\"url\" class=\"mkdf-pli-link mkdf-block-drag-link\" href=\"https:\/\/www.architecture.bf\/en\/reference\/private-4\/\" target=\"_self\"><\/a>\n\t<\/div>\n<\/article><article class=\"mkdf-pl-item mkdf-item-space  post-12162 portfolio-item type-portfolio-item status-publish has-post-thumbnail hentry portfolio-category-rehabilitation-en portfolio-tag-ouagadougou\">\n\t<div class=\"mkdf-pl-item-inner\">\n\t\t<a href=\"https:\/\/www.architecture.bf\/en\/reference\/sitarail\/\">\n<div class=\"mkdf-pli-image\">\n\t<img loading=\"lazy\" decoding=\"async\" width=\"955\" height=\"500\" src=\"https:\/\/www.architecture.bf\/wp-content\/uploads\/Logo-BAD-references.jpg\" class=\"attachment-full size-full wp-post-image default-featured-img\" alt=\"\" srcset=\"https:\/\/www.architecture.bf\/wp-content\/uploads\/Logo-BAD-references.jpg 955w, https:\/\/www.architecture.bf\/wp-content\/uploads\/Logo-BAD-references-300x157.jpg 300w, https:\/\/www.architecture.bf\/wp-content\/uploads\/Logo-BAD-references-150x79.jpg 150w, https:\/\/www.architecture.bf\/wp-content\/uploads\/Logo-BAD-references-768x402.jpg 768w\" sizes=\"(max-width: 955px) 100vw, 955px\" \/><\/div>\n<\/a>\n<div class=\"mkdf-pli-text-holder\">\n\t<div class=\"mkdf-pli-text-wrapper\">\n\t\t<div class=\"mkdf-pli-text\">\n            \t\t<h6 class=\"mkdf-pli-category-holder\">\n\t\t\t\t\t\t\t<a itemprop=\"url\" class=\"mkdf-pli-category\" href=\"https:\/\/www.architecture.bf\/en\/portfolio-category\/rehabilitation-en\/\">Rehabilitation<\/a>\n\t\t\t\t\t<\/h6>\n\t\n                <a href=\"https:\/\/www.architecture.bf\/en\/reference\/sitarail\/\">\n\t<h4 itemprop=\"name\" class=\"mkdf-pli-title entry-title\" >\n\t\tSITARAIL\t<\/h4>\n    <\/a>\n\n            \n            \n            \t\t<\/div>\n\t<\/div>\n<\/div>\n\t\t<a itemprop=\"url\" class=\"mkdf-pli-link mkdf-block-drag-link\" href=\"https:\/\/www.architecture.bf\/en\/reference\/sitarail\/\" target=\"_self\"><\/a>\n\t<\/div>\n<\/article><article class=\"mkdf-pl-item mkdf-item-space  post-12697 portfolio-item type-portfolio-item status-publish has-post-thumbnail hentry portfolio-category-rehabilitation-en portfolio-tag-ouagadougou\">\n\t<div class=\"mkdf-pl-item-inner\">\n\t\t<a href=\"https:\/\/www.architecture.bf\/en\/reference\/economic-and-social-council\/\">\n<div class=\"mkdf-pli-image\">\n\t<img loading=\"lazy\" decoding=\"async\" width=\"2048\" height=\"1366\" src=\"https:\/\/www.architecture.bf\/wp-content\/uploads\/devanture_du_ces_1-scaled.jpg\" class=\"attachment-full size-full wp-post-image\" alt=\"\" srcset=\"https:\/\/www.architecture.bf\/wp-content\/uploads\/devanture_du_ces_1-scaled.jpg 2048w, https:\/\/www.architecture.bf\/wp-content\/uploads\/devanture_du_ces_1-300x200.jpg 300w, https:\/\/www.architecture.bf\/wp-content\/uploads\/devanture_du_ces_1-1024x683.jpg 1024w, https:\/\/www.architecture.bf\/wp-content\/uploads\/devanture_du_ces_1-150x100.jpg 150w, https:\/\/www.architecture.bf\/wp-content\/uploads\/devanture_du_ces_1-768x512.jpg 768w, https:\/\/www.architecture.bf\/wp-content\/uploads\/devanture_du_ces_1-1536x1024.jpg 1536w\" sizes=\"(max-width: 2048px) 100vw, 2048px\" \/><\/div>\n<\/a>\n<div class=\"mkdf-pli-text-holder\">\n\t<div class=\"mkdf-pli-text-wrapper\">\n\t\t<div class=\"mkdf-pli-text\">\n            \t\t<h6 class=\"mkdf-pli-category-holder\">\n\t\t\t\t\t\t\t<a itemprop=\"url\" class=\"mkdf-pli-category\" href=\"https:\/\/www.architecture.bf\/en\/portfolio-category\/rehabilitation-en\/\">Rehabilitation<\/a>\n\t\t\t\t\t<\/h6>\n\t\n                <a href=\"https:\/\/www.architecture.bf\/en\/reference\/economic-and-social-council\/\">\n\t<h4 itemprop=\"name\" class=\"mkdf-pli-title entry-title\" >\n\t\tEconomic and Social Council\t<\/h4>\n    <\/a>\n\n            \n            \n            \t\t<\/div>\n\t<\/div>\n<\/div>\n\t\t<a itemprop=\"url\" class=\"mkdf-pli-link mkdf-block-drag-link\" href=\"https:\/\/www.architecture.bf\/en\/reference\/economic-and-social-council\/\" target=\"_self\"><\/a>\n\t<\/div>\n<\/article><article class=\"mkdf-pl-item mkdf-item-space  post-12144 portfolio-item type-portfolio-item status-publish has-post-thumbnail hentry portfolio-category-place-of-worship portfolio-tag-burkina-faso portfolio-tag-sielle portfolio-tag-toma\">\n\t<div class=\"mkdf-pl-item-inner\">\n\t\t<a href=\"https:\/\/www.architecture.bf\/en\/reference\/compassion-international-burkina-faso\/\">\n<div class=\"mkdf-pli-image\">\n\t<img loading=\"lazy\" decoding=\"async\" width=\"2048\" height=\"795\" src=\"https:\/\/www.architecture.bf\/wp-content\/uploads\/View-600-scaled.jpg\" class=\"attachment-full size-full wp-post-image\" alt=\"\" srcset=\"https:\/\/www.architecture.bf\/wp-content\/uploads\/View-600-scaled.jpg 2048w, https:\/\/www.architecture.bf\/wp-content\/uploads\/View-600-300x116.jpg 300w, https:\/\/www.architecture.bf\/wp-content\/uploads\/View-600-1024x397.jpg 1024w, https:\/\/www.architecture.bf\/wp-content\/uploads\/View-600-150x58.jpg 150w, https:\/\/www.architecture.bf\/wp-content\/uploads\/View-600-768x298.jpg 768w, https:\/\/www.architecture.bf\/wp-content\/uploads\/View-600-1536x596.jpg 1536w\" sizes=\"(max-width: 2048px) 100vw, 2048px\" \/><\/div>\n<\/a>\n<div class=\"mkdf-pli-text-holder\">\n\t<div class=\"mkdf-pli-text-wrapper\">\n\t\t<div class=\"mkdf-pli-text\">\n            \t\t<h6 class=\"mkdf-pli-category-holder\">\n\t\t\t\t\t\t\t<a itemprop=\"url\" class=\"mkdf-pli-category\" href=\"https:\/\/www.architecture.bf\/en\/portfolio-category\/place-of-worship\/\">Place of worship<\/a>\n\t\t\t\t\t<\/h6>\n\t\n                <a href=\"https:\/\/www.architecture.bf\/en\/reference\/compassion-international-burkina-faso\/\">\n\t<h4 itemprop=\"name\" class=\"mkdf-pli-title entry-title\" >\n\t\tCompassion International Burkina Faso\t<\/h4>\n    <\/a>\n\n            \n            \n            \t\t<\/div>\n\t<\/div>\n<\/div>\n\t\t<a itemprop=\"url\" class=\"mkdf-pli-link mkdf-block-drag-link\" href=\"https:\/\/www.architecture.bf\/en\/reference\/compassion-international-burkina-faso\/\" target=\"_self\"><\/a>\n\t<\/div>\n<\/article><article class=\"mkdf-pl-item mkdf-item-space  post-12150 portfolio-item type-portfolio-item status-publish has-post-thumbnail hentry portfolio-category-place-of-worship portfolio-tag-zone-1\">\n\t<div class=\"mkdf-pl-item-inner\">\n\t\t<a href=\"https:\/\/www.architecture.bf\/en\/reference\/tabernacle-church-bethel-israel\/\">\n<div class=\"mkdf-pli-image\">\n\t<img loading=\"lazy\" decoding=\"async\" width=\"1024\" height=\"699\" src=\"https:\/\/www.architecture.bf\/wp-content\/uploads\/Capture-de\u0301cran-2020-05-19-a\u0300-08.47-1024x699-1.png\" class=\"attachment-full size-full wp-post-image\" alt=\"\" srcset=\"https:\/\/www.architecture.bf\/wp-content\/uploads\/Capture-de\u0301cran-2020-05-19-a\u0300-08.47-1024x699-1.png 1024w, https:\/\/www.architecture.bf\/wp-content\/uploads\/Capture-de\u0301cran-2020-05-19-a\u0300-08.47-1024x699-1-300x205.png 300w, https:\/\/www.architecture.bf\/wp-content\/uploads\/Capture-de\u0301cran-2020-05-19-a\u0300-08.47-1024x699-1-150x102.png 150w, https:\/\/www.architecture.bf\/wp-content\/uploads\/Capture-de\u0301cran-2020-05-19-a\u0300-08.47-1024x699-1-768x524.png 768w\" sizes=\"(max-width: 1024px) 100vw, 1024px\" \/><\/div>\n<\/a>\n<div class=\"mkdf-pli-text-holder\">\n\t<div class=\"mkdf-pli-text-wrapper\">\n\t\t<div class=\"mkdf-pli-text\">\n            \t\t<h6 class=\"mkdf-pli-category-holder\">\n\t\t\t\t\t\t\t<a itemprop=\"url\" class=\"mkdf-pli-category\" href=\"https:\/\/www.architecture.bf\/en\/portfolio-category\/place-of-worship\/\">Place of worship<\/a>\n\t\t\t\t\t<\/h6>\n\t\n                <a href=\"https:\/\/www.architecture.bf\/en\/reference\/tabernacle-church-bethel-israel\/\">\n\t<h4 itemprop=\"name\" class=\"mkdf-pli-title entry-title\" >\n\t\tTabernacle Church Bethel Israel\t<\/h4>\n    <\/a>\n\n            \n            \n            \t\t<\/div>\n\t<\/div>\n<\/div>\n\t\t<a itemprop=\"url\" class=\"mkdf-pli-link mkdf-block-drag-link\" href=\"https:\/\/www.architecture.bf\/en\/reference\/tabernacle-church-bethel-israel\/\" target=\"_self\"><\/a>\n\t<\/div>\n<\/article><article class=\"mkdf-pl-item mkdf-item-space  post-12149 portfolio-item type-portfolio-item status-publish has-post-thumbnail hentry portfolio-category-place-of-worship portfolio-tag-bouroum-bouroum\">\n\t<div class=\"mkdf-pl-item-inner\">\n\t\t<a href=\"https:\/\/www.architecture.bf\/en\/reference\/evangelical-protestant-church\/\">\n<div class=\"mkdf-pli-image\">\n\t<img loading=\"lazy\" decoding=\"async\" width=\"2048\" height=\"1107\" src=\"https:\/\/www.architecture.bf\/wp-content\/uploads\/View-8-scaled.jpg\" class=\"attachment-full size-full wp-post-image\" alt=\"\" srcset=\"https:\/\/www.architecture.bf\/wp-content\/uploads\/View-8-scaled.jpg 2048w, https:\/\/www.architecture.bf\/wp-content\/uploads\/View-8-300x162.jpg 300w, https:\/\/www.architecture.bf\/wp-content\/uploads\/View-8-1024x553.jpg 1024w, https:\/\/www.architecture.bf\/wp-content\/uploads\/View-8-150x81.jpg 150w, https:\/\/www.architecture.bf\/wp-content\/uploads\/View-8-768x415.jpg 768w, https:\/\/www.architecture.bf\/wp-content\/uploads\/View-8-1536x830.jpg 1536w\" sizes=\"(max-width: 2048px) 100vw, 2048px\" \/><\/div>\n<\/a>\n<div class=\"mkdf-pli-text-holder\">\n\t<div class=\"mkdf-pli-text-wrapper\">\n\t\t<div class=\"mkdf-pli-text\">\n            \t\t<h6 class=\"mkdf-pli-category-holder\">\n\t\t\t\t\t\t\t<a itemprop=\"url\" class=\"mkdf-pli-category\" href=\"https:\/\/www.architecture.bf\/en\/portfolio-category\/place-of-worship\/\">Place of worship<\/a>\n\t\t\t\t\t<\/h6>\n\t\n                <a href=\"https:\/\/www.architecture.bf\/en\/reference\/evangelical-protestant-church\/\">\n\t<h4 itemprop=\"name\" class=\"mkdf-pli-title entry-title\" >\n\t\tEvangelical protestant church\t<\/h4>\n    <\/a>\n\n            \n            \n            \t\t<\/div>\n\t<\/div>\n<\/div>\n\t\t<a itemprop=\"url\" class=\"mkdf-pli-link mkdf-block-drag-link\" href=\"https:\/\/www.architecture.bf\/en\/reference\/evangelical-protestant-church\/\" target=\"_self\"><\/a>\n\t<\/div>\n<\/article><article class=\"mkdf-pl-item mkdf-item-space  post-12142 portfolio-item type-portfolio-item status-publish has-post-thumbnail hentry portfolio-category-place-of-worship portfolio-tag-patte-doie\">\n\t<div class=\"mkdf-pl-item-inner\">\n\t\t<a href=\"https:\/\/www.architecture.bf\/en\/reference\/cie-ouaga-inter\/\">\n<div class=\"mkdf-pli-image\">\n\t<img loading=\"lazy\" decoding=\"async\" width=\"955\" height=\"500\" src=\"https:\/\/www.architecture.bf\/wp-content\/uploads\/Logo-BAD-references.jpg\" class=\"attachment-full size-full wp-post-image default-featured-img\" alt=\"\" srcset=\"https:\/\/www.architecture.bf\/wp-content\/uploads\/Logo-BAD-references.jpg 955w, https:\/\/www.architecture.bf\/wp-content\/uploads\/Logo-BAD-references-300x157.jpg 300w, https:\/\/www.architecture.bf\/wp-content\/uploads\/Logo-BAD-references-150x79.jpg 150w, https:\/\/www.architecture.bf\/wp-content\/uploads\/Logo-BAD-references-768x402.jpg 768w\" sizes=\"(max-width: 955px) 100vw, 955px\" \/><\/div>\n<\/a>\n<div class=\"mkdf-pli-text-holder\">\n\t<div class=\"mkdf-pli-text-wrapper\">\n\t\t<div class=\"mkdf-pli-text\">\n            \t\t<h6 class=\"mkdf-pli-category-holder\">\n\t\t\t\t\t\t\t<a itemprop=\"url\" class=\"mkdf-pli-category\" href=\"https:\/\/www.architecture.bf\/en\/portfolio-category\/place-of-worship\/\">Place of worship<\/a>\n\t\t\t\t\t<\/h6>\n\t\n                <a href=\"https:\/\/www.architecture.bf\/en\/reference\/cie-ouaga-inter\/\">\n\t<h4 itemprop=\"name\" class=\"mkdf-pli-title entry-title\" >\n\t\tCIE Ouaga Inter\t<\/h4>\n    <\/a>\n\n            \n            \n            \t\t<\/div>\n\t<\/div>\n<\/div>\n\t\t<a itemprop=\"url\" class=\"mkdf-pli-link mkdf-block-drag-link\" href=\"https:\/\/www.architecture.bf\/en\/reference\/cie-ouaga-inter\/\" target=\"_self\"><\/a>\n\t<\/div>\n<\/article><article class=\"mkdf-pl-item mkdf-item-space  post-12141 portfolio-item type-portfolio-item status-publish has-post-thumbnail hentry portfolio-category-place-of-worship portfolio-tag-patte-doie\">\n\t<div class=\"mkdf-pl-item-inner\">\n\t\t<a href=\"https:\/\/www.architecture.bf\/en\/reference\/chapel-of-the-winners\/\">\n<div class=\"mkdf-pli-image\">\n\t<img loading=\"lazy\" decoding=\"async\" width=\"955\" height=\"500\" src=\"https:\/\/www.architecture.bf\/wp-content\/uploads\/Logo-BAD-references.jpg\" class=\"attachment-full size-full wp-post-image default-featured-img\" alt=\"\" srcset=\"https:\/\/www.architecture.bf\/wp-content\/uploads\/Logo-BAD-references.jpg 955w, https:\/\/www.architecture.bf\/wp-content\/uploads\/Logo-BAD-references-300x157.jpg 300w, https:\/\/www.architecture.bf\/wp-content\/uploads\/Logo-BAD-references-150x79.jpg 150w, https:\/\/www.architecture.bf\/wp-content\/uploads\/Logo-BAD-references-768x402.jpg 768w\" sizes=\"(max-width: 955px) 100vw, 955px\" \/><\/div>\n<\/a>\n<div class=\"mkdf-pli-text-holder\">\n\t<div class=\"mkdf-pli-text-wrapper\">\n\t\t<div class=\"mkdf-pli-text\">\n            \t\t<h6 class=\"mkdf-pli-category-holder\">\n\t\t\t\t\t\t\t<a itemprop=\"url\" class=\"mkdf-pli-category\" href=\"https:\/\/www.architecture.bf\/en\/portfolio-category\/place-of-worship\/\">Place of worship<\/a>\n\t\t\t\t\t<\/h6>\n\t\n                <a href=\"https:\/\/www.architecture.bf\/en\/reference\/chapel-of-the-winners\/\">\n\t<h4 itemprop=\"name\" class=\"mkdf-pli-title entry-title\" >\n\t\tChapel of the winners\t<\/h4>\n    <\/a>\n\n            \n            \n            \t\t<\/div>\n\t<\/div>\n<\/div>\n\t\t<a itemprop=\"url\" class=\"mkdf-pli-link mkdf-block-drag-link\" href=\"https:\/\/www.architecture.bf\/en\/reference\/chapel-of-the-winners\/\" target=\"_self\"><\/a>\n\t<\/div>\n<\/article><article class=\"mkdf-pl-item mkdf-item-space  post-12148 portfolio-item type-portfolio-item status-publish has-post-thumbnail hentry portfolio-category-place-of-worship portfolio-tag-thanghin\">\n\t<div class=\"mkdf-pl-item-inner\">\n\t\t<a href=\"https:\/\/www.architecture.bf\/en\/reference\/bethel-church-of-the-holy-spirit\/\">\n<div class=\"mkdf-pli-image\">\n\t<img loading=\"lazy\" decoding=\"async\" width=\"955\" height=\"500\" src=\"https:\/\/www.architecture.bf\/wp-content\/uploads\/Logo-BAD-references.jpg\" class=\"attachment-full size-full wp-post-image default-featured-img\" alt=\"\" srcset=\"https:\/\/www.architecture.bf\/wp-content\/uploads\/Logo-BAD-references.jpg 955w, https:\/\/www.architecture.bf\/wp-content\/uploads\/Logo-BAD-references-300x157.jpg 300w, https:\/\/www.architecture.bf\/wp-content\/uploads\/Logo-BAD-references-150x79.jpg 150w, https:\/\/www.architecture.bf\/wp-content\/uploads\/Logo-BAD-references-768x402.jpg 768w\" sizes=\"(max-width: 955px) 100vw, 955px\" \/><\/div>\n<\/a>\n<div class=\"mkdf-pli-text-holder\">\n\t<div class=\"mkdf-pli-text-wrapper\">\n\t\t<div class=\"mkdf-pli-text\">\n            \t\t<h6 class=\"mkdf-pli-category-holder\">\n\t\t\t\t\t\t\t<a itemprop=\"url\" class=\"mkdf-pli-category\" href=\"https:\/\/www.architecture.bf\/en\/portfolio-category\/place-of-worship\/\">Place of worship<\/a>\n\t\t\t\t\t<\/h6>\n\t\n                <a href=\"https:\/\/www.architecture.bf\/en\/reference\/bethel-church-of-the-holy-spirit\/\">\n\t<h4 itemprop=\"name\" class=\"mkdf-pli-title entry-title\" >\n\t\tBethel Church of the Holy Spirit\t<\/h4>\n    <\/a>\n\n            \n            \n            \t\t<\/div>\n\t<\/div>\n<\/div>\n\t\t<a itemprop=\"url\" class=\"mkdf-pli-link mkdf-block-drag-link\" href=\"https:\/\/www.architecture.bf\/en\/reference\/bethel-church-of-the-holy-spirit\/\" target=\"_self\"><\/a>\n\t<\/div>\n<\/article><article class=\"mkdf-pl-item mkdf-item-space  post-12163 portfolio-item type-portfolio-item status-publish has-post-thumbnail hentry portfolio-category-villas-en portfolio-tag-ouaga-2000\">\n\t<div class=\"mkdf-pl-item-inner\">\n\t\t<a href=\"https:\/\/www.architecture.bf\/en\/reference\/villa-with-four-slopes\/\">\n<div class=\"mkdf-pli-image\">\n\t<img loading=\"lazy\" decoding=\"async\" width=\"955\" height=\"500\" src=\"https:\/\/www.architecture.bf\/wp-content\/uploads\/Logo-BAD-references.jpg\" class=\"attachment-full size-full wp-post-image default-featured-img\" alt=\"\" srcset=\"https:\/\/www.architecture.bf\/wp-content\/uploads\/Logo-BAD-references.jpg 955w, https:\/\/www.architecture.bf\/wp-content\/uploads\/Logo-BAD-references-300x157.jpg 300w, https:\/\/www.architecture.bf\/wp-content\/uploads\/Logo-BAD-references-150x79.jpg 150w, https:\/\/www.architecture.bf\/wp-content\/uploads\/Logo-BAD-references-768x402.jpg 768w\" sizes=\"(max-width: 955px) 100vw, 955px\" \/><\/div>\n<\/a>\n<div class=\"mkdf-pli-text-holder\">\n\t<div class=\"mkdf-pli-text-wrapper\">\n\t\t<div class=\"mkdf-pli-text\">\n            \t\t<h6 class=\"mkdf-pli-category-holder\">\n\t\t\t\t\t\t\t<a itemprop=\"url\" class=\"mkdf-pli-category\" href=\"https:\/\/www.architecture.bf\/en\/portfolio-category\/villas-en\/\">Villas<\/a>\n\t\t\t\t\t<\/h6>\n\t\n                <a href=\"https:\/\/www.architecture.bf\/en\/reference\/villa-with-four-slopes\/\">\n\t<h4 itemprop=\"name\" class=\"mkdf-pli-title entry-title\" >\n\t\tVilla with four slopes\t<\/h4>\n    <\/a>\n\n            \n            \n            \t\t<\/div>\n\t<\/div>\n<\/div>\n\t\t<a itemprop=\"url\" class=\"mkdf-pli-link mkdf-block-drag-link\" href=\"https:\/\/www.architecture.bf\/en\/reference\/villa-with-four-slopes\/\" target=\"_self\"><\/a>\n\t<\/div>\n<\/article><article class=\"mkdf-pl-item mkdf-item-space  post-12143 portfolio-item type-portfolio-item status-publish has-post-thumbnail hentry portfolio-category-health portfolio-tag-wayalghin\">\n\t<div class=\"mkdf-pl-item-inner\">\n\t\t<a href=\"https:\/\/www.architecture.bf\/en\/reference\/larry-ebert-clinic\/\">\n<div class=\"mkdf-pli-image\">\n\t<img loading=\"lazy\" decoding=\"async\" width=\"1024\" height=\"768\" src=\"https:\/\/www.architecture.bf\/wp-content\/uploads\/IMAG0028.jpg\" class=\"attachment-full size-full wp-post-image\" alt=\"\" srcset=\"https:\/\/www.architecture.bf\/wp-content\/uploads\/IMAG0028.jpg 1024w, https:\/\/www.architecture.bf\/wp-content\/uploads\/IMAG0028-300x225.jpg 300w, https:\/\/www.architecture.bf\/wp-content\/uploads\/IMAG0028-150x113.jpg 150w, https:\/\/www.architecture.bf\/wp-content\/uploads\/IMAG0028-768x576.jpg 768w\" sizes=\"(max-width: 1024px) 100vw, 1024px\" \/><\/div>\n<\/a>\n<div class=\"mkdf-pli-text-holder\">\n\t<div class=\"mkdf-pli-text-wrapper\">\n\t\t<div class=\"mkdf-pli-text\">\n            \t\t<h6 class=\"mkdf-pli-category-holder\">\n\t\t\t\t\t\t\t<a itemprop=\"url\" class=\"mkdf-pli-category\" href=\"https:\/\/www.architecture.bf\/en\/portfolio-category\/health\/\">Health<\/a>\n\t\t\t\t\t<\/h6>\n\t\n                <a href=\"https:\/\/www.architecture.bf\/en\/reference\/larry-ebert-clinic\/\">\n\t<h4 itemprop=\"name\" class=\"mkdf-pli-title entry-title\" >\n\t\tLarry Ebert Clinic\t<\/h4>\n    <\/a>\n\n            \n            \n            \t\t<\/div>\n\t<\/div>\n<\/div>\n\t\t<a itemprop=\"url\" class=\"mkdf-pli-link mkdf-block-drag-link\" href=\"https:\/\/www.architecture.bf\/en\/reference\/larry-ebert-clinic\/\" target=\"_self\"><\/a>\n\t<\/div>\n<\/article><article class=\"mkdf-pl-item mkdf-item-space  post-12155 portfolio-item type-portfolio-item status-publish has-post-thumbnail hentry portfolio-category-health portfolio-tag-wayalghin\">\n\t<div class=\"mkdf-pl-item-inner\">\n\t\t<a href=\"https:\/\/www.architecture.bf\/en\/reference\/maternity-ward\/\">\n<div class=\"mkdf-pli-image\">\n\t<img loading=\"lazy\" decoding=\"async\" width=\"955\" height=\"500\" src=\"https:\/\/www.architecture.bf\/wp-content\/uploads\/Logo-BAD-references.jpg\" class=\"attachment-full size-full wp-post-image default-featured-img\" alt=\"\" srcset=\"https:\/\/www.architecture.bf\/wp-content\/uploads\/Logo-BAD-references.jpg 955w, https:\/\/www.architecture.bf\/wp-content\/uploads\/Logo-BAD-references-300x157.jpg 300w, https:\/\/www.architecture.bf\/wp-content\/uploads\/Logo-BAD-references-150x79.jpg 150w, https:\/\/www.architecture.bf\/wp-content\/uploads\/Logo-BAD-references-768x402.jpg 768w\" sizes=\"(max-width: 955px) 100vw, 955px\" \/><\/div>\n<\/a>\n<div class=\"mkdf-pli-text-holder\">\n\t<div class=\"mkdf-pli-text-wrapper\">\n\t\t<div class=\"mkdf-pli-text\">\n            \t\t<h6 class=\"mkdf-pli-category-holder\">\n\t\t\t\t\t\t\t<a itemprop=\"url\" class=\"mkdf-pli-category\" href=\"https:\/\/www.architecture.bf\/en\/portfolio-category\/health\/\">Health<\/a>\n\t\t\t\t\t<\/h6>\n\t\n                <a href=\"https:\/\/www.architecture.bf\/en\/reference\/maternity-ward\/\">\n\t<h4 itemprop=\"name\" class=\"mkdf-pli-title entry-title\" >\n\t\tMaternity ward\t<\/h4>\n    <\/a>\n\n            \n            \n            \t\t<\/div>\n\t<\/div>\n<\/div>\n\t\t<a itemprop=\"url\" class=\"mkdf-pli-link mkdf-block-drag-link\" href=\"https:\/\/www.architecture.bf\/en\/reference\/maternity-ward\/\" target=\"_self\"><\/a>\n\t<\/div>\n<\/article><article class=\"mkdf-pl-item mkdf-item-space  post-12154 portfolio-item type-portfolio-item status-publish has-post-thumbnail hentry portfolio-category-health portfolio-tag-wayalghin\">\n\t<div class=\"mkdf-pl-item-inner\">\n\t\t<a href=\"https:\/\/www.architecture.bf\/en\/reference\/hospitalization\/\">\n<div class=\"mkdf-pli-image\">\n\t<img loading=\"lazy\" decoding=\"async\" width=\"955\" height=\"500\" src=\"https:\/\/www.architecture.bf\/wp-content\/uploads\/Logo-BAD-references.jpg\" class=\"attachment-full size-full wp-post-image default-featured-img\" alt=\"\" srcset=\"https:\/\/www.architecture.bf\/wp-content\/uploads\/Logo-BAD-references.jpg 955w, https:\/\/www.architecture.bf\/wp-content\/uploads\/Logo-BAD-references-300x157.jpg 300w, https:\/\/www.architecture.bf\/wp-content\/uploads\/Logo-BAD-references-150x79.jpg 150w, https:\/\/www.architecture.bf\/wp-content\/uploads\/Logo-BAD-references-768x402.jpg 768w\" sizes=\"(max-width: 955px) 100vw, 955px\" \/><\/div>\n<\/a>\n<div class=\"mkdf-pli-text-holder\">\n\t<div class=\"mkdf-pli-text-wrapper\">\n\t\t<div class=\"mkdf-pli-text\">\n            \t\t<h6 class=\"mkdf-pli-category-holder\">\n\t\t\t\t\t\t\t<a itemprop=\"url\" class=\"mkdf-pli-category\" href=\"https:\/\/www.architecture.bf\/en\/portfolio-category\/health\/\">Health<\/a>\n\t\t\t\t\t<\/h6>\n\t\n                <a href=\"https:\/\/www.architecture.bf\/en\/reference\/hospitalization\/\">\n\t<h4 itemprop=\"name\" class=\"mkdf-pli-title entry-title\" >\n\t\tHospitalization\t<\/h4>\n    <\/a>\n\n            \n            \n            \t\t<\/div>\n\t<\/div>\n<\/div>\n\t\t<a itemprop=\"url\" class=\"mkdf-pli-link mkdf-block-drag-link\" href=\"https:\/\/www.architecture.bf\/en\/reference\/hospitalization\/\" target=\"_self\"><\/a>\n\t<\/div>\n<\/article><article class=\"mkdf-pl-item mkdf-item-space  post-12156 portfolio-item type-portfolio-item status-publish has-post-thumbnail hentry portfolio-category-health portfolio-tag-sabou\">\n\t<div class=\"mkdf-pl-item-inner\">\n\t\t<a href=\"https:\/\/www.architecture.bf\/en\/reference\/maternity-hospital-of-sabou\/\">\n<div class=\"mkdf-pli-image\">\n\t<img loading=\"lazy\" decoding=\"async\" width=\"960\" height=\"720\" src=\"https:\/\/www.architecture.bf\/wp-content\/uploads\/Photos-IPad-852.jpg\" class=\"attachment-full size-full wp-post-image\" alt=\"\" srcset=\"https:\/\/www.architecture.bf\/wp-content\/uploads\/Photos-IPad-852.jpg 960w, https:\/\/www.architecture.bf\/wp-content\/uploads\/Photos-IPad-852-300x225.jpg 300w, https:\/\/www.architecture.bf\/wp-content\/uploads\/Photos-IPad-852-150x113.jpg 150w, https:\/\/www.architecture.bf\/wp-content\/uploads\/Photos-IPad-852-768x576.jpg 768w\" sizes=\"(max-width: 960px) 100vw, 960px\" \/><\/div>\n<\/a>\n<div class=\"mkdf-pli-text-holder\">\n\t<div class=\"mkdf-pli-text-wrapper\">\n\t\t<div class=\"mkdf-pli-text\">\n            \t\t<h6 class=\"mkdf-pli-category-holder\">\n\t\t\t\t\t\t\t<a itemprop=\"url\" class=\"mkdf-pli-category\" href=\"https:\/\/www.architecture.bf\/en\/portfolio-category\/health\/\">Health<\/a>\n\t\t\t\t\t<\/h6>\n\t\n                <a href=\"https:\/\/www.architecture.bf\/en\/reference\/maternity-hospital-of-sabou\/\">\n\t<h4 itemprop=\"name\" class=\"mkdf-pli-title entry-title\" >\n\t\tMaternity Hospital of Sabou\t<\/h4>\n    <\/a>\n\n            \n            \n            \t\t<\/div>\n\t<\/div>\n<\/div>\n\t\t<a itemprop=\"url\" class=\"mkdf-pli-link mkdf-block-drag-link\" href=\"https:\/\/www.architecture.bf\/en\/reference\/maternity-hospital-of-sabou\/\" target=\"_self\"><\/a>\n\t<\/div>\n<\/article><article class=\"mkdf-pl-item mkdf-item-space  post-12157 portfolio-item type-portfolio-item status-publish has-post-thumbnail hentry portfolio-category-health portfolio-tag-ouagadougou\">\n\t<div class=\"mkdf-pl-item-inner\">\n\t\t<a href=\"https:\/\/www.architecture.bf\/en\/reference\/polyclinic-our-lady-of-peace\/\">\n<div class=\"mkdf-pli-image\">\n\t<img loading=\"lazy\" decoding=\"async\" width=\"1022\" height=\"679\" src=\"https:\/\/www.architecture.bf\/wp-content\/uploads\/Clinique-notre-dame-de-la-paix-2.jpg\" class=\"attachment-full size-full wp-post-image\" alt=\"\" srcset=\"https:\/\/www.architecture.bf\/wp-content\/uploads\/Clinique-notre-dame-de-la-paix-2.jpg 1022w, https:\/\/www.architecture.bf\/wp-content\/uploads\/Clinique-notre-dame-de-la-paix-2-300x199.jpg 300w, https:\/\/www.architecture.bf\/wp-content\/uploads\/Clinique-notre-dame-de-la-paix-2-150x100.jpg 150w, https:\/\/www.architecture.bf\/wp-content\/uploads\/Clinique-notre-dame-de-la-paix-2-768x510.jpg 768w\" sizes=\"(max-width: 1022px) 100vw, 1022px\" \/><\/div>\n<\/a>\n<div class=\"mkdf-pli-text-holder\">\n\t<div class=\"mkdf-pli-text-wrapper\">\n\t\t<div class=\"mkdf-pli-text\">\n            \t\t<h6 class=\"mkdf-pli-category-holder\">\n\t\t\t\t\t\t\t<a itemprop=\"url\" class=\"mkdf-pli-category\" href=\"https:\/\/www.architecture.bf\/en\/portfolio-category\/health\/\">Health<\/a>\n\t\t\t\t\t<\/h6>\n\t\n                <a href=\"https:\/\/www.architecture.bf\/en\/reference\/polyclinic-our-lady-of-peace\/\">\n\t<h4 itemprop=\"name\" class=\"mkdf-pli-title entry-title\" >\n\t\tPolyclinic our lady of peace\t<\/h4>\n    <\/a>\n\n            \n            \n            \t\t<\/div>\n\t<\/div>\n<\/div>\n\t\t<a itemprop=\"url\" class=\"mkdf-pli-link mkdf-block-drag-link\" href=\"https:\/\/www.architecture.bf\/en\/reference\/polyclinic-our-lady-of-peace\/\" target=\"_self\"><\/a>\n\t<\/div>\n<\/article><article class=\"mkdf-pl-item mkdf-item-space  post-12158 portfolio-item type-portfolio-item status-publish has-post-thumbnail hentry portfolio-category-buildings portfolio-tag-ouaga-2000\">\n\t<div class=\"mkdf-pl-item-inner\">\n\t\t<a href=\"https:\/\/www.architecture.bf\/en\/reference\/private\/\">\n<div class=\"mkdf-pli-image\">\n\t<img loading=\"lazy\" decoding=\"async\" width=\"955\" height=\"500\" src=\"https:\/\/www.architecture.bf\/wp-content\/uploads\/Logo-BAD-references.jpg\" class=\"attachment-full size-full wp-post-image default-featured-img\" alt=\"\" srcset=\"https:\/\/www.architecture.bf\/wp-content\/uploads\/Logo-BAD-references.jpg 955w, https:\/\/www.architecture.bf\/wp-content\/uploads\/Logo-BAD-references-300x157.jpg 300w, https:\/\/www.architecture.bf\/wp-content\/uploads\/Logo-BAD-references-150x79.jpg 150w, https:\/\/www.architecture.bf\/wp-content\/uploads\/Logo-BAD-references-768x402.jpg 768w\" sizes=\"(max-width: 955px) 100vw, 955px\" \/><\/div>\n<\/a>\n<div class=\"mkdf-pli-text-holder\">\n\t<div class=\"mkdf-pli-text-wrapper\">\n\t\t<div class=\"mkdf-pli-text\">\n            \t\t<h6 class=\"mkdf-pli-category-holder\">\n\t\t\t\t\t\t\t<a itemprop=\"url\" class=\"mkdf-pli-category\" href=\"https:\/\/www.architecture.bf\/en\/portfolio-category\/buildings\/\">Buildings<\/a>\n\t\t\t\t\t<\/h6>\n\t\n                <a href=\"https:\/\/www.architecture.bf\/en\/reference\/private\/\">\n\t<h4 itemprop=\"name\" class=\"mkdf-pli-title entry-title\" >\n\t\tPrivate\t<\/h4>\n    <\/a>\n\n            \n            \n            \t\t<\/div>\n\t<\/div>\n<\/div>\n\t\t<a itemprop=\"url\" class=\"mkdf-pli-link mkdf-block-drag-link\" href=\"https:\/\/www.architecture.bf\/en\/reference\/private\/\" target=\"_self\"><\/a>\n\t<\/div>\n<\/article><article class=\"mkdf-pl-item mkdf-item-space  post-12159 portfolio-item type-portfolio-item status-publish has-post-thumbnail hentry portfolio-category-buildings portfolio-tag-ziniare\">\n\t<div class=\"mkdf-pl-item-inner\">\n\t\t<a href=\"https:\/\/www.architecture.bf\/en\/reference\/private-2\/\">\n<div class=\"mkdf-pli-image\">\n\t<img loading=\"lazy\" decoding=\"async\" width=\"955\" height=\"500\" src=\"https:\/\/www.architecture.bf\/wp-content\/uploads\/Logo-BAD-references.jpg\" class=\"attachment-full size-full wp-post-image default-featured-img\" alt=\"\" srcset=\"https:\/\/www.architecture.bf\/wp-content\/uploads\/Logo-BAD-references.jpg 955w, https:\/\/www.architecture.bf\/wp-content\/uploads\/Logo-BAD-references-300x157.jpg 300w, https:\/\/www.architecture.bf\/wp-content\/uploads\/Logo-BAD-references-150x79.jpg 150w, https:\/\/www.architecture.bf\/wp-content\/uploads\/Logo-BAD-references-768x402.jpg 768w\" sizes=\"(max-width: 955px) 100vw, 955px\" \/><\/div>\n<\/a>\n<div class=\"mkdf-pli-text-holder\">\n\t<div class=\"mkdf-pli-text-wrapper\">\n\t\t<div class=\"mkdf-pli-text\">\n            \t\t<h6 class=\"mkdf-pli-category-holder\">\n\t\t\t\t\t\t\t<a itemprop=\"url\" class=\"mkdf-pli-category\" href=\"https:\/\/www.architecture.bf\/en\/portfolio-category\/buildings\/\">Buildings<\/a>\n\t\t\t\t\t<\/h6>\n\t\n                <a href=\"https:\/\/www.architecture.bf\/en\/reference\/private-2\/\">\n\t<h4 itemprop=\"name\" class=\"mkdf-pli-title entry-title\" >\n\t\tPrivate\t<\/h4>\n    <\/a>\n\n            \n            \n            \t\t<\/div>\n\t<\/div>\n<\/div>\n\t\t<a itemprop=\"url\" class=\"mkdf-pli-link mkdf-block-drag-link\" href=\"https:\/\/www.architecture.bf\/en\/reference\/private-2\/\" target=\"_self\"><\/a>\n\t<\/div>\n<\/article><article class=\"mkdf-pl-item mkdf-item-space  post-12139 portfolio-item type-portfolio-item status-publish has-post-thumbnail hentry portfolio-category-rehabilitation-en portfolio-tag-koulouba\">\n\t<div class=\"mkdf-pl-item-inner\">\n\t\t<a href=\"https:\/\/www.architecture.bf\/en\/reference\/embassy-of-the-federal-republic-of-germany\/\">\n<div class=\"mkdf-pli-image\">\n\t<img loading=\"lazy\" decoding=\"async\" width=\"955\" height=\"500\" src=\"https:\/\/www.architecture.bf\/wp-content\/uploads\/Logo-BAD-references.jpg\" class=\"attachment-full size-full wp-post-image default-featured-img\" alt=\"\" srcset=\"https:\/\/www.architecture.bf\/wp-content\/uploads\/Logo-BAD-references.jpg 955w, https:\/\/www.architecture.bf\/wp-content\/uploads\/Logo-BAD-references-300x157.jpg 300w, https:\/\/www.architecture.bf\/wp-content\/uploads\/Logo-BAD-references-150x79.jpg 150w, https:\/\/www.architecture.bf\/wp-content\/uploads\/Logo-BAD-references-768x402.jpg 768w\" sizes=\"(max-width: 955px) 100vw, 955px\" \/><\/div>\n<\/a>\n<div class=\"mkdf-pli-text-holder\">\n\t<div class=\"mkdf-pli-text-wrapper\">\n\t\t<div class=\"mkdf-pli-text\">\n            \t\t<h6 class=\"mkdf-pli-category-holder\">\n\t\t\t\t\t\t\t<a itemprop=\"url\" class=\"mkdf-pli-category\" href=\"https:\/\/www.architecture.bf\/en\/portfolio-category\/rehabilitation-en\/\">Rehabilitation<\/a>\n\t\t\t\t\t<\/h6>\n\t\n                <a href=\"https:\/\/www.architecture.bf\/en\/reference\/embassy-of-the-federal-republic-of-germany\/\">\n\t<h4 itemprop=\"name\" class=\"mkdf-pli-title entry-title\" >\n\t\tEmbassy of the Federal Republic of Germany\t<\/h4>\n    <\/a>\n\n            \n            \n            \t\t<\/div>\n\t<\/div>\n<\/div>\n\t\t<a itemprop=\"url\" class=\"mkdf-pli-link mkdf-block-drag-link\" href=\"https:\/\/www.architecture.bf\/en\/reference\/embassy-of-the-federal-republic-of-germany\/\" target=\"_self\"><\/a>\n\t<\/div>\n<\/article><article class=\"mkdf-pl-item mkdf-item-space  post-12126 portfolio-item type-portfolio-item status-publish has-post-thumbnail hentry portfolio-category-factory portfolio-tag-boni\">\n\t<div class=\"mkdf-pl-item-inner\">\n\t\t<a href=\"https:\/\/www.architecture.bf\/en\/reference\/agritech-faso-sa-expandable-jatropha-oil-manufacturing-plant\/\">\n<div class=\"mkdf-pli-image\">\n\t<img loading=\"lazy\" decoding=\"async\" width=\"955\" height=\"500\" src=\"https:\/\/www.architecture.bf\/wp-content\/uploads\/Logo-BAD-references.jpg\" class=\"attachment-full size-full wp-post-image default-featured-img\" alt=\"\" srcset=\"https:\/\/www.architecture.bf\/wp-content\/uploads\/Logo-BAD-references.jpg 955w, https:\/\/www.architecture.bf\/wp-content\/uploads\/Logo-BAD-references-300x157.jpg 300w, https:\/\/www.architecture.bf\/wp-content\/uploads\/Logo-BAD-references-150x79.jpg 150w, https:\/\/www.architecture.bf\/wp-content\/uploads\/Logo-BAD-references-768x402.jpg 768w\" sizes=\"(max-width: 955px) 100vw, 955px\" \/><\/div>\n<\/a>\n<div class=\"mkdf-pli-text-holder\">\n\t<div class=\"mkdf-pli-text-wrapper\">\n\t\t<div class=\"mkdf-pli-text\">\n            \t\t<h6 class=\"mkdf-pli-category-holder\">\n\t\t\t\t\t\t\t<a itemprop=\"url\" class=\"mkdf-pli-category\" href=\"https:\/\/www.architecture.bf\/en\/portfolio-category\/factory\/\">Factory<\/a>\n\t\t\t\t\t<\/h6>\n\t\n                <a href=\"https:\/\/www.architecture.bf\/en\/reference\/agritech-faso-sa-expandable-jatropha-oil-manufacturing-plant\/\">\n\t<h4 itemprop=\"name\" class=\"mkdf-pli-title entry-title\" >\n\t\tAgritech Faso.SA &#8211; Expandable Jatropha oil manufacturing plant\t<\/h4>\n    <\/a>\n\n            \n            \n            \t\t<\/div>\n\t<\/div>\n<\/div>\n\t\t<a itemprop=\"url\" class=\"mkdf-pli-link mkdf-block-drag-link\" href=\"https:\/\/www.architecture.bf\/en\/reference\/agritech-faso-sa-expandable-jatropha-oil-manufacturing-plant\/\" target=\"_self\"><\/a>\n\t<\/div>\n<\/article><article class=\"mkdf-pl-item mkdf-item-space  post-12136 portfolio-item type-portfolio-item status-publish has-post-thumbnail hentry portfolio-category-factory portfolio-tag-loumbila\">\n\t<div class=\"mkdf-pl-item-inner\">\n\t\t<a href=\"https:\/\/www.architecture.bf\/en\/reference\/plant-for-the-production-of-tomato-and-mango-concentrate\/\">\n<div class=\"mkdf-pli-image\">\n\t<img loading=\"lazy\" decoding=\"async\" width=\"2048\" height=\"1536\" src=\"https:\/\/www.architecture.bf\/wp-content\/uploads\/20180827_162121-scaled.jpg\" class=\"attachment-full size-full wp-post-image\" alt=\"\" srcset=\"https:\/\/www.architecture.bf\/wp-content\/uploads\/20180827_162121-scaled.jpg 2048w, https:\/\/www.architecture.bf\/wp-content\/uploads\/20180827_162121-300x225.jpg 300w, https:\/\/www.architecture.bf\/wp-content\/uploads\/20180827_162121-1024x768.jpg 1024w, https:\/\/www.architecture.bf\/wp-content\/uploads\/20180827_162121-150x113.jpg 150w, https:\/\/www.architecture.bf\/wp-content\/uploads\/20180827_162121-768x576.jpg 768w, https:\/\/www.architecture.bf\/wp-content\/uploads\/20180827_162121-1536x1152.jpg 1536w\" sizes=\"(max-width: 2048px) 100vw, 2048px\" \/><\/div>\n<\/a>\n<div class=\"mkdf-pli-text-holder\">\n\t<div class=\"mkdf-pli-text-wrapper\">\n\t\t<div class=\"mkdf-pli-text\">\n            \t\t<h6 class=\"mkdf-pli-category-holder\">\n\t\t\t\t\t\t\t<a itemprop=\"url\" class=\"mkdf-pli-category\" href=\"https:\/\/www.architecture.bf\/en\/portfolio-category\/factory\/\">Factory<\/a>\n\t\t\t\t\t<\/h6>\n\t\n                <a href=\"https:\/\/www.architecture.bf\/en\/reference\/plant-for-the-production-of-tomato-and-mango-concentrate\/\">\n\t<h4 itemprop=\"name\" class=\"mkdf-pli-title entry-title\" >\n\t\tPlant for the production of tomato and mango concentrate\t<\/h4>\n    <\/a>\n\n            \n            \n            \t\t<\/div>\n\t<\/div>\n<\/div>\n\t\t<a itemprop=\"url\" class=\"mkdf-pli-link mkdf-block-drag-link\" href=\"https:\/\/www.architecture.bf\/en\/reference\/plant-for-the-production-of-tomato-and-mango-concentrate\/\" target=\"_self\"><\/a>\n\t<\/div>\n<\/article><article class=\"mkdf-pl-item mkdf-item-space  post-12135 portfolio-item type-portfolio-item status-publish has-post-thumbnail hentry portfolio-category-factory portfolio-tag-matourkou-bobo\">\n\t<div class=\"mkdf-pl-item-inner\">\n\t\t<a href=\"https:\/\/www.architecture.bf\/en\/reference\/rice-and-sesame-processing-plant-in-matourkou\/\">\n<div class=\"mkdf-pli-image\">\n\t<img loading=\"lazy\" decoding=\"async\" width=\"2048\" height=\"1536\" src=\"https:\/\/www.architecture.bf\/wp-content\/uploads\/IMG_1798-scaled.jpg\" class=\"attachment-full size-full wp-post-image\" alt=\"\" srcset=\"https:\/\/www.architecture.bf\/wp-content\/uploads\/IMG_1798-scaled.jpg 2048w, https:\/\/www.architecture.bf\/wp-content\/uploads\/IMG_1798-300x225.jpg 300w, https:\/\/www.architecture.bf\/wp-content\/uploads\/IMG_1798-1024x768.jpg 1024w, https:\/\/www.architecture.bf\/wp-content\/uploads\/IMG_1798-150x113.jpg 150w, https:\/\/www.architecture.bf\/wp-content\/uploads\/IMG_1798-768x576.jpg 768w, https:\/\/www.architecture.bf\/wp-content\/uploads\/IMG_1798-1536x1152.jpg 1536w\" sizes=\"(max-width: 2048px) 100vw, 2048px\" \/><\/div>\n<\/a>\n<div class=\"mkdf-pli-text-holder\">\n\t<div class=\"mkdf-pli-text-wrapper\">\n\t\t<div class=\"mkdf-pli-text\">\n            \t\t<h6 class=\"mkdf-pli-category-holder\">\n\t\t\t\t\t\t\t<a itemprop=\"url\" class=\"mkdf-pli-category\" href=\"https:\/\/www.architecture.bf\/en\/portfolio-category\/factory\/\">Factory<\/a>\n\t\t\t\t\t<\/h6>\n\t\n                <a href=\"https:\/\/www.architecture.bf\/en\/reference\/rice-and-sesame-processing-plant-in-matourkou\/\">\n\t<h4 itemprop=\"name\" class=\"mkdf-pli-title entry-title\" >\n\t\tRice and sesame processing plant in Matourkou\t<\/h4>\n    <\/a>\n\n            \n            \n            \t\t<\/div>\n\t<\/div>\n<\/div>\n\t\t<a itemprop=\"url\" class=\"mkdf-pli-link mkdf-block-drag-link\" href=\"https:\/\/www.architecture.bf\/en\/reference\/rice-and-sesame-processing-plant-in-matourkou\/\" target=\"_self\"><\/a>\n\t<\/div>\n<\/article><article class=\"mkdf-pl-item mkdf-item-space  post-12133 portfolio-item type-portfolio-item status-publish has-post-thumbnail hentry portfolio-category-villas-en portfolio-tag-ouaga-2000\">\n\t<div class=\"mkdf-pl-item-inner\">\n\t\t<a href=\"https:\/\/www.architecture.bf\/en\/reference\/compact-duplex\/\">\n<div class=\"mkdf-pli-image\">\n\t<img loading=\"lazy\" decoding=\"async\" width=\"955\" height=\"500\" src=\"https:\/\/www.architecture.bf\/wp-content\/uploads\/Logo-BAD-references.jpg\" class=\"attachment-full size-full wp-post-image default-featured-img\" alt=\"\" srcset=\"https:\/\/www.architecture.bf\/wp-content\/uploads\/Logo-BAD-references.jpg 955w, https:\/\/www.architecture.bf\/wp-content\/uploads\/Logo-BAD-references-300x157.jpg 300w, https:\/\/www.architecture.bf\/wp-content\/uploads\/Logo-BAD-references-150x79.jpg 150w, https:\/\/www.architecture.bf\/wp-content\/uploads\/Logo-BAD-references-768x402.jpg 768w\" sizes=\"(max-width: 955px) 100vw, 955px\" \/><\/div>\n<\/a>\n<div class=\"mkdf-pli-text-holder\">\n\t<div class=\"mkdf-pli-text-wrapper\">\n\t\t<div class=\"mkdf-pli-text\">\n            \t\t<h6 class=\"mkdf-pli-category-holder\">\n\t\t\t\t\t\t\t<a itemprop=\"url\" class=\"mkdf-pli-category\" href=\"https:\/\/www.architecture.bf\/en\/portfolio-category\/villas-en\/\">Villas<\/a>\n\t\t\t\t\t<\/h6>\n\t\n                <a href=\"https:\/\/www.architecture.bf\/en\/reference\/compact-duplex\/\">\n\t<h4 itemprop=\"name\" class=\"mkdf-pli-title entry-title\" >\n\t\tCompact duplex\t<\/h4>\n    <\/a>\n\n            \n            \n            \t\t<\/div>\n\t<\/div>\n<\/div>\n\t\t<a itemprop=\"url\" class=\"mkdf-pli-link mkdf-block-drag-link\" href=\"https:\/\/www.architecture.bf\/en\/reference\/compact-duplex\/\" target=\"_self\"><\/a>\n\t<\/div>\n<\/article><article class=\"mkdf-pl-item mkdf-item-space  post-12131 portfolio-item type-portfolio-item status-publish has-post-thumbnail hentry portfolio-category-administrative-building portfolio-tag-manga\">\n\t<div class=\"mkdf-pl-item-inner\">\n\t\t<a href=\"https:\/\/www.architecture.bf\/en\/reference\/state-administrative-building-in-the-south-east-region-manga\/\">\n<div class=\"mkdf-pli-image\">\n\t<img loading=\"lazy\" decoding=\"async\" width=\"960\" height=\"720\" src=\"https:\/\/www.architecture.bf\/wp-content\/uploads\/Photos-IPad-3e-2088.jpg\" class=\"attachment-full size-full wp-post-image\" alt=\"\" srcset=\"https:\/\/www.architecture.bf\/wp-content\/uploads\/Photos-IPad-3e-2088.jpg 960w, https:\/\/www.architecture.bf\/wp-content\/uploads\/Photos-IPad-3e-2088-300x225.jpg 300w, https:\/\/www.architecture.bf\/wp-content\/uploads\/Photos-IPad-3e-2088-150x113.jpg 150w, https:\/\/www.architecture.bf\/wp-content\/uploads\/Photos-IPad-3e-2088-768x576.jpg 768w\" sizes=\"(max-width: 960px) 100vw, 960px\" \/><\/div>\n<\/a>\n<div class=\"mkdf-pli-text-holder\">\n\t<div class=\"mkdf-pli-text-wrapper\">\n\t\t<div class=\"mkdf-pli-text\">\n            \t\t<h6 class=\"mkdf-pli-category-holder\">\n\t\t\t\t\t\t\t<a itemprop=\"url\" class=\"mkdf-pli-category\" href=\"https:\/\/www.architecture.bf\/en\/portfolio-category\/administrative-building\/\">Administrative building<\/a>\n\t\t\t\t\t<\/h6>\n\t\n                <a href=\"https:\/\/www.architecture.bf\/en\/reference\/state-administrative-building-in-the-south-east-region-manga\/\">\n\t<h4 itemprop=\"name\" class=\"mkdf-pli-title entry-title\" >\n\t\tState administrative building in the South East region (Manga)\t<\/h4>\n    <\/a>\n\n            \n            \n            \t\t<\/div>\n\t<\/div>\n<\/div>\n\t\t<a itemprop=\"url\" class=\"mkdf-pli-link mkdf-block-drag-link\" href=\"https:\/\/www.architecture.bf\/en\/reference\/state-administrative-building-in-the-south-east-region-manga\/\" target=\"_self\"><\/a>\n\t<\/div>\n<\/article><article class=\"mkdf-pl-item mkdf-item-space  post-12130 portfolio-item type-portfolio-item status-publish has-post-thumbnail hentry portfolio-category-administrative-building portfolio-tag-tenkodogo\">\n\t<div class=\"mkdf-pl-item-inner\">\n\t\t<a href=\"https:\/\/www.architecture.bf\/en\/reference\/state-administrative-building-in-the-centre-east-region-tenkodogo\/\">\n<div class=\"mkdf-pli-image\">\n\t<img loading=\"lazy\" decoding=\"async\" width=\"2048\" height=\"1536\" src=\"https:\/\/www.architecture.bf\/wp-content\/uploads\/IMG_0718-scaled.jpg\" class=\"attachment-full size-full wp-post-image\" alt=\"\" srcset=\"https:\/\/www.architecture.bf\/wp-content\/uploads\/IMG_0718-scaled.jpg 2048w, https:\/\/www.architecture.bf\/wp-content\/uploads\/IMG_0718-300x225.jpg 300w, https:\/\/www.architecture.bf\/wp-content\/uploads\/IMG_0718-1024x768.jpg 1024w, https:\/\/www.architecture.bf\/wp-content\/uploads\/IMG_0718-150x113.jpg 150w, https:\/\/www.architecture.bf\/wp-content\/uploads\/IMG_0718-768x576.jpg 768w, https:\/\/www.architecture.bf\/wp-content\/uploads\/IMG_0718-1536x1152.jpg 1536w\" sizes=\"(max-width: 2048px) 100vw, 2048px\" \/><\/div>\n<\/a>\n<div class=\"mkdf-pli-text-holder\">\n\t<div class=\"mkdf-pli-text-wrapper\">\n\t\t<div class=\"mkdf-pli-text\">\n            \t\t<h6 class=\"mkdf-pli-category-holder\">\n\t\t\t\t\t\t\t<a itemprop=\"url\" class=\"mkdf-pli-category\" href=\"https:\/\/www.architecture.bf\/en\/portfolio-category\/administrative-building\/\">Administrative building<\/a>\n\t\t\t\t\t<\/h6>\n\t\n                <a href=\"https:\/\/www.architecture.bf\/en\/reference\/state-administrative-building-in-the-centre-east-region-tenkodogo\/\">\n\t<h4 itemprop=\"name\" class=\"mkdf-pli-title entry-title\" >\n\t\tState administrative building in the Centre East region (Tenkodogo)\t<\/h4>\n    <\/a>\n\n            \n            \n            \t\t<\/div>\n\t<\/div>\n<\/div>\n\t\t<a itemprop=\"url\" class=\"mkdf-pli-link mkdf-block-drag-link\" href=\"https:\/\/www.architecture.bf\/en\/reference\/state-administrative-building-in-the-centre-east-region-tenkodogo\/\" target=\"_self\"><\/a>\n\t<\/div>\n<\/article><article class=\"mkdf-pl-item mkdf-item-space  post-12129 portfolio-item type-portfolio-item status-publish has-post-thumbnail hentry portfolio-category-administrative-building portfolio-tag-ouagadougou\">\n\t<div class=\"mkdf-pl-item-inner\">\n\t\t<a href=\"https:\/\/www.architecture.bf\/en\/reference\/state-administrative-buildings-in-the-centre-region-ouagadougou\/\">\n<div class=\"mkdf-pli-image\">\n\t<img loading=\"lazy\" decoding=\"async\" width=\"955\" height=\"500\" src=\"https:\/\/www.architecture.bf\/wp-content\/uploads\/Logo-BAD-references.jpg\" class=\"attachment-full size-full wp-post-image default-featured-img\" alt=\"\" srcset=\"https:\/\/www.architecture.bf\/wp-content\/uploads\/Logo-BAD-references.jpg 955w, https:\/\/www.architecture.bf\/wp-content\/uploads\/Logo-BAD-references-300x157.jpg 300w, https:\/\/www.architecture.bf\/wp-content\/uploads\/Logo-BAD-references-150x79.jpg 150w, https:\/\/www.architecture.bf\/wp-content\/uploads\/Logo-BAD-references-768x402.jpg 768w\" sizes=\"(max-width: 955px) 100vw, 955px\" \/><\/div>\n<\/a>\n<div class=\"mkdf-pli-text-holder\">\n\t<div class=\"mkdf-pli-text-wrapper\">\n\t\t<div class=\"mkdf-pli-text\">\n            \t\t<h6 class=\"mkdf-pli-category-holder\">\n\t\t\t\t\t\t\t<a itemprop=\"url\" class=\"mkdf-pli-category\" href=\"https:\/\/www.architecture.bf\/en\/portfolio-category\/administrative-building\/\">Administrative building<\/a>\n\t\t\t\t\t<\/h6>\n\t\n                <a href=\"https:\/\/www.architecture.bf\/en\/reference\/state-administrative-buildings-in-the-centre-region-ouagadougou\/\">\n\t<h4 itemprop=\"name\" class=\"mkdf-pli-title entry-title\" >\n\t\tState administrative buildings in the Centre region (Ouagadougou)\t<\/h4>\n    <\/a>\n\n            \n            \n            \t\t<\/div>\n\t<\/div>\n<\/div>\n\t\t<a itemprop=\"url\" class=\"mkdf-pli-link mkdf-block-drag-link\" href=\"https:\/\/www.architecture.bf\/en\/reference\/state-administrative-buildings-in-the-centre-region-ouagadougou\/\" target=\"_self\"><\/a>\n\t<\/div>\n<\/article><article class=\"mkdf-pl-item mkdf-item-space  post-12128 portfolio-item type-portfolio-item status-publish has-post-thumbnail hentry portfolio-category-administrative-building portfolio-tag-zad-ii\">\n\t<div class=\"mkdf-pl-item-inner\">\n\t\t<a href=\"https:\/\/www.architecture.bf\/en\/reference\/intellectual-property-documentation-center\/\">\n<div class=\"mkdf-pli-image\">\n\t<img loading=\"lazy\" decoding=\"async\" width=\"1920\" height=\"2560\" src=\"https:\/\/www.architecture.bf\/wp-content\/uploads\/20151201_151118-scaled.jpg\" class=\"attachment-full size-full wp-post-image\" alt=\"\" srcset=\"https:\/\/www.architecture.bf\/wp-content\/uploads\/20151201_151118-scaled.jpg 1920w, https:\/\/www.architecture.bf\/wp-content\/uploads\/20151201_151118-225x300.jpg 225w, https:\/\/www.architecture.bf\/wp-content\/uploads\/20151201_151118-768x1024.jpg 768w, https:\/\/www.architecture.bf\/wp-content\/uploads\/20151201_151118-113x150.jpg 113w, https:\/\/www.architecture.bf\/wp-content\/uploads\/20151201_151118-1152x1536.jpg 1152w, https:\/\/www.architecture.bf\/wp-content\/uploads\/20151201_151118-1536x2048.jpg 1536w\" sizes=\"(max-width: 1920px) 100vw, 1920px\" \/><\/div>\n<\/a>\n<div class=\"mkdf-pli-text-holder\">\n\t<div class=\"mkdf-pli-text-wrapper\">\n\t\t<div class=\"mkdf-pli-text\">\n            \t\t<h6 class=\"mkdf-pli-category-holder\">\n\t\t\t\t\t\t\t<a itemprop=\"url\" class=\"mkdf-pli-category\" href=\"https:\/\/www.architecture.bf\/en\/portfolio-category\/administrative-building\/\">Administrative building<\/a>\n\t\t\t\t\t<\/h6>\n\t\n                <a href=\"https:\/\/www.architecture.bf\/en\/reference\/intellectual-property-documentation-center\/\">\n\t<h4 itemprop=\"name\" class=\"mkdf-pli-title entry-title\" >\n\t\tIntellectual Property Documentation Center\t<\/h4>\n    <\/a>\n\n            \n            \n            \t\t<\/div>\n\t<\/div>\n<\/div>\n\t\t<a itemprop=\"url\" class=\"mkdf-pli-link mkdf-block-drag-link\" href=\"https:\/\/www.architecture.bf\/en\/reference\/intellectual-property-documentation-center\/\" target=\"_self\"><\/a>\n\t<\/div>\n<\/article><article class=\"mkdf-pl-item mkdf-item-space  post-12127 portfolio-item type-portfolio-item status-publish has-post-thumbnail hentry portfolio-category-villas-en portfolio-tag-ouagadougou\">\n\t<div class=\"mkdf-pl-item-inner\">\n\t\t<a href=\"https:\/\/www.architecture.bf\/en\/reference\/villa-lassara\/\">\n<div class=\"mkdf-pli-image\">\n\t<img loading=\"lazy\" decoding=\"async\" width=\"2048\" height=\"1332\" src=\"https:\/\/www.architecture.bf\/wp-content\/uploads\/17-scaled.jpg\" class=\"attachment-full size-full wp-post-image\" alt=\"\" srcset=\"https:\/\/www.architecture.bf\/wp-content\/uploads\/17-scaled.jpg 2048w, https:\/\/www.architecture.bf\/wp-content\/uploads\/17-300x195.jpg 300w, https:\/\/www.architecture.bf\/wp-content\/uploads\/17-1024x666.jpg 1024w, https:\/\/www.architecture.bf\/wp-content\/uploads\/17-150x98.jpg 150w, https:\/\/www.architecture.bf\/wp-content\/uploads\/17-768x499.jpg 768w, https:\/\/www.architecture.bf\/wp-content\/uploads\/17-1536x999.jpg 1536w\" sizes=\"(max-width: 2048px) 100vw, 2048px\" \/><\/div>\n<\/a>\n<div class=\"mkdf-pli-text-holder\">\n\t<div class=\"mkdf-pli-text-wrapper\">\n\t\t<div class=\"mkdf-pli-text\">\n            \t\t<h6 class=\"mkdf-pli-category-holder\">\n\t\t\t\t\t\t\t<a itemprop=\"url\" class=\"mkdf-pli-category\" href=\"https:\/\/www.architecture.bf\/en\/portfolio-category\/villas-en\/\">Villas<\/a>\n\t\t\t\t\t<\/h6>\n\t\n                <a href=\"https:\/\/www.architecture.bf\/en\/reference\/villa-lassara\/\">\n\t<h4 itemprop=\"name\" class=\"mkdf-pli-title entry-title\" >\n\t\tVilla Lassara\t<\/h4>\n    <\/a>\n\n            \n            \n            \t\t<\/div>\n\t<\/div>\n<\/div>\n\t\t<a itemprop=\"url\" class=\"mkdf-pli-link mkdf-block-drag-link\" href=\"https:\/\/www.architecture.bf\/en\/reference\/villa-lassara\/\" target=\"_self\"><\/a>\n\t<\/div>\n<\/article><article class=\"mkdf-pl-item mkdf-item-space  post-12124 portfolio-item type-portfolio-item status-publish has-post-thumbnail hentry portfolio-category-villas-en portfolio-tag-ouagadougou\">\n\t<div class=\"mkdf-pl-item-inner\">\n\t\t<a href=\"https:\/\/www.architecture.bf\/en\/reference\/villa-damoaliga\/\">\n<div class=\"mkdf-pli-image\">\n\t<img loading=\"lazy\" decoding=\"async\" width=\"2048\" height=\"1365\" src=\"https:\/\/www.architecture.bf\/wp-content\/uploads\/21-scaled.jpg\" class=\"attachment-full size-full wp-post-image\" alt=\"\" srcset=\"https:\/\/www.architecture.bf\/wp-content\/uploads\/21-scaled.jpg 2048w, https:\/\/www.architecture.bf\/wp-content\/uploads\/21-300x200.jpg 300w, https:\/\/www.architecture.bf\/wp-content\/uploads\/21-1024x683.jpg 1024w, https:\/\/www.architecture.bf\/wp-content\/uploads\/21-150x100.jpg 150w, https:\/\/www.architecture.bf\/wp-content\/uploads\/21-768x512.jpg 768w, https:\/\/www.architecture.bf\/wp-content\/uploads\/21-1536x1024.jpg 1536w\" sizes=\"(max-width: 2048px) 100vw, 2048px\" \/><\/div>\n<\/a>\n<div class=\"mkdf-pli-text-holder\">\n\t<div class=\"mkdf-pli-text-wrapper\">\n\t\t<div class=\"mkdf-pli-text\">\n            \t\t<h6 class=\"mkdf-pli-category-holder\">\n\t\t\t\t\t\t\t<a itemprop=\"url\" class=\"mkdf-pli-category\" href=\"https:\/\/www.architecture.bf\/en\/portfolio-category\/villas-en\/\">Villas<\/a>\n\t\t\t\t\t<\/h6>\n\t\n                <a href=\"https:\/\/www.architecture.bf\/en\/reference\/villa-damoaliga\/\">\n\t<h4 itemprop=\"name\" class=\"mkdf-pli-title entry-title\" >\n\t\tVilla Damoaliga\t<\/h4>\n    <\/a>\n\n            \n            \n            \t\t<\/div>\n\t<\/div>\n<\/div>\n\t\t<a itemprop=\"url\" class=\"mkdf-pli-link mkdf-block-drag-link\" href=\"https:\/\/www.architecture.bf\/en\/reference\/villa-damoaliga\/\" target=\"_self\"><\/a>\n\t<\/div>\n<\/article><article class=\"mkdf-pl-item mkdf-item-space  post-12123 portfolio-item type-portfolio-item status-publish has-post-thumbnail hentry portfolio-category-villas-en portfolio-tag-ouagadougou\">\n\t<div class=\"mkdf-pl-item-inner\">\n\t\t<a href=\"https:\/\/www.architecture.bf\/en\/reference\/villa-kagni\/\">\n<div class=\"mkdf-pli-image\">\n\t<img loading=\"lazy\" decoding=\"async\" width=\"2048\" height=\"1063\" src=\"https:\/\/www.architecture.bf\/wp-content\/uploads\/FACADE-PRINCIPALE-scaled.jpg\" class=\"attachment-full size-full wp-post-image\" alt=\"\" srcset=\"https:\/\/www.architecture.bf\/wp-content\/uploads\/FACADE-PRINCIPALE-scaled.jpg 2048w, https:\/\/www.architecture.bf\/wp-content\/uploads\/FACADE-PRINCIPALE-300x156.jpg 300w, https:\/\/www.architecture.bf\/wp-content\/uploads\/FACADE-PRINCIPALE-1024x531.jpg 1024w, https:\/\/www.architecture.bf\/wp-content\/uploads\/FACADE-PRINCIPALE-150x78.jpg 150w, https:\/\/www.architecture.bf\/wp-content\/uploads\/FACADE-PRINCIPALE-768x399.jpg 768w, https:\/\/www.architecture.bf\/wp-content\/uploads\/FACADE-PRINCIPALE-1536x797.jpg 1536w\" sizes=\"(max-width: 2048px) 100vw, 2048px\" \/><\/div>\n<\/a>\n<div class=\"mkdf-pli-text-holder\">\n\t<div class=\"mkdf-pli-text-wrapper\">\n\t\t<div class=\"mkdf-pli-text\">\n            \t\t<h6 class=\"mkdf-pli-category-holder\">\n\t\t\t\t\t\t\t<a itemprop=\"url\" class=\"mkdf-pli-category\" href=\"https:\/\/www.architecture.bf\/en\/portfolio-category\/villas-en\/\">Villas<\/a>\n\t\t\t\t\t<\/h6>\n\t\n                <a href=\"https:\/\/www.architecture.bf\/en\/reference\/villa-kagni\/\">\n\t<h4 itemprop=\"name\" class=\"mkdf-pli-title entry-title\" >\n\t\tVilla Kagni\t<\/h4>\n    <\/a>\n\n            \n            \n            \t\t<\/div>\n\t<\/div>\n<\/div>\n\t\t<a itemprop=\"url\" class=\"mkdf-pli-link mkdf-block-drag-link\" href=\"https:\/\/www.architecture.bf\/en\/reference\/villa-kagni\/\" target=\"_self\"><\/a>\n\t<\/div>\n<\/article><article class=\"mkdf-pl-item mkdf-item-space  post-12122 portfolio-item type-portfolio-item status-publish has-post-thumbnail hentry portfolio-category-villas-en portfolio-tag-ouagadougou\">\n\t<div class=\"mkdf-pl-item-inner\">\n\t\t<a href=\"https:\/\/www.architecture.bf\/en\/reference\/villa-o-moumini\/\">\n<div class=\"mkdf-pli-image\">\n\t<img loading=\"lazy\" decoding=\"async\" width=\"955\" height=\"500\" src=\"https:\/\/www.architecture.bf\/wp-content\/uploads\/Logo-BAD-references.jpg\" class=\"attachment-full size-full wp-post-image default-featured-img\" alt=\"\" srcset=\"https:\/\/www.architecture.bf\/wp-content\/uploads\/Logo-BAD-references.jpg 955w, https:\/\/www.architecture.bf\/wp-content\/uploads\/Logo-BAD-references-300x157.jpg 300w, https:\/\/www.architecture.bf\/wp-content\/uploads\/Logo-BAD-references-150x79.jpg 150w, https:\/\/www.architecture.bf\/wp-content\/uploads\/Logo-BAD-references-768x402.jpg 768w\" sizes=\"(max-width: 955px) 100vw, 955px\" \/><\/div>\n<\/a>\n<div class=\"mkdf-pli-text-holder\">\n\t<div class=\"mkdf-pli-text-wrapper\">\n\t\t<div class=\"mkdf-pli-text\">\n            \t\t<h6 class=\"mkdf-pli-category-holder\">\n\t\t\t\t\t\t\t<a itemprop=\"url\" class=\"mkdf-pli-category\" href=\"https:\/\/www.architecture.bf\/en\/portfolio-category\/villas-en\/\">Villas<\/a>\n\t\t\t\t\t<\/h6>\n\t\n                <a href=\"https:\/\/www.architecture.bf\/en\/reference\/villa-o-moumini\/\">\n\t<h4 itemprop=\"name\" class=\"mkdf-pli-title entry-title\" >\n\t\tVilla O. Moumini\t<\/h4>\n    <\/a>\n\n            \n            \n            \t\t<\/div>\n\t<\/div>\n<\/div>\n\t\t<a itemprop=\"url\" class=\"mkdf-pli-link mkdf-block-drag-link\" href=\"https:\/\/www.architecture.bf\/en\/reference\/villa-o-moumini\/\" target=\"_self\"><\/a>\n\t<\/div>\n<\/article><article class=\"mkdf-pl-item mkdf-item-space  post-12120 portfolio-item type-portfolio-item status-publish has-post-thumbnail hentry portfolio-category-health portfolio-tag-ouagadougou\">\n\t<div class=\"mkdf-pl-item-inner\">\n\t\t<a href=\"https:\/\/www.architecture.bf\/en\/reference\/the-national-public-health-laboratory-lnsp\/\">\n<div class=\"mkdf-pli-image\">\n\t<img loading=\"lazy\" decoding=\"async\" width=\"2048\" height=\"1536\" src=\"https:\/\/www.architecture.bf\/wp-content\/uploads\/PIC_0009-scaled.jpg\" class=\"attachment-full size-full wp-post-image\" alt=\"\" srcset=\"https:\/\/www.architecture.bf\/wp-content\/uploads\/PIC_0009-scaled.jpg 2048w, https:\/\/www.architecture.bf\/wp-content\/uploads\/PIC_0009-300x225.jpg 300w, https:\/\/www.architecture.bf\/wp-content\/uploads\/PIC_0009-1024x768.jpg 1024w, https:\/\/www.architecture.bf\/wp-content\/uploads\/PIC_0009-150x113.jpg 150w, https:\/\/www.architecture.bf\/wp-content\/uploads\/PIC_0009-768x576.jpg 768w, https:\/\/www.architecture.bf\/wp-content\/uploads\/PIC_0009-1536x1152.jpg 1536w\" sizes=\"(max-width: 2048px) 100vw, 2048px\" \/><\/div>\n<\/a>\n<div class=\"mkdf-pli-text-holder\">\n\t<div class=\"mkdf-pli-text-wrapper\">\n\t\t<div class=\"mkdf-pli-text\">\n            \t\t<h6 class=\"mkdf-pli-category-holder\">\n\t\t\t\t\t\t\t<a itemprop=\"url\" class=\"mkdf-pli-category\" href=\"https:\/\/www.architecture.bf\/en\/portfolio-category\/health\/\">Health<\/a>\n\t\t\t\t\t<\/h6>\n\t\n                <a href=\"https:\/\/www.architecture.bf\/en\/reference\/the-national-public-health-laboratory-lnsp\/\">\n\t<h4 itemprop=\"name\" class=\"mkdf-pli-title entry-title\" >\n\t\tThe National Public Health Laboratory (LNSP)\t<\/h4>\n    <\/a>\n\n            \n            \n            \t\t<\/div>\n\t<\/div>\n<\/div>\n\t\t<a itemprop=\"url\" class=\"mkdf-pli-link mkdf-block-drag-link\" href=\"https:\/\/www.architecture.bf\/en\/reference\/the-national-public-health-laboratory-lnsp\/\" target=\"_self\"><\/a>\n\t<\/div>\n<\/article><article class=\"mkdf-pl-item mkdf-item-space  post-12119 portfolio-item type-portfolio-item status-publish has-post-thumbnail hentry portfolio-category-health portfolio-tag-sapone portfolio-tag-sebba portfolio-tag-toma\">\n\t<div class=\"mkdf-pl-item-inner\">\n\t\t<a href=\"https:\/\/www.architecture.bf\/en\/reference\/cma-and-dispensary-housing\/\">\n<div class=\"mkdf-pli-image\">\n\t<img loading=\"lazy\" decoding=\"async\" width=\"754\" height=\"488\" src=\"https:\/\/www.architecture.bf\/wp-content\/uploads\/Vue-2.jpg\" class=\"attachment-full size-full wp-post-image\" alt=\"\" srcset=\"https:\/\/www.architecture.bf\/wp-content\/uploads\/Vue-2.jpg 754w, https:\/\/www.architecture.bf\/wp-content\/uploads\/Vue-2-300x194.jpg 300w, https:\/\/www.architecture.bf\/wp-content\/uploads\/Vue-2-150x97.jpg 150w\" sizes=\"(max-width: 754px) 100vw, 754px\" \/><\/div>\n<\/a>\n<div class=\"mkdf-pli-text-holder\">\n\t<div class=\"mkdf-pli-text-wrapper\">\n\t\t<div class=\"mkdf-pli-text\">\n            \t\t<h6 class=\"mkdf-pli-category-holder\">\n\t\t\t\t\t\t\t<a itemprop=\"url\" class=\"mkdf-pli-category\" href=\"https:\/\/www.architecture.bf\/en\/portfolio-category\/health\/\">Health<\/a>\n\t\t\t\t\t<\/h6>\n\t\n                <a href=\"https:\/\/www.architecture.bf\/en\/reference\/cma-and-dispensary-housing\/\">\n\t<h4 itemprop=\"name\" class=\"mkdf-pli-title entry-title\" >\n\t\tCMA and Dispensary Housing\t<\/h4>\n    <\/a>\n\n            \n            \n            \t\t<\/div>\n\t<\/div>\n<\/div>\n\t\t<a itemprop=\"url\" class=\"mkdf-pli-link mkdf-block-drag-link\" href=\"https:\/\/www.architecture.bf\/en\/reference\/cma-and-dispensary-housing\/\" target=\"_self\"><\/a>\n\t<\/div>\n<\/article><article class=\"mkdf-pl-item mkdf-item-space  post-12112 portfolio-item type-portfolio-item status-publish has-post-thumbnail hentry portfolio-category-administrative-building portfolio-tag-ouagadougou\">\n\t<div class=\"mkdf-pl-item-inner\">\n\t\t<a href=\"https:\/\/www.architecture.bf\/en\/reference\/head-office-architecture-and-design-office\/\">\n<div class=\"mkdf-pli-image\">\n\t<img loading=\"lazy\" decoding=\"async\" width=\"2048\" height=\"1536\" src=\"https:\/\/www.architecture.bf\/wp-content\/uploads\/SIEG-BAD-1-scaled.jpg\" class=\"attachment-full size-full wp-post-image\" alt=\"\" srcset=\"https:\/\/www.architecture.bf\/wp-content\/uploads\/SIEG-BAD-1-scaled.jpg 2048w, https:\/\/www.architecture.bf\/wp-content\/uploads\/SIEG-BAD-1-300x225.jpg 300w, https:\/\/www.architecture.bf\/wp-content\/uploads\/SIEG-BAD-1-1024x768.jpg 1024w, https:\/\/www.architecture.bf\/wp-content\/uploads\/SIEG-BAD-1-150x113.jpg 150w, https:\/\/www.architecture.bf\/wp-content\/uploads\/SIEG-BAD-1-768x576.jpg 768w, https:\/\/www.architecture.bf\/wp-content\/uploads\/SIEG-BAD-1-1536x1152.jpg 1536w\" sizes=\"(max-width: 2048px) 100vw, 2048px\" \/><\/div>\n<\/a>\n<div class=\"mkdf-pli-text-holder\">\n\t<div class=\"mkdf-pli-text-wrapper\">\n\t\t<div class=\"mkdf-pli-text\">\n            \t\t<h6 class=\"mkdf-pli-category-holder\">\n\t\t\t\t\t\t\t<a itemprop=\"url\" class=\"mkdf-pli-category\" href=\"https:\/\/www.architecture.bf\/en\/portfolio-category\/administrative-building\/\">Administrative building<\/a>\n\t\t\t\t\t<\/h6>\n\t\n                <a href=\"https:\/\/www.architecture.bf\/en\/reference\/head-office-architecture-and-design-office\/\">\n\t<h4 itemprop=\"name\" class=\"mkdf-pli-title entry-title\" >\n\t\tHead office Architecture and Design Office\t<\/h4>\n    <\/a>\n\n            \n            \n            \t\t<\/div>\n\t<\/div>\n<\/div>\n\t\t<a itemprop=\"url\" class=\"mkdf-pli-link mkdf-block-drag-link\" href=\"https:\/\/www.architecture.bf\/en\/reference\/head-office-architecture-and-design-office\/\" target=\"_self\"><\/a>\n\t<\/div>\n<\/article><article class=\"mkdf-pl-item mkdf-item-space  post-12111 portfolio-item type-portfolio-item status-publish has-post-thumbnail hentry portfolio-category-buildings\">\n\t<div class=\"mkdf-pl-item-inner\">\n\t\t<a href=\"https:\/\/www.architecture.bf\/en\/reference\/kagone-building\/\">\n<div class=\"mkdf-pli-image\">\n\t<img loading=\"lazy\" decoding=\"async\" width=\"2048\" height=\"1365\" src=\"https:\/\/www.architecture.bf\/wp-content\/uploads\/facade-gauche.2-scaled.jpg\" class=\"attachment-full size-full wp-post-image\" alt=\"\" srcset=\"https:\/\/www.architecture.bf\/wp-content\/uploads\/facade-gauche.2-scaled.jpg 2048w, https:\/\/www.architecture.bf\/wp-content\/uploads\/facade-gauche.2-300x200.jpg 300w, https:\/\/www.architecture.bf\/wp-content\/uploads\/facade-gauche.2-1024x683.jpg 1024w, https:\/\/www.architecture.bf\/wp-content\/uploads\/facade-gauche.2-150x100.jpg 150w, https:\/\/www.architecture.bf\/wp-content\/uploads\/facade-gauche.2-768x512.jpg 768w, https:\/\/www.architecture.bf\/wp-content\/uploads\/facade-gauche.2-1536x1024.jpg 1536w\" sizes=\"(max-width: 2048px) 100vw, 2048px\" \/><\/div>\n<\/a>\n<div class=\"mkdf-pli-text-holder\">\n\t<div class=\"mkdf-pli-text-wrapper\">\n\t\t<div class=\"mkdf-pli-text\">\n            \t\t<h6 class=\"mkdf-pli-category-holder\">\n\t\t\t\t\t\t\t<a itemprop=\"url\" class=\"mkdf-pli-category\" href=\"https:\/\/www.architecture.bf\/en\/portfolio-category\/buildings\/\">Buildings<\/a>\n\t\t\t\t\t<\/h6>\n\t\n                <a href=\"https:\/\/www.architecture.bf\/en\/reference\/kagone-building\/\">\n\t<h4 itemprop=\"name\" class=\"mkdf-pli-title entry-title\" >\n\t\tKagone Building\t<\/h4>\n    <\/a>\n\n            \n            \n            \t\t<\/div>\n\t<\/div>\n<\/div>\n\t\t<a itemprop=\"url\" class=\"mkdf-pli-link mkdf-block-drag-link\" href=\"https:\/\/www.architecture.bf\/en\/reference\/kagone-building\/\" target=\"_self\"><\/a>\n\t<\/div>\n<\/article><article class=\"mkdf-pl-item mkdf-item-space  post-12110 portfolio-item type-portfolio-item status-publish has-post-thumbnail hentry portfolio-category-competition portfolio-tag-ouagadougou\">\n\t<div class=\"mkdf-pl-item-inner\">\n\t\t<a href=\"https:\/\/www.architecture.bf\/en\/reference\/omnisport-hall\/\">\n<div class=\"mkdf-pli-image\">\n\t<img loading=\"lazy\" decoding=\"async\" width=\"1382\" height=\"778\" src=\"https:\/\/www.architecture.bf\/wp-content\/uploads\/1-1.jpg\" class=\"attachment-full size-full wp-post-image\" alt=\"\" srcset=\"https:\/\/www.architecture.bf\/wp-content\/uploads\/1-1.jpg 1382w, https:\/\/www.architecture.bf\/wp-content\/uploads\/1-1-300x169.jpg 300w, https:\/\/www.architecture.bf\/wp-content\/uploads\/1-1-1024x576.jpg 1024w, https:\/\/www.architecture.bf\/wp-content\/uploads\/1-1-150x84.jpg 150w, https:\/\/www.architecture.bf\/wp-content\/uploads\/1-1-768x432.jpg 768w\" sizes=\"(max-width: 1382px) 100vw, 1382px\" \/><\/div>\n<\/a>\n<div class=\"mkdf-pli-text-holder\">\n\t<div class=\"mkdf-pli-text-wrapper\">\n\t\t<div class=\"mkdf-pli-text\">\n            \t\t<h6 class=\"mkdf-pli-category-holder\">\n\t\t\t\t\t\t\t<a itemprop=\"url\" class=\"mkdf-pli-category\" href=\"https:\/\/www.architecture.bf\/en\/portfolio-category\/competition\/\">Competition<\/a>\n\t\t\t\t\t<\/h6>\n\t\n                <a href=\"https:\/\/www.architecture.bf\/en\/reference\/omnisport-hall\/\">\n\t<h4 itemprop=\"name\" class=\"mkdf-pli-title entry-title\" >\n\t\tOmnisport Hall\t<\/h4>\n    <\/a>\n\n            \n            \n            \t\t<\/div>\n\t<\/div>\n<\/div>\n\t\t<a itemprop=\"url\" class=\"mkdf-pli-link mkdf-block-drag-link\" href=\"https:\/\/www.architecture.bf\/en\/reference\/omnisport-hall\/\" target=\"_self\"><\/a>\n\t<\/div>\n<\/article><article class=\"mkdf-pl-item mkdf-item-space  post-12109 portfolio-item type-portfolio-item status-publish has-post-thumbnail hentry portfolio-category-competition portfolio-tag-ouagadougou\">\n\t<div class=\"mkdf-pl-item-inner\">\n\t\t<a href=\"https:\/\/www.architecture.bf\/en\/reference\/competition-onea\/\">\n<div class=\"mkdf-pli-image\">\n\t<img loading=\"lazy\" decoding=\"async\" width=\"1572\" height=\"1248\" src=\"https:\/\/www.architecture.bf\/wp-content\/uploads\/1-2.jpg\" class=\"attachment-full size-full wp-post-image\" alt=\"\" srcset=\"https:\/\/www.architecture.bf\/wp-content\/uploads\/1-2.jpg 1572w, https:\/\/www.architecture.bf\/wp-content\/uploads\/1-2-300x238.jpg 300w, https:\/\/www.architecture.bf\/wp-content\/uploads\/1-2-1024x813.jpg 1024w, https:\/\/www.architecture.bf\/wp-content\/uploads\/1-2-150x119.jpg 150w, https:\/\/www.architecture.bf\/wp-content\/uploads\/1-2-768x610.jpg 768w, https:\/\/www.architecture.bf\/wp-content\/uploads\/1-2-1536x1219.jpg 1536w\" sizes=\"(max-width: 1572px) 100vw, 1572px\" \/><\/div>\n<\/a>\n<div class=\"mkdf-pli-text-holder\">\n\t<div class=\"mkdf-pli-text-wrapper\">\n\t\t<div class=\"mkdf-pli-text\">\n            \t\t<h6 class=\"mkdf-pli-category-holder\">\n\t\t\t\t\t\t\t<a itemprop=\"url\" class=\"mkdf-pli-category\" href=\"https:\/\/www.architecture.bf\/en\/portfolio-category\/competition\/\">Competition<\/a>\n\t\t\t\t\t<\/h6>\n\t\n                <a href=\"https:\/\/www.architecture.bf\/en\/reference\/competition-onea\/\">\n\t<h4 itemprop=\"name\" class=\"mkdf-pli-title entry-title\" >\n\t\tCompetition ONEA\t<\/h4>\n    <\/a>\n\n            \n            \n            \t\t<\/div>\n\t<\/div>\n<\/div>\n\t\t<a itemprop=\"url\" class=\"mkdf-pli-link mkdf-block-drag-link\" href=\"https:\/\/www.architecture.bf\/en\/reference\/competition-onea\/\" target=\"_self\"><\/a>\n\t<\/div>\n<\/article><article class=\"mkdf-pl-item mkdf-item-space  post-12108 portfolio-item type-portfolio-item status-publish has-post-thumbnail hentry portfolio-category-competition portfolio-tag-ouagadougou\">\n\t<div class=\"mkdf-pl-item-inner\">\n\t\t<a href=\"https:\/\/www.architecture.bf\/en\/reference\/customs-services-competition\/\">\n<div class=\"mkdf-pli-image\">\n\t<img loading=\"lazy\" decoding=\"async\" width=\"955\" height=\"500\" src=\"https:\/\/www.architecture.bf\/wp-content\/uploads\/Logo-BAD-references.jpg\" class=\"attachment-full size-full wp-post-image default-featured-img\" alt=\"\" srcset=\"https:\/\/www.architecture.bf\/wp-content\/uploads\/Logo-BAD-references.jpg 955w, https:\/\/www.architecture.bf\/wp-content\/uploads\/Logo-BAD-references-300x157.jpg 300w, https:\/\/www.architecture.bf\/wp-content\/uploads\/Logo-BAD-references-150x79.jpg 150w, https:\/\/www.architecture.bf\/wp-content\/uploads\/Logo-BAD-references-768x402.jpg 768w\" sizes=\"(max-width: 955px) 100vw, 955px\" \/><\/div>\n<\/a>\n<div class=\"mkdf-pli-text-holder\">\n\t<div class=\"mkdf-pli-text-wrapper\">\n\t\t<div class=\"mkdf-pli-text\">\n            \t\t<h6 class=\"mkdf-pli-category-holder\">\n\t\t\t\t\t\t\t<a itemprop=\"url\" class=\"mkdf-pli-category\" href=\"https:\/\/www.architecture.bf\/en\/portfolio-category\/competition\/\">Competition<\/a>\n\t\t\t\t\t<\/h6>\n\t\n                <a href=\"https:\/\/www.architecture.bf\/en\/reference\/customs-services-competition\/\">\n\t<h4 itemprop=\"name\" class=\"mkdf-pli-title entry-title\" >\n\t\tCustoms services competition\t<\/h4>\n    <\/a>\n\n            \n            \n            \t\t<\/div>\n\t<\/div>\n<\/div>\n\t\t<a itemprop=\"url\" class=\"mkdf-pli-link mkdf-block-drag-link\" href=\"https:\/\/www.architecture.bf\/en\/reference\/customs-services-competition\/\" target=\"_self\"><\/a>\n\t<\/div>\n<\/article><article class=\"mkdf-pl-item mkdf-item-space  post-12074 portfolio-item type-portfolio-item status-publish has-post-thumbnail hentry portfolio-category-place-of-worship portfolio-tag-ouagadougou portfolio-tag-thanghin\">\n\t<div class=\"mkdf-pl-item-inner\">\n\t\t<a href=\"https:\/\/www.architecture.bf\/en\/reference\/bethel-the-torrent-of-the-holy-spirit\/\">\n<div class=\"mkdf-pli-image\">\n\t<img loading=\"lazy\" decoding=\"async\" width=\"2048\" height=\"1181\" src=\"https:\/\/www.architecture.bf\/wp-content\/uploads\/View-0_3-scaled.jpg\" class=\"attachment-full size-full wp-post-image\" alt=\"\" srcset=\"https:\/\/www.architecture.bf\/wp-content\/uploads\/View-0_3-scaled.jpg 2048w, https:\/\/www.architecture.bf\/wp-content\/uploads\/View-0_3-300x173.jpg 300w, https:\/\/www.architecture.bf\/wp-content\/uploads\/View-0_3-1024x590.jpg 1024w, https:\/\/www.architecture.bf\/wp-content\/uploads\/View-0_3-150x86.jpg 150w, https:\/\/www.architecture.bf\/wp-content\/uploads\/View-0_3-768x443.jpg 768w, https:\/\/www.architecture.bf\/wp-content\/uploads\/View-0_3-1536x886.jpg 1536w\" sizes=\"(max-width: 2048px) 100vw, 2048px\" \/><\/div>\n<\/a>\n<div class=\"mkdf-pli-text-holder\">\n\t<div class=\"mkdf-pli-text-wrapper\">\n\t\t<div class=\"mkdf-pli-text\">\n            \t\t<h6 class=\"mkdf-pli-category-holder\">\n\t\t\t\t\t\t\t<a itemprop=\"url\" class=\"mkdf-pli-category\" href=\"https:\/\/www.architecture.bf\/en\/portfolio-category\/place-of-worship\/\">Place of worship<\/a>\n\t\t\t\t\t<\/h6>\n\t\n                <a href=\"https:\/\/www.architecture.bf\/en\/reference\/bethel-the-torrent-of-the-holy-spirit\/\">\n\t<h4 itemprop=\"name\" class=\"mkdf-pli-title entry-title\" >\n\t\tBethel the torrent of the Holy Spirit\t<\/h4>\n    <\/a>\n\n            \n            \n            \t\t<\/div>\n\t<\/div>\n<\/div>\n\t\t<a itemprop=\"url\" class=\"mkdf-pli-link mkdf-block-drag-link\" href=\"https:\/\/www.architecture.bf\/en\/reference\/bethel-the-torrent-of-the-holy-spirit\/\" target=\"_self\"><\/a>\n\t<\/div>\n<\/article><article class=\"mkdf-pl-item mkdf-item-space  post-12716 portfolio-item type-portfolio-item status-publish has-post-thumbnail hentry portfolio-category-administrative-building\">\n\t<div class=\"mkdf-pl-item-inner\">\n\t\t<a href=\"https:\/\/www.architecture.bf\/en\/reference\/world-bank-headquarter\/\">\n<div class=\"mkdf-pli-image\">\n\t<img loading=\"lazy\" decoding=\"async\" width=\"2048\" height=\"1365\" src=\"https:\/\/www.architecture.bf\/wp-content\/uploads\/Banque-mondiale-211-scaled.jpg\" class=\"attachment-full size-full wp-post-image\" alt=\"\" srcset=\"https:\/\/www.architecture.bf\/wp-content\/uploads\/Banque-mondiale-211-scaled.jpg 2048w, https:\/\/www.architecture.bf\/wp-content\/uploads\/Banque-mondiale-211-300x200.jpg 300w, https:\/\/www.architecture.bf\/wp-content\/uploads\/Banque-mondiale-211-1024x683.jpg 1024w, https:\/\/www.architecture.bf\/wp-content\/uploads\/Banque-mondiale-211-150x100.jpg 150w, https:\/\/www.architecture.bf\/wp-content\/uploads\/Banque-mondiale-211-768x512.jpg 768w, https:\/\/www.architecture.bf\/wp-content\/uploads\/Banque-mondiale-211-1536x1024.jpg 1536w\" sizes=\"(max-width: 2048px) 100vw, 2048px\" \/><\/div>\n<\/a>\n<div class=\"mkdf-pli-text-holder\">\n\t<div class=\"mkdf-pli-text-wrapper\">\n\t\t<div class=\"mkdf-pli-text\">\n            \t\t<h6 class=\"mkdf-pli-category-holder\">\n\t\t\t\t\t\t\t<a itemprop=\"url\" class=\"mkdf-pli-category\" href=\"https:\/\/www.architecture.bf\/en\/portfolio-category\/administrative-building\/\">Administrative building<\/a>\n\t\t\t\t\t<\/h6>\n\t\n                <a href=\"https:\/\/www.architecture.bf\/en\/reference\/world-bank-headquarter\/\">\n\t<h4 itemprop=\"name\" class=\"mkdf-pli-title entry-title\" >\n\t\tWorld Bank Headquarter\t<\/h4>\n    <\/a>\n\n            \n            \n            \t\t<\/div>\n\t<\/div>\n<\/div>\n\t\t<a itemprop=\"url\" class=\"mkdf-pli-link mkdf-block-drag-link\" href=\"https:\/\/www.architecture.bf\/en\/reference\/world-bank-headquarter\/\" target=\"_self\"><\/a>\n\t<\/div>\n<\/article>\t<\/div>\n\t\n\t<\/div>\t\t\t\t<\/div>\n\t\t\t\t<\/div>\n\t\t\t\t\t<\/div>\n\t\t<\/div>\n\t\t\t\t\t<\/div>\n\t\t<\/section>\n\t\t\t\t<\/div>\n\t\t","protected":false},"excerpt":{"rendered":"<p>Tous B\u00e2timent administratif Centre de recherche Education Eglise Immeubles R\u00e9habilitation Sante Usine Villas Education Lyc\u00e9e de l&rsquo;Alliance Chr\u00e9tienne Education Ecole Sup\u00e9rieure des Travaux Publics de Ouagadougou Education Priv\u00e9 R\u00e9habilitation SITARAIL R\u00e9habilitation Conseil Economique et Social CES R\u00e9habilitation Hangar en bureau [&hellip;]<\/p>\n","protected":false},"author":1,"featured_media":10476,"parent":0,"menu_order":2,"comment_status":"closed","ping_status":"closed","template":"","meta":{"_seopress_robots_primary_cat":"","_seopress_titles_title":"","_seopress_titles_desc":"","_seopress_robots_index":"","footnotes":""},"class_list":["post-12057","page","type-page","status-publish","has-post-thumbnail","hentry"],"_links":{"self":[{"href":"https:\/\/www.architecture.bf\/en\/wp-json\/wp\/v2\/pages\/12057","targetHints":{"allow":["GET"]}}],"collection":[{"href":"https:\/\/www.architecture.bf\/en\/wp-json\/wp\/v2\/pages"}],"about":[{"href":"https:\/\/www.architecture.bf\/en\/wp-json\/wp\/v2\/types\/page"}],"author":[{"embeddable":true,"href":"https:\/\/www.architecture.bf\/en\/wp-json\/wp\/v2\/users\/1"}],"replies":[{"embeddable":true,"href":"https:\/\/www.architecture.bf\/en\/wp-json\/wp\/v2\/comments?post=12057"}],"version-history":[{"count":1,"href":"https:\/\/www.architecture.bf\/en\/wp-json\/wp\/v2\/pages\/12057\/revisions"}],"predecessor-version":[{"id":12072,"href":"https:\/\/www.architecture.bf\/en\/wp-json\/wp\/v2\/pages\/12057\/revisions\/12072"}],"wp:featuredmedia":[{"embeddable":true,"href":"https:\/\/www.architecture.bf\/en\/wp-json\/wp\/v2\/media\/10476"}],"wp:attachment":[{"href":"https:\/\/www.architecture.bf\/en\/wp-json\/wp\/v2\/media?parent=12057"}],"curies":[{"name":"wp","href":"https:\/\/api.w.org\/{rel}","templated":true}]}}